{"id":12,"date":"2021-02-09T09:05:05","date_gmt":"2021-02-09T08:05:05","guid":{"rendered":"https:\/\/www.curocon.de\/?page_id=12"},"modified":"2024-06-12T12:53:32","modified_gmt":"2024-06-12T10:53:32","slug":"unternehmen","status":"publish","type":"page","link":"https:\/\/www.curocon.de\/en\/unternehmen\/","title":{"rendered":"company"},"content":{"rendered":"<p>[et_pb_section fb_built=&#8220;1&#8243; fullwidth=&#8220;on&#8220; custom_padding_last_edited=&#8220;on|phone&#8220; admin_label=&#8220;Hero Section&#8220; _builder_version=&#8220;4.16&#8243; background_color=&#8220;#ffffff&#8220; background_image=&#8220;https:\/\/www.curocon.de\/wp-content\/uploads\/2021\/10\/Banner_Unterseite_Unternehmen_02.png&#8220; max_width=&#8220;2500px&#8220; module_alignment=&#8220;center&#8220; custom_margin=&#8220;|||&#8220; custom_padding=&#8220;300px||300px||true|false&#8220; custom_padding_tablet=&#8220;&#8220; custom_padding_phone=&#8220;100px||100px||true|false&#8220; top_divider_color=&#8220;#ffffff&#8220; bottom_divider_style=&#8220;none&#8220; bottom_divider_color=&#8220;#002F5D&#8220; bottom_divider_flip=&#8220;vertical&#8220; locked=&#8220;off&#8220; global_colors_info=&#8220;{}&#8220;][et_pb_fullwidth_header text_orientation=&#8220;center&#8220; button_one_url=&#8220;https:\/\/curo-con.de\/produkte&#8220; title_tablet=&#8220;&#8220; title_phone=&#8220;&#8220; title_last_edited=&#8220;on|desktop&#8220; _builder_version=&#8220;4.16&#8243; title_font=&#8220;Titillium Web||||||||&#8220; title_text_color=&#8220;#ffffff&#8220; title_font_size=&#8220;66px&#8220; title_line_height=&#8220;1.5em&#8220; content_font=&#8220;||||||||&#8220; content_font_size=&#8220;18px&#8220; content_line_height=&#8220;2em&#8220; subhead_text_color=&#8220;#000000&#8243; background_color=&#8220;rgba(0,0,0,0)&#8220; background_position=&#8220;bottom_center&#8220; custom_button_one=&#8220;on&#8220; button_one_text_size=&#8220;16px&#8220; button_one_bg_color=&#8220;#002F5D&#8220; button_one_border_width=&#8220;0px&#8220; button_one_border_color=&#8220;#0c71c3&#8243; button_one_border_radius=&#8220;15px&#8220; button_one_letter_spacing=&#8220;2px&#8220; button_one_font=&#8220;Titillium Web|700||on|||||&#8220; custom_button_two=&#8220;on&#8220; button_two_text_size=&#8220;13px&#8220; button_two_text_color=&#8220;#4328b7&#8243; button_two_bg_color=&#8220;#ffffff&#8220; button_two_border_width=&#8220;10px&#8220; button_two_border_color=&#8220;#ffffff&#8220; button_two_border_radius=&#8220;0px&#8220; button_two_letter_spacing=&#8220;2px&#8220; button_two_font=&#8220;Titillium Web|700||on|||||&#8220; max_width=&#8220;3500px&#8220; module_alignment=&#8220;center&#8220; custom_margin=&#8220;|||&#8220; custom_padding=&#8220;0vw||0vw||true|&#8220; animation_style=&#8220;slide&#8220; animation_direction=&#8220;bottom&#8220; animation_duration=&#8220;1500ms&#8220; animation_intensity_slide=&#8220;2%&#8220; title_font_size_tablet=&#8220;40px&#8220; title_font_size_phone=&#8220;&#8220; title_font_size_last_edited=&#8220;on|phone&#8220; content_font_size_tablet=&#8220;&#8220; content_font_size_phone=&#8220;15px&#8220; content_font_size_last_edited=&#8220;on|phone&#8220; button_one_letter_spacing_hover=&#8220;2px&#8220; button_two_letter_spacing_hover=&#8220;2px&#8220; global_colors_info=&#8220;{}&#8220; button_one_text_size__hover_enabled=&#8220;off&#8220; button_two_text_size__hover_enabled=&#8220;off&#8220; button_one_text_color__hover_enabled=&#8220;off&#8220; button_two_text_color__hover_enabled=&#8220;off&#8220; button_one_border_width__hover_enabled=&#8220;off&#8220; button_two_border_width__hover_enabled=&#8220;off&#8220; button_one_border_color__hover_enabled=&#8220;off&#8220; button_two_border_color__hover_enabled=&#8220;off&#8220; button_one_border_radius__hover_enabled=&#8220;off&#8220; button_two_border_radius__hover_enabled=&#8220;off&#8220; button_one_letter_spacing__hover_enabled=&#8220;on&#8220; button_one_letter_spacing__hover=&#8220;2px&#8220; button_two_letter_spacing__hover_enabled=&#8220;on&#8220; button_two_letter_spacing__hover=&#8220;2px&#8220; button_one_bg_color__hover_enabled=&#8220;off&#8220; button_two_bg_color__hover_enabled=&#8220;off&#8220;][\/et_pb_fullwidth_header][\/et_pb_section][et_pb_section fb_built=&#8220;1&#8243; module_id=&#8220;ueberuns&#8220; _builder_version=&#8220;4.16&#8243; _module_preset=&#8220;default&#8220; background_color=&#8220;#ffffff&#8220; custom_margin=&#8220;||60px||false|false&#8220; custom_padding=&#8220;0px||0px||true|false&#8220; global_colors_info=&#8220;{}&#8220;][et_pb_row _builder_version=&#8220;4.16&#8243; _module_preset=&#8220;default&#8220; custom_padding=&#8220;||||false|false&#8220; global_colors_info=&#8220;{}&#8220;][et_pb_column type=&#8220;4_4&#8243; _builder_version=&#8220;4.16&#8243; _module_preset=&#8220;default&#8220; global_colors_info=&#8220;{}&#8220;][et_pb_text _builder_version=&#8220;4.16&#8243; _module_preset=&#8220;default&#8220; header_font=&#8220;OpenSansLight||||||||&#8220; header_text_align=&#8220;center&#8220; header_text_color=&#8220;#002949&#8243; header_font_size=&#8220;40px&#8220; header_2_font=&#8220;OpenSansLight|300||on|||||&#8220; header_2_text_align=&#8220;center&#8220; header_2_text_color=&#8220;#002949&#8243; header_2_font_size=&#8220;40px&#8220; max_width=&#8220;2500px&#8220; module_alignment=&#8220;center&#8220; custom_margin=&#8220;0px||10px||false|false&#8220; custom_padding=&#8220;||||false|false&#8220; header_font_size_tablet=&#8220;&#8220; header_font_size_phone=&#8220;30px&#8220; header_font_size_last_edited=&#8220;on|phone&#8220; header_2_font_size_last_edited=&#8220;off|phone&#8220; global_colors_info=&#8220;{}&#8220;]<\/p>\n<h1>UNSER UNTERNEHMEN<\/h1>\n<p>[\/et_pb_text][et_pb_text _builder_version=&#8220;4.16&#8243; _module_preset=&#8220;default&#8220; text_text_color=&#8220;#4d4d4d&#8220; text_font_size=&#8220;15px&#8220; header_2_font=&#8220;|300||on|||||&#8220; header_2_text_align=&#8220;center&#8220; header_2_text_color=&#8220;#002949&#8243; header_2_font_size=&#8220;40px&#8220; text_orientation=&#8220;center&#8220; custom_padding=&#8220;||||false|false&#8220; global_colors_info=&#8220;{}&#8220;]<\/p>\n<p><span style=\"display: none;\">Die CuroCon GmbH wurde 2001, nach erfolgreich abgeschlossenen Hochschulstudien und langj\u00e4hriger gemeinsamer Berufserfahrung in der Industrie, von den beiden gesch\u00e4ftsf\u00fchrenden Gesellschaftern Bernhard M\u00fcller und Michael Wi\u00dfbach, mit Sitz in Bensheim\/Deutschland, gegr\u00fcndet.<\/span><\/p>\n<p style=\"text-align: left;\">Die CuroCon GmbH ist auf Ingenieurdienstleistungen und Produkte in den Bereichen station\u00e4rer Automatisierung im Pr\u00fcfstands- und Anlagenbau, mobiler Automatisierung f\u00fcr E-Mobilit\u00e4t und Elektrifizierung von Nutz-\/Fahrzeugen sowie energetischer Automatisierung in Energie-\/Ladetechnik mit zugeh\u00f6rigem Last-\/Energiemanagement f\u00fcr industrielle Anwendungen und Anforderungen spezialisiert.<\/p>\n<p style=\"text-align: left;\">Unsere T\u00e4tigkeiten umfassen Beratung, Konzeptionierung, Planung und Projektierung inklusive professionellem Projektmanagement und vollumf\u00e4nglicher Projektabwicklung. Auch Inbetriebnahme und Service sowie Umbauten und Modernisierungen geh\u00f6ren zu unserem Dienstleistungsportfolio.<\/p>\n<p style=\"text-align: left;\">Dar\u00fcber hinaus wird sich bereits seit Jahren auf dem Gebiet der Forschung und Entwicklung in \u00f6ffentlich gef\u00f6rderten Kooperations-Projekten in den Bereichen Elektromobilit\u00e4t, Batterietechnologie sowie Ladeinfrastruktur zur Weiterentwicklung und zum Ausbau des eigenen Produktportfolios engagiert.<\/p>\n<p style=\"text-align: left;\"><span>Eine Besonderheit von uns liegt in der F\u00e4higkeit als Elektrotechniker und Automatisierer \u00fcber die Grenzen der jeweiligen Technologien und Branchen hinaus t\u00e4tig sein zu k\u00f6nnen. Dabei wird mit vorhandener langj\u00e4hriger Erfahrung und technischem Verst\u00e4ndnis f\u00fcr unterschiedlichste Prozesse und Anforderungen das jeweils passende <span style=\"color: #000080;\">Engineering und Automation<\/span> unseren Kunden und dem Markt geboten.<\/span><\/p>\n<p>[\/et_pb_text][\/et_pb_column][\/et_pb_row][\/et_pb_section][et_pb_section fb_built=&#8220;1&#8243; disabled_on=&#8220;on|on|off&#8220; _builder_version=&#8220;4.16&#8243; _module_preset=&#8220;default&#8220; max_width=&#8220;3500px&#8220; module_alignment=&#8220;center&#8220; custom_padding=&#8220;0px||0px||true|false&#8220; global_colors_info=&#8220;{}&#8220;][et_pb_row column_structure=&#8220;1_2,1_2&#8243; use_custom_gutter=&#8220;on&#8220; gutter_width=&#8220;1&#8243; make_equal=&#8220;on&#8220; _builder_version=&#8220;4.16&#8243; _module_preset=&#8220;default&#8220; background_color=&#8220;#fbfbfb&#8220; width=&#8220;100%&#8220; max_width=&#8220;100%&#8220; min_height=&#8220;100px&#8220; custom_padding=&#8220;0px||0px|||&#8220; global_colors_info=&#8220;{}&#8220;][et_pb_column type=&#8220;1_2&#8243; _builder_version=&#8220;4.16&#8243; _module_preset=&#8220;default&#8220; background_image=&#8220;https:\/\/www.curocon.de\/wp-content\/uploads\/2021\/03\/Portrait_CuroCon_Bernhard_Mueller_02_k.jpg&#8220; global_colors_info=&#8220;{}&#8220;][et_pb_divider show_divider=&#8220;off&#8220; _builder_version=&#8220;4.16&#8243; _module_preset=&#8220;default&#8220; custom_padding=&#8220;360px||360px||true|false&#8220; global_colors_info=&#8220;{}&#8220;][\/et_pb_divider][\/et_pb_column][et_pb_column type=&#8220;1_2&#8243; _builder_version=&#8220;4.16&#8243; _module_preset=&#8220;default&#8220; custom_css_main_element=&#8220;margin: auto;&#8220; global_colors_info=&#8220;{}&#8220;][et_pb_text _builder_version=&#8220;4.16&#8243; _module_preset=&#8220;default&#8220; header_2_font=&#8220;OpenSansLight|300||on|||||&#8220; header_2_text_align=&#8220;center&#8220; header_2_text_color=&#8220;#002949&#8243; header_2_font_size=&#8220;35px&#8220; custom_margin=&#8220;||20px||false|false&#8220; custom_margin_tablet=&#8220;20px||||false|false&#8220; custom_margin_phone=&#8220;&#8220; custom_margin_last_edited=&#8220;on|phone&#8220; global_colors_info=&#8220;{}&#8220;]<\/p>\n<h2>Bernhard M\u00fcller<\/h2>\n<p>[\/et_pb_text][et_pb_blurb use_icon=&#8220;on&#8220; font_icon=&#8220;&#x35;||divi||400&#8243; icon_color=&#8220;#002949&#8243; icon_placement=&#8220;left&#8220; image_icon_width=&#8220;30px&#8220; content_max_width=&#8220;90%&#8220; _builder_version=&#8220;4.16&#8243; _module_preset=&#8220;default&#8220; body_font_size=&#8220;15px&#8220; body_line_height=&#8220;1.8em&#8220; custom_margin=&#8220;||20px||false|false&#8220; icon_font_size=&#8220;30px&#8220; global_colors_info=&#8220;{}&#8220;]<\/p>\n<p><span>Sein beruflicher Werdegang begann mit einem Studium der Allgemeinen Elektrotechnik an der TU Darmstadt und ist auch seither von der Elektro- und Automatisierungstechnik gepr\u00e4gt. Mit dem Abschluss als Diplom-Ingenieur startete seine Karriere bei einem Simatic Solution Provider in Darmstadt zun\u00e4chst als freier Ingenieur, sp\u00e4ter als festangestellter Applikations-Ingenieur. Schnell entwickelte er sich weiter vom Inbetriebnahme- zum Projekt-Ingenieur bis hin zum Entwicklungs-Ingenieur, was ihm erm\u00f6glichte weitreichende Erfahrungen und Kenntnisse zu sammeln, sowohl in der Projekt-, als auch in Forschungs- und Entwicklungsarbeit.<\/span><\/p>\n<p>[\/et_pb_blurb][et_pb_blurb use_icon=&#8220;on&#8220; font_icon=&#8220;&#x35;||divi||400&#8243; icon_color=&#8220;#002949&#8243; icon_placement=&#8220;left&#8220; image_icon_width=&#8220;30px&#8220; content_max_width=&#8220;90%&#8220; _builder_version=&#8220;4.16&#8243; _module_preset=&#8220;default&#8220; body_font_size=&#8220;15px&#8220; body_line_height=&#8220;1.8em&#8220; custom_margin=&#8220;||20px||false|false&#8220; icon_font_size=&#8220;30px&#8220; global_colors_info=&#8220;{}&#8220;]<\/p>\n<p><span>Anschlie\u00dfend war es ihm als Projektleiter m\u00f6glich, nicht nur seine fachlichen Kompetenzen in der Elektrotechnik zu festigen, sondern auch seine F\u00e4higkeiten im Projektmanagement und der Mitarbeiterf\u00fchrung erfolgreich unter Beweis zu stellen sowie seine organisatorischen und administrativen F\u00e4higkeiten auszubauen. W\u00e4hrend der gesamten Zeit war die Erforschung und Entwicklung neuer technischer Konzepte, sei es in Soft- oder Hardware oder im Bereich der Elektrotechnik\/-mobilit\u00e4t, ein st\u00e4ndiger Begleiter sowie Ansporn seiner beruflichen Karriere.<\/span><\/p>\n<p>[\/et_pb_blurb][et_pb_blurb use_icon=&#8220;on&#8220; font_icon=&#8220;&#x35;||divi||400&#8243; icon_color=&#8220;#002949&#8243; icon_placement=&#8220;left&#8220; image_icon_width=&#8220;30px&#8220; content_max_width=&#8220;90%&#8220; _builder_version=&#8220;4.16&#8243; _module_preset=&#8220;default&#8220; body_font_size=&#8220;15px&#8220; body_line_height=&#8220;1.8em&#8220; custom_margin=&#8220;||||false|false&#8220; icon_font_size=&#8220;30px&#8220; global_colors_info=&#8220;{}&#8220;]<\/p>\n<p><span>Als Gr\u00fcnder der CuroCon GmbH konnte er in das Unternehmen all seine Erfahrung und vision\u00e4re Kraft der letzten 20 Jahre aus strategischem Denken, innovativen Konzepten und Ideen sowie seine F\u00fchrungs- und Unternehmerqualit\u00e4ten einflie\u00dfen lassen.<\/span><\/p>\n<p>[\/et_pb_blurb][\/et_pb_column][\/et_pb_row][et_pb_row column_structure=&#8220;1_2,1_2&#8243; use_custom_gutter=&#8220;on&#8220; gutter_width=&#8220;1&#8243; make_equal=&#8220;on&#8220; _builder_version=&#8220;4.16&#8243; _module_preset=&#8220;default&#8220; background_color=&#8220;rgba(77,77,77,0.35)&#8220; width=&#8220;100%&#8220; max_width=&#8220;100%&#8220; custom_padding=&#8220;0px||0px|||&#8220; global_colors_info=&#8220;{}&#8220;][et_pb_column type=&#8220;1_2&#8243; _builder_version=&#8220;4.16&#8243; _module_preset=&#8220;default&#8220; custom_css_main_element=&#8220;margin: auto;&#8220; global_colors_info=&#8220;{}&#8220;][et_pb_text _builder_version=&#8220;4.16&#8243; _module_preset=&#8220;default&#8220; header_2_font=&#8220;OpenSansLight|300||on|||||&#8220; header_2_text_align=&#8220;center&#8220; header_2_text_color=&#8220;#ffffff&#8220; header_2_font_size=&#8220;35px&#8220; custom_margin=&#8220;||20px||false|false&#8220; global_colors_info=&#8220;{}&#8220;]<\/p>\n<h2>Michael Wi\u00dfbach<\/h2>\n<p>[\/et_pb_text][et_pb_blurb use_icon=&#8220;on&#8220; font_icon=&#8220;&#x35;||divi||400&#8243; icon_color=&#8220;#ffffff&#8220; icon_placement=&#8220;left&#8220; image_icon_width=&#8220;30px&#8220; content_max_width=&#8220;90%&#8220; _builder_version=&#8220;4.16&#8243; _module_preset=&#8220;default&#8220; body_text_color=&#8220;#ffffff&#8220; body_font_size=&#8220;15px&#8220; body_line_height=&#8220;1.8em&#8220; custom_margin=&#8220;||20px||false|false&#8220; icon_font_size=&#8220;30px&#8220; global_colors_info=&#8220;{}&#8220;]<\/p>\n<p><span>Die Elektromobilit\u00e4t begleitet ihn bereits seit Beginn seines Studiums der Elektrotechnik mit dem Schwerpunkt Regelungstechnik an der TU Darmstadt sowie durch verschiedene Forschungs- und Studienarbeiten. Seine anschlie\u00dfende T\u00e4tigkeit und Mitwirkung in einem Ingenieurb\u00fcro in Darmstadt brachte ihm vielseitige berufliche Erfahrung im Bereich der Mess-, Steuerungs- und Regelungstechnik. \u00dcber die Jahre entwickelte er sich in immer h\u00f6heren Positionen weiter, so dass er seine herausragende fachliche Kompetenz, vor allem im Projektmanagement sowie in organisatorischen und administrativen Bereichen, erweitert hat.<\/span><\/p>\n<p>[\/et_pb_blurb][et_pb_blurb use_icon=&#8220;on&#8220; font_icon=&#8220;&#x35;||divi||400&#8243; icon_color=&#8220;#ffffff&#8220; icon_placement=&#8220;left&#8220; image_icon_width=&#8220;30px&#8220; content_max_width=&#8220;90%&#8220; _builder_version=&#8220;4.16&#8243; _module_preset=&#8220;default&#8220; body_text_color=&#8220;#ffffff&#8220; body_font_size=&#8220;15px&#8220; body_line_height=&#8220;1.8em&#8220; custom_margin=&#8220;||20px||false|false&#8220; icon_font_size=&#8220;30px&#8220; global_colors_info=&#8220;{}&#8220;]<\/p>\n<p><span>Elektromobilit\u00e4t spielte f\u00fcr ihn w\u00e4hrend der gesamten Zeit eine gro\u00dfe und bedeutende Rolle. \u00dcber die Jahre wurden viele Studien- und Projektarbeiten im Bereich der Elektromobilit\u00e4t von ihm initiiert, begleitet und betreut. Des Weiteren best\u00e4rkten ihn erste Erfahrungen und die T\u00e4tigkeit als Prokurist und Gesellschafter seinen Weg in Richtung Unternehmensgr\u00fcndung und -f\u00fchrung einzuschlagen.<\/span><\/p>\n<p>[\/et_pb_blurb][et_pb_blurb use_icon=&#8220;on&#8220; font_icon=&#8220;&#x35;||divi||400&#8243; icon_color=&#8220;#ffffff&#8220; icon_placement=&#8220;left&#8220; image_icon_width=&#8220;30px&#8220; content_max_width=&#8220;90%&#8220; _builder_version=&#8220;4.16&#8243; _module_preset=&#8220;default&#8220; body_text_color=&#8220;#ffffff&#8220; body_font_size=&#8220;15px&#8220; body_line_height=&#8220;1.8em&#8220; custom_margin=&#8220;||20px||false|false&#8220; icon_font_size=&#8220;30px&#8220; global_colors_info=&#8220;{}&#8220;]<\/p>\n<p><span>In das Unternehmen CuroCon GmbH und deren Produkte flie\u00dfen inzwischen seine gesamte Erfahrung der letzten 20 Jahre, aus vision\u00e4rem Denken, Forschung und Entwicklung, Elektro- und Antriebstechnik, Maschinen- und Anlagenbau, Produktion und Fertigung sowie der eigene Wille zum Unternehmertum, ein.<\/span><\/p>\n<p>[\/et_pb_blurb][\/et_pb_column][et_pb_column type=&#8220;1_2&#8243; _builder_version=&#8220;4.16&#8243; _module_preset=&#8220;default&#8220; background_image=&#8220;https:\/\/www.curocon.de\/wp-content\/uploads\/2021\/03\/Portrait_CuroCon_Michael_Wissbach_02_k-1.jpg&#8220; global_colors_info=&#8220;{}&#8220;][et_pb_divider show_divider=&#8220;off&#8220; _builder_version=&#8220;4.16&#8243; _module_preset=&#8220;default&#8220; custom_padding=&#8220;360px||360px||true|false&#8220; global_colors_info=&#8220;{}&#8220;][\/et_pb_divider][\/et_pb_column][\/et_pb_row][\/et_pb_section][et_pb_section fb_built=&#8220;1&#8243; disabled_on=&#8220;off|off|on&#8220; _builder_version=&#8220;4.16&#8243; _module_preset=&#8220;default&#8220; max_width=&#8220;3500px&#8220; module_alignment=&#8220;center&#8220; custom_padding=&#8220;0px||0px||true|false&#8220; global_colors_info=&#8220;{}&#8220;][et_pb_row column_structure=&#8220;1_2,1_2&#8243; use_custom_gutter=&#8220;on&#8220; gutter_width=&#8220;1&#8243; make_equal=&#8220;on&#8220; _builder_version=&#8220;4.16&#8243; _module_preset=&#8220;default&#8220; background_color=&#8220;#fbfbfb&#8220; width=&#8220;100%&#8220; max_width=&#8220;100%&#8220; min_height=&#8220;100px&#8220; custom_padding=&#8220;0px||0px|||&#8220; global_colors_info=&#8220;{}&#8220;][et_pb_column type=&#8220;1_2&#8243; _builder_version=&#8220;4.16&#8243; _module_preset=&#8220;default&#8220; background_image=&#8220;https:\/\/www.curocon.de\/wp-content\/uploads\/2021\/03\/Portrait_CuroCon_Bernhard_Mueller_02_k.jpg&#8220; global_colors_info=&#8220;{}&#8220;][et_pb_divider show_divider=&#8220;off&#8220; _builder_version=&#8220;4.16&#8243; _module_preset=&#8220;default&#8220; custom_padding=&#8220;360px||360px||true|false&#8220; custom_padding_tablet=&#8220;&#8220; custom_padding_phone=&#8220;120px||120px||true|false&#8220; custom_padding_last_edited=&#8220;on|phone&#8220; global_colors_info=&#8220;{}&#8220;][\/et_pb_divider][\/et_pb_column][et_pb_column type=&#8220;1_2&#8243; _builder_version=&#8220;4.16&#8243; _module_preset=&#8220;default&#8220; custom_css_main_element=&#8220;margin: auto;&#8220; global_colors_info=&#8220;{}&#8220;][et_pb_text _builder_version=&#8220;4.16&#8243; _module_preset=&#8220;default&#8220; header_2_font=&#8220;OpenSansLight|300||on|||||&#8220; header_2_text_align=&#8220;center&#8220; header_2_text_color=&#8220;#002949&#8243; header_2_font_size=&#8220;35px&#8220; custom_margin=&#8220;||20px||false|false&#8220; custom_margin_tablet=&#8220;20px||||false|false&#8220; custom_margin_phone=&#8220;&#8220; custom_margin_last_edited=&#8220;on|phone&#8220; header_2_font_size_tablet=&#8220;&#8220; header_2_font_size_phone=&#8220;30px&#8220; header_2_font_size_last_edited=&#8220;on|phone&#8220; global_colors_info=&#8220;{}&#8220;]<\/p>\n<h2>Bernhard M\u00fcller<\/h2>\n<p>[\/et_pb_text][et_pb_blurb use_icon=&#8220;on&#8220; font_icon=&#8220;&#x35;||divi||400&#8243; icon_color=&#8220;#002949&#8243; icon_placement=&#8220;left&#8220; image_icon_width=&#8220;30px&#8220; content_max_width=&#8220;90%&#8220; _builder_version=&#8220;4.16&#8243; _module_preset=&#8220;default&#8220; body_font_size=&#8220;15px&#8220; body_line_height=&#8220;1.8em&#8220; custom_margin=&#8220;||20px||false|false&#8220; icon_font_size=&#8220;30px&#8220; global_colors_info=&#8220;{}&#8220;]<\/p>\n<p><span>Sein beruflicher Werdegang begann mit einem Studium der Allgemeinen Elektrotechnik an der TU Darmstadt und ist auch seither von der Elektro- und Automatisierungstechnik gepr\u00e4gt. Mit dem Abschluss als Diplom-Ingenieur startete seine Karriere bei einem Simatic Solution Provider in Darmstadt zun\u00e4chst als freier Ingenieur, sp\u00e4ter als festangestellter Applikations-Ingenieur. Schnell entwickelte er sich weiter vom Inbetriebnahme- zum Projekt-Ingenieur bis hin zum Entwicklungs-Ingenieur, was ihm erm\u00f6glichte weitreichende Erfahrungen und Kenntnisse zu sammeln, sowohl in der Projekt-, als auch in Forschungs- und Entwicklungsarbeit.<\/span><\/p>\n<p>[\/et_pb_blurb][et_pb_blurb use_icon=&#8220;on&#8220; font_icon=&#8220;&#x35;||divi||400&#8243; icon_color=&#8220;#002949&#8243; icon_placement=&#8220;left&#8220; image_icon_width=&#8220;30px&#8220; content_max_width=&#8220;90%&#8220; _builder_version=&#8220;4.16&#8243; _module_preset=&#8220;default&#8220; body_font_size=&#8220;15px&#8220; body_line_height=&#8220;1.8em&#8220; custom_margin=&#8220;||20px||false|false&#8220; icon_font_size=&#8220;30px&#8220; global_colors_info=&#8220;{}&#8220;]<\/p>\n<p><span>Anschlie\u00dfend war es ihm als Projektleiter m\u00f6glich nicht nur seine fachlichen Kompetenzen in der Elektrotechnik zu festigen, sondern auch seine F\u00e4higkeiten im Projektmanagement und der Mitarbeiterf\u00fchrung erfolgreich unter Beweis zu stellen sowie seine organisatorischen und administrativen F\u00e4higkeiten auszubauen. W\u00e4hrend der gesamten Zeit war die Erforschung und Entwicklung neuer technischer Konzepte, sei es in Soft- oder Hardware oder im Bereich der Elektrotechnik\/-mobilit\u00e4t, ein st\u00e4ndiger Begleiter und Ansporn seiner beruflichen Karriere.<\/span><\/p>\n<p>[\/et_pb_blurb][et_pb_blurb use_icon=&#8220;on&#8220; font_icon=&#8220;&#x35;||divi||400&#8243; icon_color=&#8220;#002949&#8243; icon_placement=&#8220;left&#8220; image_icon_width=&#8220;30px&#8220; content_max_width=&#8220;90%&#8220; _builder_version=&#8220;4.16&#8243; _module_preset=&#8220;default&#8220; body_font_size=&#8220;15px&#8220; body_line_height=&#8220;1.8em&#8220; custom_margin=&#8220;||20px||false|false&#8220; icon_font_size=&#8220;30px&#8220; global_colors_info=&#8220;{}&#8220;]<\/p>\n<p><span>Als Gr\u00fcnder der CuroCon GmbH konnte er in das Unternehmen all seine Erfahrung und vision\u00e4re Kraft der letzten 20 Jahre, aus strategischem Denken, innovativen Konzepten und Ideen sowie seine F\u00fchrungs- und Unternehmerqualit\u00e4ten einflie\u00dfen lassen.<\/span><\/p>\n<p>[\/et_pb_blurb][\/et_pb_column][\/et_pb_row][et_pb_row column_structure=&#8220;1_2,1_2&#8243; use_custom_gutter=&#8220;on&#8220; gutter_width=&#8220;1&#8243; make_equal=&#8220;on&#8220; _builder_version=&#8220;4.16&#8243; _module_preset=&#8220;default&#8220; background_color=&#8220;rgba(77,77,77,0.35)&#8220; width=&#8220;100%&#8220; max_width=&#8220;100%&#8220; custom_padding=&#8220;0px||0px|||&#8220; global_colors_info=&#8220;{}&#8220;][et_pb_column type=&#8220;1_2&#8243; _builder_version=&#8220;4.16&#8243; _module_preset=&#8220;default&#8220; background_image=&#8220;https:\/\/www.curocon.de\/wp-content\/uploads\/2021\/03\/Portrait_CuroCon_Michael_Wissbach_02_k-1.jpg&#8220; global_colors_info=&#8220;{}&#8220;][et_pb_divider show_divider=&#8220;off&#8220; _builder_version=&#8220;4.16&#8243; _module_preset=&#8220;default&#8220; custom_padding=&#8220;360px||360px||true|false&#8220; custom_padding_tablet=&#8220;&#8220; custom_padding_phone=&#8220;120px||120px||true|false&#8220; custom_padding_last_edited=&#8220;on|phone&#8220; global_colors_info=&#8220;{}&#8220;][\/et_pb_divider][\/et_pb_column][et_pb_column type=&#8220;1_2&#8243; _builder_version=&#8220;4.16&#8243; _module_preset=&#8220;default&#8220; custom_css_main_element=&#8220;margin: auto;&#8220; global_colors_info=&#8220;{}&#8220;][et_pb_text _builder_version=&#8220;4.16&#8243; _module_preset=&#8220;default&#8220; header_2_font=&#8220;OpenSansLight|300||on|||||&#8220; header_2_text_align=&#8220;center&#8220; header_2_text_color=&#8220;#ffffff&#8220; header_2_font_size=&#8220;35px&#8220; custom_margin=&#8220;20px||20px||true|false&#8220; header_2_font_size_tablet=&#8220;&#8220; header_2_font_size_phone=&#8220;30px&#8220; header_2_font_size_last_edited=&#8220;on|phone&#8220; global_colors_info=&#8220;{}&#8220;]<\/p>\n<h2>Michael Wi\u00dfbach<\/h2>\n<p>[\/et_pb_text][et_pb_blurb use_icon=&#8220;on&#8220; font_icon=&#8220;&#x35;||divi||400&#8243; icon_color=&#8220;#ffffff&#8220; icon_placement=&#8220;left&#8220; image_icon_width=&#8220;30px&#8220; content_max_width=&#8220;90%&#8220; _builder_version=&#8220;4.16&#8243; _module_preset=&#8220;default&#8220; body_text_color=&#8220;#ffffff&#8220; body_font_size=&#8220;15px&#8220; body_line_height=&#8220;1.8em&#8220; custom_margin=&#8220;||20px||false|false&#8220; icon_font_size=&#8220;30px&#8220; global_colors_info=&#8220;{}&#8220;]<\/p>\n<p><span>Die Elektromobilit\u00e4t begleitet ihn bereits seit Beginn seines Studiums der Elektrotechnik, Schwerpunkt Regelungstechnik, an der TU Darmstadt und durch verschiedene Forschungs- und Studienarbeiten. Seine anschlie\u00dfende T\u00e4tigkeit und Mitwirkung in einem Ingenieurb\u00fcro in Darmstadt brachte ihm vielseitige berufliche Erfahrung im Bereich der Mess-, Steuerungs- und Regelungstechnik. \u00dcber die Jahre entwickelte er sich in immer h\u00f6heren Positionen weiter, so dass er seine herausragende fachliche Kompetenz, vor allem auch im Projektmanagement und in organisatorischen und administrativen Bereichen, erweitert hat.<\/span><\/p>\n<p>[\/et_pb_blurb][et_pb_blurb use_icon=&#8220;on&#8220; font_icon=&#8220;&#x35;||divi||400&#8243; icon_color=&#8220;#ffffff&#8220; icon_placement=&#8220;left&#8220; image_icon_width=&#8220;30px&#8220; content_max_width=&#8220;90%&#8220; _builder_version=&#8220;4.16&#8243; _module_preset=&#8220;default&#8220; body_text_color=&#8220;#ffffff&#8220; body_font_size=&#8220;15px&#8220; body_line_height=&#8220;1.8em&#8220; custom_margin=&#8220;||20px||false|false&#8220; icon_font_size=&#8220;30px&#8220; global_colors_info=&#8220;{}&#8220;]<\/p>\n<p><span>Elektromobilit\u00e4t spielte f\u00fcr ihn w\u00e4hrend der gesamten Zeit eine gro\u00dfe und bedeutende Rolle. \u00dcber die Jahre wurden viele Studien- und Projektarbeiten im Bereich der Elektromobilit\u00e4t von ihm initiiert, begleitet und betreut. Des Weiteren best\u00e4rkten ihn erste Erfahrungen und die T\u00e4tigkeit als Prokurist und Gesellschafter seinen Weg in Richtung Unternehmensgr\u00fcndung und -f\u00fchrung einzuschlagen.<\/span><\/p>\n<p>[\/et_pb_blurb][et_pb_blurb use_icon=&#8220;on&#8220; font_icon=&#8220;&#x35;||divi||400&#8243; icon_color=&#8220;#ffffff&#8220; icon_placement=&#8220;left&#8220; image_icon_width=&#8220;30px&#8220; content_max_width=&#8220;90%&#8220; _builder_version=&#8220;4.16&#8243; _module_preset=&#8220;default&#8220; body_text_color=&#8220;#ffffff&#8220; body_font_size=&#8220;15px&#8220; body_line_height=&#8220;1.8em&#8220; custom_margin=&#8220;||20px||false|false&#8220; icon_font_size=&#8220;30px&#8220; global_colors_info=&#8220;{}&#8220;]<\/p>\n<p><span>In das Unternehmen CuroCon GmbH und deren Produkte flie\u00dfen inzwischen seine gesamte Erfahrung der letzten 20 Jahre, aus vision\u00e4rem Denken, Forschung und Entwicklung, Elektro- und Antriebstechnik, Maschinen- und Anlagenbau, Produktion und Fertigung sowie der eigene Wille zum Unternehmertum, ein.<\/span><\/p>\n<p>[\/et_pb_blurb][\/et_pb_column][\/et_pb_row][\/et_pb_section][et_pb_section fb_built=&#8220;1&#8243; custom_padding_last_edited=&#8220;on|desktop&#8220; admin_label=&#8220;CTA Section&#8220; _builder_version=&#8220;4.16&#8243; background_color=&#8220;#002949&#8243; max_width=&#8220;3500px&#8220; module_alignment=&#8220;center&#8220; custom_padding=&#8220;50px||50px||true|false&#8220; custom_padding_tablet=&#8220;&#8220; custom_padding_phone=&#8220;30px||30px||true|false&#8220; global_colors_info=&#8220;{}&#8220;][et_pb_row custom_padding_last_edited=&#8220;on|tablet&#8220; _builder_version=&#8220;4.16&#8243; use_background_color_gradient=&#8220;on&#8220; background_color_gradient_direction=&#8220;35deg&#8220; background_color_gradient_stops=&#8220;#002949 0%|#002949 100%&#8220; background_color_gradient_start=&#8220;#002949&#8243; background_color_gradient_end=&#8220;#002949&#8243; width_tablet=&#8220;&#8220; width_phone=&#8220;90%&#8220; width_last_edited=&#8220;on|phone&#8220; max_width=&#8220;3500px&#8220; module_alignment=&#8220;center&#8220; custom_margin=&#8220;-9px|auto|-4px|auto||&#8220; custom_margin_last_edited=&#8220;off|desktop&#8220; custom_padding=&#8220;50px|5%|50px|5%|true|true&#8220; custom_padding_tablet=&#8220;|40px||40px||true&#8220; custom_padding_phone=&#8220;&#8220; animation_style=&#8220;fold&#8220; animation_direction=&#8220;left&#8220; animation_duration=&#8220;1500ms&#8220; animation_intensity_fold=&#8220;10%&#8220; animation_starting_opacity=&#8220;100%&#8220; use_custom_width=&#8220;on&#8220; width_unit=&#8220;off&#8220; custom_width_percent=&#8220;100%&#8220; global_colors_info=&#8220;{}&#8220;][et_pb_column type=&#8220;4_4&#8243; _builder_version=&#8220;4.16&#8243; custom_padding=&#8220;|||&#8220; global_colors_info=&#8220;{}&#8220; custom_padding__hover=&#8220;|||&#8220;][et_pb_text _builder_version=&#8220;4.16&#8243; header_2_font=&#8220;OpenSansLight|300||on|||||&#8220; header_2_text_align=&#8220;center&#8220; header_2_text_color=&#8220;#ffffff&#8220; header_2_font_size=&#8220;35px&#8220; header_2_line_height=&#8220;1.3em&#8220; header_2_font_size_tablet=&#8220;&#8220; header_2_font_size_phone=&#8220;22px&#8220; header_2_font_size_last_edited=&#8220;on|phone&#8220; global_colors_info=&#8220;{}&#8220;]<\/p>\n<h2>Sie interessieren sich f\u00fcr unsere Produkte?<\/h2>\n<p>[\/et_pb_text][et_pb_button button_url=&#8220;https:\/\/curocon.de\/produkte\/&#8220; button_text=&#8220;Produkte&#8220; button_alignment=&#8220;center&#8220; _builder_version=&#8220;4.16&#8243; _module_preset=&#8220;default&#8220; custom_button=&#8220;on&#8220; button_text_size=&#8220;15px&#8220; button_text_color=&#8220;#ffffff&#8220; button_border_width=&#8220;1px&#8220; button_font=&#8220;|||on|||||&#8220; custom_margin=&#8220;3px|||||&#8220; global_colors_info=&#8220;{}&#8220;][\/et_pb_button][\/et_pb_column][\/et_pb_row][\/et_pb_section][et_pb_section fb_built=&#8220;1&#8243; custom_padding_last_edited=&#8220;on|desktop&#8220; module_id=&#8220;innovation&#8220; _builder_version=&#8220;4.16&#8243; _module_preset=&#8220;default&#8220; max_width=&#8220;3500px&#8220; module_alignment=&#8220;center&#8220; custom_padding=&#8220;0px||0px||true|false&#8220; custom_padding_tablet=&#8220;&#8220; custom_padding_phone=&#8220;30px||30px||true|false&#8220; global_colors_info=&#8220;{}&#8220;][et_pb_row _builder_version=&#8220;4.16&#8243; _module_preset=&#8220;default&#8220; global_colors_info=&#8220;{}&#8220;][et_pb_column type=&#8220;4_4&#8243; _builder_version=&#8220;4.16&#8243; _module_preset=&#8220;default&#8220; global_colors_info=&#8220;{}&#8220;][et_pb_text _builder_version=&#8220;4.16&#8243; _module_preset=&#8220;default&#8220; header_2_font=&#8220;OpenSansLight|300||on|||||&#8220; header_2_text_align=&#8220;center&#8220; header_2_text_color=&#8220;#002949&#8243; header_2_font_size=&#8220;35px&#8220; header_2_font_size_tablet=&#8220;&#8220; header_2_font_size_phone=&#8220;30px&#8220; header_2_font_size_last_edited=&#8220;on|phone&#8220; global_colors_info=&#8220;{}&#8220;]<\/p>\n<h2>Unsere Innovation<\/h2>\n<p>[\/et_pb_text][et_pb_text _builder_version=&#8220;4.16&#8243; _module_preset=&#8220;default&#8220; text_font_size=&#8220;15px&#8220; header_2_font=&#8220;|300||on|||||&#8220; header_2_text_align=&#8220;center&#8220; header_2_text_color=&#8220;#002949&#8243; header_2_font_size=&#8220;40px&#8220; global_colors_info=&#8220;{}&#8220;]<\/p>\n<p>Ein Herausstellungsmerkmal der CuroCon GmbH ist die innovative Kombination aus Elektro- und Automatisierungstechnik, Pr\u00fcf- und Antriebstechnik sowie Elektromobilit\u00e4t und Energie-\/Ladetechnik ganz im aktuellen Trend und am Puls der Zeit, da der entsprechende Bedarf f\u00fcr die sich schnell entwickelnden Marktanforderungen hier schon fr\u00fch erkannt wurde. Die Motivation zur Weiterentwicklung zuk\u00fcnftiger Automatisierung-, Mobilit\u00e4ts- und Energiekonzepte liegt bei CuroCon in der Faszination und Affinit\u00e4t f\u00fcr alles \u201eElektrische\u201c und \u201eMobile\u201c.<\/p>\n<p>Jahrelang gesammeltes Know-how und die im Zusammenhang mit der Kernt\u00e4tigkeit in der Automobilindustrie entstandenen Hard- und Softwareprodukte resultierten in unserem hauseigenen Universal-Automatisierungssystem <span style=\"color: #000080;\">CuroCon<\/span><span style=\"color: #33cccc;\"><em>trol<\/em><\/span><sup>\u00ae<\/sup> f\u00fcr den branchen\u00fcbergreifenden Maschinen- und Anlagenbau. Danach diente <span style=\"color: #000080;\">CuroCon<\/span><span style=\"color: #33cccc;\"><em>trol<\/em><\/span><sup>\u00ae<\/sup> als vielf\u00e4ltige Grundlage und Basis f\u00fcr die Entwicklung und den Aufbau weiterer eigener, universeller Produkte. Hier stehen u.a. Regelungsboxen f\u00fcr hochdynamische Anwendungen in Pr\u00fcfst\u00e4nden und Anlagen, Steuerger\u00e4te f\u00fcr Elektrofahrzeuge und zur Elektrifizierung von Nutz- und Kommunalfahrzeugen, Messdatenerfassungssysteme f\u00fcr station\u00e4re und mobile Anwendungen und Energiemanagementsysteme zur Implementierung von Ladeinfrastruktur sowie weitere Diversifikationen f\u00fcr unterschiedliche Applikationen.<\/p>\n<p>Die CuroCon begleitet die Automotive-Industrie und die Entwicklung der Elektromobilit\u00e4t und Ladetechnologie bereits seit einigen Jahren in Netzwerken sowie Arbeitsgruppen und forciert deren Ausbau zur Erweiterung unserer Mobilit\u00e4tskonzepte. Als Spezialist f\u00fcr Regelungs- und Antriebssysteme sowie Automation, gekoppelt mit der Erfahrung und dem Innovationsreichtum aus der Automobilindustrie, deckt die CuroCon GmbH ein breites Spektrum mit langj\u00e4hriger Expertise und weitreichender Perspektive ab. Erste Entwicklungs- und Forschungsprojekte in diesem Bereich waren Elektrifizierung von LKW-Trailern und Fahrzeuganh\u00e4ngern, station\u00e4re autarke Batteriespeicher sowie multifunktionale Energiewandspeicher. Wichtige Grundlage f\u00fcr den Erfolg der CuroCon sind hierbei immer Qualifikation, Know-how, Engagement und Motivation unseres starken Teams sowie die Visionskraft und Innovation der Firmeninhaber.<\/p>\n<p>[\/et_pb_text][\/et_pb_column][\/et_pb_row][\/et_pb_section][et_pb_section fb_built=&#8220;1&#8243; custom_padding_last_edited=&#8220;on|desktop&#8220; module_id=&#8220;iso-zertifizierung&#8220; _builder_version=&#8220;4.16&#8243; _module_preset=&#8220;default&#8220; background_color=&#8220;#f2f2f2&#8243; max_width=&#8220;3500px&#8220; module_alignment=&#8220;center&#8220; custom_padding=&#8220;50px||50px||true|false&#8220; custom_padding_tablet=&#8220;&#8220; custom_padding_phone=&#8220;30px||30px||true|false&#8220; global_colors_info=&#8220;{}&#8220;][et_pb_row _builder_version=&#8220;4.16&#8243; _module_preset=&#8220;default&#8220; global_colors_info=&#8220;{}&#8220;][et_pb_column type=&#8220;4_4&#8243; _builder_version=&#8220;4.16&#8243; _module_preset=&#8220;default&#8220; global_colors_info=&#8220;{}&#8220;][et_pb_text _builder_version=&#8220;4.16&#8243; _module_preset=&#8220;default&#8220; header_2_font=&#8220;OpenSansLight|300||on|||||&#8220; header_2_text_align=&#8220;center&#8220; header_2_text_color=&#8220;#002949&#8243; header_2_font_size=&#8220;35px&#8220; header_2_font_size_tablet=&#8220;&#8220; header_2_font_size_phone=&#8220;30px&#8220; header_2_font_size_last_edited=&#8220;on|phone&#8220; global_colors_info=&#8220;{}&#8220;]<\/p>\n<h2>Unsere Zertifizierung<\/h2>\n<p>[\/et_pb_text][\/et_pb_column][\/et_pb_row][et_pb_row column_structure=&#8220;1_2,1_2&#8243; make_equal=&#8220;on&#8220; _builder_version=&#8220;4.16&#8243; _module_preset=&#8220;default&#8220; max_width=&#8220;1200px&#8220; global_colors_info=&#8220;{}&#8220;][et_pb_column type=&#8220;1_2&#8243; _builder_version=&#8220;4.16&#8243; _module_preset=&#8220;default&#8220; global_colors_info=&#8220;{}&#8220;][et_pb_image src=&#8220;https:\/\/www.curocon.de\/wp-content\/uploads\/2024\/06\/170505_3__Zertifikat_ISO-9001_28.08.2023-1.png&#8220; title_text=&#8220;CuroCon__Zertifikat_ISO 9001_28.08.2023&#8243; _builder_version=&#8220;4.25.1&#8243; _module_preset=&#8220;default&#8220; hover_enabled=&#8220;0&#8243; global_colors_info=&#8220;{}&#8220; sticky_enabled=&#8220;0&#8243;][\/et_pb_image][\/et_pb_column][et_pb_column type=&#8220;1_2&#8243; _builder_version=&#8220;4.16&#8243; _module_preset=&#8220;default&#8220; custom_css_main_element=&#8220;margin:Auto;&#8220; global_colors_info=&#8220;{}&#8220;][et_pb_text _builder_version=&#8220;4.16&#8243; _module_preset=&#8220;default&#8220; text_font_size=&#8220;15px&#8220; header_2_font=&#8220;|300||on|||||&#8220; header_2_text_align=&#8220;center&#8220; header_2_text_color=&#8220;#002949&#8243; header_2_font_size=&#8220;40px&#8220; global_colors_info=&#8220;{}&#8220;]<\/p>\n<p>Die DIN EN ISO 9001 (International Organization for Standardization) steht f\u00fcr Qualit\u00e4tsmanagement und wird weltweit als Zertifizierung f\u00fcr ein QM-System verstanden und anerkannt. Eine Zertifizierung nach ISO 9001 bildet die Basis f\u00fcr einen kontinuierlichen Verbesserungsprozess der unternehmensinternen Qualit\u00e4tsziele und ist f\u00fcr Unternehmen und Organisationen aller Gr\u00f6\u00dfen und in allen Branchen sinnvoll.<\/p>\n<p>Zur Wahrung und Entwicklung der Qualit\u00e4tsanspr\u00fcche dienen geregelte Abl\u00e4ufe, was zu transparenten Prozessen und hoher Kundenzufriedenheit f\u00fchrt. Die Dokumentation des Qualit\u00e4tsmanagementsystems dient dem Unternehmen als Leitfaden bei der Erreichung der Qualit\u00e4tsziele. Uns ist es au\u00dferordentlich wichtig, die Qualit\u00e4t unserer Produkte und Dienstleistungen sowie die damit verbundene Zufriedenheit unserer Kunden und Mitarbeiter stets auf gleichbleibend hohem Niveau zu halten und bei Bedarf zu verbessern. Aus diesem Grund ist die CuroCon GmbH ISO 9001:2015 zertifiziert.<\/p>\n<p>[\/et_pb_text][\/et_pb_column][\/et_pb_row][\/et_pb_section][et_pb_section fb_built=&#8220;1&#8243; custom_padding_last_edited=&#8220;on|desktop&#8220; admin_label=&#8220;CTA Section&#8220; _builder_version=&#8220;4.16&#8243; background_color=&#8220;#002949&#8243; max_width=&#8220;3500px&#8220; module_alignment=&#8220;center&#8220; custom_padding=&#8220;50px||50px||true|false&#8220; custom_padding_tablet=&#8220;&#8220; custom_padding_phone=&#8220;30px||30px||true|false&#8220; global_colors_info=&#8220;{}&#8220;][et_pb_row custom_padding_last_edited=&#8220;on|tablet&#8220; _builder_version=&#8220;4.16&#8243; use_background_color_gradient=&#8220;on&#8220; background_color_gradient_direction=&#8220;35deg&#8220; background_color_gradient_stops=&#8220;#002949 0%|#002949 100%&#8220; background_color_gradient_start=&#8220;#002949&#8243; background_color_gradient_end=&#8220;#002949&#8243; max_width=&#8220;3500px&#8220; module_alignment=&#8220;center&#8220; custom_margin=&#8220;-9px|auto|-4px|auto||&#8220; custom_margin_last_edited=&#8220;off|desktop&#8220; custom_padding=&#8220;50px|5%|50px|5%|true|true&#8220; custom_padding_tablet=&#8220;|40px||40px||true&#8220; custom_padding_phone=&#8220;&#8220; animation_style=&#8220;fold&#8220; animation_direction=&#8220;left&#8220; animation_duration=&#8220;1500ms&#8220; animation_intensity_fold=&#8220;10%&#8220; animation_starting_opacity=&#8220;100%&#8220; use_custom_width=&#8220;on&#8220; width_unit=&#8220;off&#8220; custom_width_percent=&#8220;100%&#8220; global_colors_info=&#8220;{}&#8220;][et_pb_column type=&#8220;4_4&#8243; _builder_version=&#8220;4.16&#8243; custom_padding=&#8220;|||&#8220; global_colors_info=&#8220;{}&#8220; custom_padding__hover=&#8220;|||&#8220;][et_pb_text _builder_version=&#8220;4.16&#8243; header_2_font=&#8220;OpenSansLight|300||on|||||&#8220; header_2_text_align=&#8220;center&#8220; header_2_text_color=&#8220;#ffffff&#8220; header_2_font_size=&#8220;35px&#8220; header_2_line_height=&#8220;1.3em&#8220; header_2_font_size_tablet=&#8220;&#8220; header_2_font_size_phone=&#8220;22px&#8220; header_2_font_size_last_edited=&#8220;on|phone&#8220; global_colors_info=&#8220;{}&#8220;]<\/p>\n<h2>Sie m\u00f6chten uns kontaktieren?<\/h2>\n<p>[\/et_pb_text][et_pb_button button_url=&#8220;https:\/\/curocon.de\/kontakt&#8220; button_text=&#8220;Kontakt&#8220; button_alignment=&#8220;center&#8220; _builder_version=&#8220;4.16&#8243; _module_preset=&#8220;default&#8220; custom_button=&#8220;on&#8220; button_text_size=&#8220;15px&#8220; button_text_color=&#8220;#ffffff&#8220; button_border_width=&#8220;1px&#8220; button_font=&#8220;|||on|||||&#8220; custom_margin=&#8220;3px|||||&#8220; global_colors_info=&#8220;{}&#8220;][\/et_pb_button][\/et_pb_column][\/et_pb_row][\/et_pb_section][et_pb_section fb_built=&#8220;1&#8243; custom_padding_last_edited=&#8220;on|desktop&#8220; module_id=&#8220;historie&#8220; module_class=&#8220;ds-timeline&#8220; _builder_version=&#8220;4.16&#8243; background_color=&#8220;#e2e2e2&#8243; max_width=&#8220;3500px&#8220; module_alignment=&#8220;center&#8220; custom_padding=&#8220;20px||40px||false|false&#8220; custom_padding_tablet=&#8220;&#8220; custom_padding_phone=&#8220;30px||30px||true|false&#8220; global_colors_info=&#8220;{}&#8220;][et_pb_row _builder_version=&#8220;4.16&#8243; _module_preset=&#8220;default&#8220; custom_padding=&#8220;50px|||||&#8220; global_colors_info=&#8220;{}&#8220;][et_pb_column type=&#8220;4_4&#8243; _builder_version=&#8220;4.16&#8243; _module_preset=&#8220;default&#8220; global_colors_info=&#8220;{}&#8220;][et_pb_text _builder_version=&#8220;4.16&#8243; _module_preset=&#8220;default&#8220; header_2_font=&#8220;OpenSansLight|300||on|||||&#8220; header_2_text_align=&#8220;center&#8220; header_2_text_color=&#8220;#002949&#8243; header_2_font_size=&#8220;35px&#8220; custom_margin=&#8220;||-100px||false|false&#8220; custom_margin_tablet=&#8220;&#8220; custom_margin_phone=&#8220;||-20px||false|false&#8220; custom_margin_last_edited=&#8220;on|phone&#8220; header_2_font_size_tablet=&#8220;&#8220; header_2_font_size_phone=&#8220;30px&#8220; header_2_font_size_last_edited=&#8220;on|phone&#8220; global_colors_info=&#8220;{}&#8220;]<\/p>\n<h2>Unsere Historie<\/h2>\n<p>&nbsp;<\/p>\n<p>[\/et_pb_text][\/et_pb_column][\/et_pb_row][et_pb_row column_structure=&#8220;1_2,1_2&#8243; use_custom_gutter=&#8220;on&#8220; gutter_width=&#8220;1&#8243; module_class=&#8220;timeline-item speak-soon odd&#8220; _builder_version=&#8220;4.16&#8243; background_size=&#8220;initial&#8220; background_position=&#8220;top_left&#8220; background_repeat=&#8220;repeat&#8220; custom_margin=&#8220;-90px||||false|false&#8220; filter_contrast=&#8220;0%&#8220; filter_opacity=&#8220;0%&#8220; custom_css_main_element=&#8220;visibility:hidden;&#8220; global_colors_info=&#8220;{}&#8220;][et_pb_column type=&#8220;1_2&#8243; module_class=&#8220;col-date-lightblue&#8220; _builder_version=&#8220;4.16&#8243; custom_padding=&#8220;|||&#8220; global_colors_info=&#8220;{}&#8220; custom_padding__hover=&#8220;|||&#8220;][\/et_pb_column][et_pb_column type=&#8220;1_2&#8243; module_class=&#8220;col-details&#8220; _builder_version=&#8220;4.16&#8243; custom_padding=&#8220;|||&#8220; global_colors_info=&#8220;{}&#8220; custom_padding__hover=&#8220;|||&#8220;][et_pb_text admin_label=&#8220;Speak Title&#8220; module_class=&#8220;tm-title-lightgray&#8220; _builder_version=&#8220;4.16&#8243; header_font=&#8220;||||||||&#8220; header_3_font=&#8220;Poppins|500|||||||&#8220; global_colors_info=&#8220;{}&#8220;]<\/p>\n<h3>Ereignis 2<\/h3>\n<p>[\/et_pb_text][et_pb_text disabled_on=&#8220;off|off|off&#8220; admin_label=&#8220;Speak Description&#8220; module_class=&#8220;tm-desc&#8220; _builder_version=&#8220;4.16&#8243; text_font=&#8220;Open Sans||||||||&#8220; custom_margin=&#8220;||||false|false&#8220; custom_margin_tablet=&#8220;&#8220; custom_margin_phone=&#8220;-100px||||false|false&#8220; custom_margin_last_edited=&#8220;on|phone&#8220; global_colors_info=&#8220;{}&#8220;]Diesen Text nicht entfernen[\/et_pb_text][\/et_pb_column][\/et_pb_row][et_pb_row column_structure=&#8220;1_2,1_2&#8243; use_custom_gutter=&#8220;on&#8220; gutter_width=&#8220;1&#8243; module_class=&#8220;timeline-item speak-soon even&#8220; _builder_version=&#8220;4.16&#8243; background_size=&#8220;initial&#8220; background_position=&#8220;top_left&#8220; background_repeat=&#8220;repeat&#8220; global_colors_info=&#8220;{}&#8220;][et_pb_column type=&#8220;1_2&#8243; module_class=&#8220;col-date&#8220; _builder_version=&#8220;4.16&#8243; custom_padding=&#8220;|||&#8220; global_colors_info=&#8220;{}&#8220; custom_padding__hover=&#8220;|||&#8220;][et_pb_text admin_label=&#8220;Speak Title&#8220; module_class=&#8220;tm-title-lightblue&#8220; _builder_version=&#8220;4.17.4&#8243; header_font=&#8220;||||||||&#8220; header_3_font=&#8220;Poppins|500|||||||&#8220; custom_margin=&#8220;-35px||||false|false&#8220; border_width_left=&#8220;7px&#8220; border_color_left=&#8220;#e02b20&#8243; global_colors_info=&#8220;{}&#8220;]<\/p>\n<h3>2022<\/h3>\n<p>[\/et_pb_text][et_pb_text disabled_on=&#8220;off|off|off&#8220; admin_label=&#8220;Speak Description&#8220; module_class=&#8220;tm-desc&#8220; _builder_version=&#8220;4.17.4&#8243; text_font=&#8220;||||||||&#8220; link_font=&#8220;||||||||&#8220; link_text_color=&#8220;#00a99d&#8220; global_colors_info=&#8220;{}&#8220;]<\/p>\n<p><span style=\"color: #001442;\"><strong><\/strong><\/span>Einf\u00fchrung <span style=\"color: #001442;\"><strong>CuroCon<em>trol\u00ae <\/em><\/strong>f\u00fcr <strong>Batteriepr\u00fcfst\u00e4nde<\/strong><\/span><\/p>\n<p>[\/et_pb_text][\/et_pb_column][et_pb_column type=&#8220;1_2&#8243; module_class=&#8220;col-details&#8220; _builder_version=&#8220;4.16&#8243; custom_padding=&#8220;|||&#8220; global_colors_info=&#8220;{}&#8220; custom_padding__hover=&#8220;|||&#8220;][\/et_pb_column][\/et_pb_row][et_pb_row column_structure=&#8220;1_2,1_2&#8243; use_custom_gutter=&#8220;on&#8220; gutter_width=&#8220;1&#8243; module_class=&#8220;timeline-item speak-soon odd&#8220; _builder_version=&#8220;4.16&#8243; background_size=&#8220;initial&#8220; background_position=&#8220;top_left&#8220; background_repeat=&#8220;repeat&#8220; global_colors_info=&#8220;{}&#8220;][et_pb_column type=&#8220;1_2&#8243; module_class=&#8220;col-date-lightblue&#8220; _builder_version=&#8220;4.16&#8243; custom_padding=&#8220;|||&#8220; global_colors_info=&#8220;{}&#8220; custom_padding__hover=&#8220;|||&#8220;][et_pb_text admin_label=&#8220;Speak Title&#8220; module_class=&#8220;tm-title-lightgray&#8220; _builder_version=&#8220;4.16&#8243; header_font=&#8220;||||||||&#8220; header_3_font=&#8220;Poppins|500|||||||&#8220; custom_margin=&#8220;-35px||||false|false&#8220; global_colors_info=&#8220;{}&#8220;]<\/p>\n<h3>2021<\/h3>\n<p>[\/et_pb_text][et_pb_text disabled_on=&#8220;off|off|off&#8220; admin_label=&#8220;Speak Description&#8220; module_class=&#8220;tm-desc&#8220; _builder_version=&#8220;4.16&#8243; text_font=&#8220;Open Sans||||||||&#8220; global_colors_info=&#8220;{}&#8220;]<\/p>\n<p><span style=\"color: #001442;\"><strong>20 j\u00e4hriges Firmenjubil\u00e4um<\/strong><\/span><\/p>\n<p>[\/et_pb_text][\/et_pb_column][et_pb_column type=&#8220;1_2&#8243; module_class=&#8220;col-details&#8220; _builder_version=&#8220;4.16&#8243; custom_padding=&#8220;|||&#8220; global_colors_info=&#8220;{}&#8220; custom_padding__hover=&#8220;|||&#8220;][\/et_pb_column][\/et_pb_row][et_pb_row column_structure=&#8220;1_2,1_2&#8243; use_custom_gutter=&#8220;on&#8220; gutter_width=&#8220;1&#8243; module_class=&#8220;timeline-item speak-soon even&#8220; _builder_version=&#8220;4.16&#8243; background_size=&#8220;initial&#8220; background_position=&#8220;top_left&#8220; background_repeat=&#8220;repeat&#8220; global_colors_info=&#8220;{}&#8220;][et_pb_column type=&#8220;1_2&#8243; module_class=&#8220;col-date&#8220; _builder_version=&#8220;4.16&#8243; custom_padding=&#8220;|||&#8220; global_colors_info=&#8220;{}&#8220; custom_padding__hover=&#8220;|||&#8220;][et_pb_text admin_label=&#8220;Speak Title&#8220; module_class=&#8220;tm-title-lightblue&#8220; _builder_version=&#8220;4.16&#8243; header_font=&#8220;||||||||&#8220; header_3_font=&#8220;Poppins|500|||||||&#8220; custom_margin=&#8220;-35px||||false|false&#8220; border_width_left=&#8220;7px&#8220; border_color_left=&#8220;#e02b20&#8243; global_colors_info=&#8220;{}&#8220;]<\/p>\n<h3>2020<\/h3>\n<p>[\/et_pb_text][et_pb_text disabled_on=&#8220;off|off|off&#8220; admin_label=&#8220;Speak Description&#8220; module_class=&#8220;tm-desc&#8220; _builder_version=&#8220;4.16&#8243; text_font=&#8220;||||||||&#8220; link_font=&#8220;||||||||&#8220; link_text_color=&#8220;#00a99d&#8220; global_colors_info=&#8220;{}&#8220;]<\/p>\n<p><span style=\"color: #001442;\"><strong><\/strong><\/span>Schaltschrankbasierte <span style=\"color: #001442;\"><strong>Lade-Infrastruktur AC + DC-High-Power-Charging <\/strong><\/span>am Firmenstandort<\/p>\n<p>[\/et_pb_text][\/et_pb_column][et_pb_column type=&#8220;1_2&#8243; module_class=&#8220;col-details&#8220; _builder_version=&#8220;4.16&#8243; custom_padding=&#8220;|||&#8220; global_colors_info=&#8220;{}&#8220; custom_padding__hover=&#8220;|||&#8220;][\/et_pb_column][\/et_pb_row][et_pb_row column_structure=&#8220;1_2,1_2&#8243; use_custom_gutter=&#8220;on&#8220; gutter_width=&#8220;1&#8243; module_class=&#8220;timeline-item speak-soon odd&#8220; _builder_version=&#8220;4.16&#8243; background_size=&#8220;initial&#8220; background_position=&#8220;top_left&#8220; background_repeat=&#8220;repeat&#8220; global_colors_info=&#8220;{}&#8220;][et_pb_column type=&#8220;1_2&#8243; module_class=&#8220;col-date-lightblue&#8220; _builder_version=&#8220;4.16&#8243; custom_padding=&#8220;|||&#8220; global_colors_info=&#8220;{}&#8220; custom_padding__hover=&#8220;|||&#8220;][et_pb_text admin_label=&#8220;Speak Title&#8220; module_class=&#8220;tm-title-lightgray&#8220; _builder_version=&#8220;4.16&#8243; header_font=&#8220;||||||||&#8220; header_3_font=&#8220;Poppins|500|||||||&#8220; custom_margin=&#8220;-35px||||false|false&#8220; global_colors_info=&#8220;{}&#8220;]<\/p>\n<h3>2019<\/h3>\n<p>[\/et_pb_text][et_pb_text disabled_on=&#8220;off|off|off&#8220; admin_label=&#8220;Speak Description&#8220; module_class=&#8220;tm-desc&#8220; _builder_version=&#8220;4.16&#8243; text_font=&#8220;Open Sans||||||||&#8220; global_colors_info=&#8220;{}&#8220;]<span style=\"color: rgba(255, 255, 255, 0);\"><span style=\"color: #001442;\"><strong>Bezug <\/strong><\/span><\/span>neues <span style=\"color: #001442;\"><strong>Firmengeb\u00e4ude <\/strong><\/span>mit <span style=\"color: rgba(255, 255, 255, 0);\"><span style=\"color: #001442;\"><strong>Produktions-\/Montagehalle<\/strong><\/span>[\/et_pb_text][\/et_pb_column][et_pb_column type=&#8220;1_2&#8243; module_class=&#8220;col-details&#8220; _builder_version=&#8220;4.16&#8243; custom_padding=&#8220;|||&#8220; global_colors_info=&#8220;{}&#8220; custom_padding__hover=&#8220;|||&#8220;][\/et_pb_column][\/et_pb_row][et_pb_row column_structure=&#8220;1_2,1_2&#8243; use_custom_gutter=&#8220;on&#8220; gutter_width=&#8220;1&#8243; module_class=&#8220;timeline-item speak-soon even&#8220; _builder_version=&#8220;4.16&#8243; background_size=&#8220;initial&#8220; background_position=&#8220;top_left&#8220; background_repeat=&#8220;repeat&#8220; global_colors_info=&#8220;{}&#8220;][et_pb_column type=&#8220;1_2&#8243; module_class=&#8220;col-date-gray&#8220; _builder_version=&#8220;4.16&#8243; custom_padding=&#8220;|||&#8220; global_colors_info=&#8220;{}&#8220; custom_padding__hover=&#8220;|||&#8220;][et_pb_text admin_label=&#8220;Speak Title&#8220; module_class=&#8220;tm-title&#8220; _builder_version=&#8220;4.16&#8243; header_font=&#8220;||||||||&#8220; header_3_font=&#8220;Poppins|500|||||||&#8220; custom_margin=&#8220;-35px||||false|false&#8220; border_width_left=&#8220;7px&#8220; border_color_left=&#8220;#e02b20&#8243; global_colors_info=&#8220;{}&#8220;]<\/p>\n<h3>2018<\/h3>\n<p>[\/et_pb_text][et_pb_text disabled_on=&#8220;off|off|off&#8220; admin_label=&#8220;Speak Description&#8220; module_class=&#8220;tm-desc&#8220; _builder_version=&#8220;4.16&#8243; text_font=&#8220;Open Sans||||||||&#8220; link_font=&#8220;||||||||&#8220; link_text_color=&#8220;#00a99d&#8220; global_colors_info=&#8220;{}&#8220;]<\/p>\n<p>Einstieg in <a href=\"https:\/\/www.curocon.de\/produkte\/#energetisch\" target=\"_blank\" rel=\"noopener\" title=\"https:\/\/www.curocon.de\/produkte\/#energetisch\"><span style=\"color: #001442;\"><strong>energetische Automatisierung <\/strong><\/span><\/a>f\u00fcr Energie-\/Lastmanagement<\/p>\n<p>[\/et_pb_text][\/et_pb_column][et_pb_column type=&#8220;1_2&#8243; module_class=&#8220;col-details&#8220; _builder_version=&#8220;4.16&#8243; custom_padding=&#8220;|||&#8220; global_colors_info=&#8220;{}&#8220; custom_padding__hover=&#8220;|||&#8220;][\/et_pb_column][\/et_pb_row][et_pb_row column_structure=&#8220;1_2,1_2&#8243; use_custom_gutter=&#8220;on&#8220; gutter_width=&#8220;1&#8243; module_class=&#8220;timeline-item speak-soon odd&#8220; _builder_version=&#8220;4.16&#8243; background_size=&#8220;initial&#8220; background_position=&#8220;top_left&#8220; background_repeat=&#8220;repeat&#8220; global_colors_info=&#8220;{}&#8220;][et_pb_column type=&#8220;1_2&#8243; module_class=&#8220;col-date-lightgray&#8220; _builder_version=&#8220;4.16&#8243; custom_padding=&#8220;|||&#8220; global_colors_info=&#8220;{}&#8220; custom_padding__hover=&#8220;|||&#8220;][et_pb_text admin_label=&#8220;Speak Title&#8220; module_class=&#8220;tm-title-gray&#8220; _builder_version=&#8220;4.16&#8243; header_font=&#8220;||||||||&#8220; header_3_font=&#8220;Poppins|500|||||||&#8220; custom_margin=&#8220;-35px||||false|false&#8220; global_colors_info=&#8220;{}&#8220;]<\/p>\n<h3>2017<\/h3>\n<p>[\/et_pb_text][et_pb_text disabled_on=&#8220;off|off|off&#8220; admin_label=&#8220;Speak Description&#8220; module_class=&#8220;tm-desc&#8220; _builder_version=&#8220;4.16&#8243; text_font=&#8220;Open Sans||||||||&#8220; global_colors_info=&#8220;{}&#8220;]<\/p>\n<p>Entwicklung High-Level-Kommunikation- und Ladel\u00f6sung<a href=\"https:\/\/www.curocon.de\/wp-content\/uploads\/2021\/06\/CuroCon_DCLinkUP_Datenblatt_Homepage.pdf\" target=\"_blank\" rel=\"noopener\" title=\"https:\/\/www.curocon.de\/wp-content\/uploads\/2021\/06\/CuroCon_DCLinkUP_Datenblatt_Homepage.pdf\"><span style=\"color: #001442;\"><strong> DC Link Up<span style=\"color: #666666;\">\u00ae<\/span><\/strong><\/span><\/a><\/p>\n<p>[\/et_pb_text][\/et_pb_column][et_pb_column type=&#8220;1_2&#8243; module_class=&#8220;col-details&#8220; _builder_version=&#8220;4.16&#8243; custom_padding=&#8220;|||&#8220; global_colors_info=&#8220;{}&#8220; custom_padding__hover=&#8220;|||&#8220;][\/et_pb_column][\/et_pb_row][et_pb_row column_structure=&#8220;1_2,1_2&#8243; use_custom_gutter=&#8220;on&#8220; gutter_width=&#8220;1&#8243; module_class=&#8220;timeline-item speak-soon even&#8220; _builder_version=&#8220;4.16&#8243; background_size=&#8220;initial&#8220; background_position=&#8220;top_left&#8220; background_repeat=&#8220;repeat&#8220; global_colors_info=&#8220;{}&#8220;][et_pb_column type=&#8220;1_2&#8243; module_class=&#8220;col-date&#8220; _builder_version=&#8220;4.16&#8243; custom_padding=&#8220;|||&#8220; global_colors_info=&#8220;{}&#8220; custom_padding__hover=&#8220;|||&#8220;][et_pb_text admin_label=&#8220;Speak Title&#8220; module_class=&#8220;tm-title-lightblue&#8220; _builder_version=&#8220;4.16&#8243; header_font=&#8220;||||||||&#8220; header_3_font=&#8220;Poppins|500|||||||&#8220; custom_margin=&#8220;-35px||||false|false&#8220; border_width_left=&#8220;7px&#8220; border_color_left=&#8220;#e02b20&#8243; global_colors_info=&#8220;{}&#8220;]<\/p>\n<h3>2016<\/h3>\n<p>[\/et_pb_text][et_pb_text disabled_on=&#8220;off|off|off&#8220; admin_label=&#8220;Speak Description&#8220; module_class=&#8220;tm-desc&#8220; _builder_version=&#8220;4.16&#8243; text_font=&#8220;Open Sans||||||||&#8220; link_font=&#8220;||||||||&#8220; link_text_color=&#8220;#00a99d&#8220; global_colors_info=&#8220;{}&#8220;]<\/p>\n<p>Erste \u00f6ffentlich gef\u00f6rderte <span style=\"color: #001442;\"><a href=\"https:\/\/www.curocon.de\/produkte\/#forschung\" target=\"_blank\" rel=\"noopener\" title=\"https:\/\/www.curocon.de\/produkte\/#forschung\"><span style=\"color: #001442;\"><strong> F&amp;E-Projekte <\/strong><\/span><\/a>(BMWi)<\/span><\/p>\n<p>[\/et_pb_text][\/et_pb_column][et_pb_column type=&#8220;1_2&#8243; module_class=&#8220;col-details&#8220; _builder_version=&#8220;4.16&#8243; custom_padding=&#8220;|||&#8220; global_colors_info=&#8220;{}&#8220; custom_padding__hover=&#8220;|||&#8220;][\/et_pb_column][\/et_pb_row][et_pb_row column_structure=&#8220;1_2,1_2&#8243; use_custom_gutter=&#8220;on&#8220; gutter_width=&#8220;1&#8243; module_class=&#8220;timeline-item speak-soon even&#8220; _builder_version=&#8220;4.16&#8243; background_size=&#8220;initial&#8220; background_position=&#8220;top_left&#8220; background_repeat=&#8220;repeat&#8220; global_colors_info=&#8220;{}&#8220;][et_pb_column type=&#8220;1_2&#8243; module_class=&#8220;col-date-gray&#8220; _builder_version=&#8220;4.16&#8243; custom_padding=&#8220;|||&#8220; global_colors_info=&#8220;{}&#8220; custom_padding__hover=&#8220;|||&#8220;][\/et_pb_column][et_pb_column type=&#8220;1_2&#8243; module_class=&#8220;col-details&#8220; _builder_version=&#8220;4.16&#8243; custom_padding=&#8220;|||&#8220; global_colors_info=&#8220;{}&#8220; custom_padding__hover=&#8220;|||&#8220;][et_pb_text admin_label=&#8220;Speak Title&#8220; module_class=&#8220;tm-title&#8220; _builder_version=&#8220;4.16&#8243; header_font=&#8220;||||||||&#8220; header_3_font=&#8220;Poppins|500|||||||&#8220; border_width_left=&#8220;7px&#8220; border_color_left=&#8220;#e02b20&#8243; global_colors_info=&#8220;{}&#8220;]<\/p>\n<h3>2015<\/h3>\n<p>[\/et_pb_text][et_pb_text disabled_on=&#8220;off|off|off&#8220; admin_label=&#8220;Speak Description&#8220; module_class=&#8220;tm-desc&#8220; _builder_version=&#8220;4.16&#8243; text_font=&#8220;Open Sans||||||||&#8220; link_font=&#8220;||||||||&#8220; link_text_color=&#8220;#00a99d&#8220; global_colors_info=&#8220;{}&#8220;]<\/p>\n<p><span style=\"color: #001442;\"><strong><\/strong><\/span><span style=\"color: #666666;\">Einstieg in <span style=\"color: #001442;\"><strong>mobile Automatisierung f\u00fcr E-Mobilit\u00e4t<\/strong><\/span> mit <a href=\"https:\/\/www.curocon.de\/wp-content\/uploads\/2021\/02\/CuroControl-MSRV_Datenblatt_20210125.pdf\" target=\"_blank\" rel=\"noopener\" title=\"https:\/\/www.curocon.de\/wp-content\/uploads\/2021\/02\/CuroControl-MSRV_Datenblatt_20210125.pdf\"><span style=\"color: #001442;\"><strong>CuroCon<span style=\"color: rgba(62, 112, 153, 0.34);\"><em>trol<\/em><\/span>\u00aeMSRV<\/strong><\/span><\/a><\/span><\/p>\n<p>[\/et_pb_text][\/et_pb_column][\/et_pb_row][et_pb_row column_structure=&#8220;1_2,1_2&#8243; use_custom_gutter=&#8220;on&#8220; gutter_width=&#8220;1&#8243; module_class=&#8220;timeline-item speak-soon odd&#8220; _builder_version=&#8220;4.16&#8243; background_size=&#8220;initial&#8220; background_position=&#8220;top_left&#8220; background_repeat=&#8220;repeat&#8220; global_colors_info=&#8220;{}&#8220;][et_pb_column type=&#8220;1_2&#8243; module_class=&#8220;col-date-lightblue&#8220; _builder_version=&#8220;4.16&#8243; custom_padding=&#8220;|||&#8220; global_colors_info=&#8220;{}&#8220; custom_padding__hover=&#8220;|||&#8220;][\/et_pb_column][et_pb_column type=&#8220;1_2&#8243; module_class=&#8220;col-details&#8220; _builder_version=&#8220;4.16&#8243; custom_padding=&#8220;|||&#8220; global_colors_info=&#8220;{}&#8220; custom_padding__hover=&#8220;|||&#8220;][et_pb_text admin_label=&#8220;Speak Title&#8220; module_class=&#8220;tm-title-lightgray&#8220; _builder_version=&#8220;4.16&#8243; header_font=&#8220;||||||||&#8220; header_3_font=&#8220;Poppins|500|||||||&#8220; global_colors_info=&#8220;{}&#8220;]<\/p>\n<h3>2013<\/h3>\n<p>[\/et_pb_text][et_pb_text disabled_on=&#8220;off|off|off&#8220; admin_label=&#8220;Speak Description&#8220; module_class=&#8220;tm-desc&#8220; _builder_version=&#8220;4.16&#8243; text_font=&#8220;Open Sans||||||||&#8220; global_colors_info=&#8220;{}&#8220;]<\/p>\n<p><span style=\"color: #666666;\">Beschriftungsanlagen <span style=\"color: #001442;\"><strong>CuroCon<span style=\"color: rgba(62, 112, 153, 0.34);\"><em>mark<\/em><\/span>\u00ae<\/strong><\/span> f\u00fcr Produktkennzeichnung<\/span><\/p>\n<p>[\/et_pb_text][\/et_pb_column][\/et_pb_row][et_pb_row column_structure=&#8220;1_2,1_2&#8243; use_custom_gutter=&#8220;on&#8220; gutter_width=&#8220;1&#8243; module_class=&#8220;timeline-item speak-soon even&#8220; _builder_version=&#8220;4.16&#8243; background_size=&#8220;initial&#8220; background_position=&#8220;top_left&#8220; background_repeat=&#8220;repeat&#8220; global_colors_info=&#8220;{}&#8220;][et_pb_column type=&#8220;1_2&#8243; module_class=&#8220;col-date-gray&#8220; _builder_version=&#8220;4.16&#8243; custom_padding=&#8220;|||&#8220; global_colors_info=&#8220;{}&#8220; custom_padding__hover=&#8220;|||&#8220;][\/et_pb_column][et_pb_column type=&#8220;1_2&#8243; module_class=&#8220;col-details&#8220; _builder_version=&#8220;4.16&#8243; custom_padding=&#8220;|||&#8220; global_colors_info=&#8220;{}&#8220; custom_padding__hover=&#8220;|||&#8220;][et_pb_text admin_label=&#8220;Speak Title&#8220; module_class=&#8220;tm-title&#8220; _builder_version=&#8220;4.16&#8243; header_font=&#8220;||||||||&#8220; header_3_font=&#8220;Poppins|500|||||||&#8220; border_width_left=&#8220;7px&#8220; border_color_left=&#8220;#e02b20&#8243; global_colors_info=&#8220;{}&#8220;]<\/p>\n<h3>2012<\/h3>\n<p>[\/et_pb_text][et_pb_text disabled_on=&#8220;off|off|off&#8220; admin_label=&#8220;Speak Description&#8220; module_class=&#8220;tm-desc&#8220; _builder_version=&#8220;4.16&#8243; text_font=&#8220;Open Sans||||||||&#8220; link_font=&#8220;||||||||&#8220; link_text_color=&#8220;#00a99d&#8220; global_colors_info=&#8220;{}&#8220;]<\/p>\n<p><span style=\"color: #666666;\">Entwicklung <a href=\"https:\/\/www.curocon.de\/wp-content\/uploads\/2021\/02\/CuroConvirt_Datenblatt_20210125.pdf\" target=\"_blank\" rel=\"noopener\" title=\"https:\/\/www.curocon.de\/wp-content\/uploads\/2021\/02\/CuroConvirt_Datenblatt_20210125.pdf\"><span style=\"color: #001442;\"><strong>Virtueller Getriebe-Pr\u00fcfstand CuroCon<span style=\"color: rgba(62, 112, 153, 0.34);\"><em>virt<\/em><\/span>\u00ae <\/strong><\/span><\/a>zur Pr\u00fcfprogramm-Simulation<\/span><\/p>\n<p>[\/et_pb_text][\/et_pb_column][\/et_pb_row][et_pb_row column_structure=&#8220;1_2,1_2&#8243; use_custom_gutter=&#8220;on&#8220; gutter_width=&#8220;1&#8243; module_class=&#8220;timeline-item speak-soon odd&#8220; _builder_version=&#8220;4.16&#8243; background_size=&#8220;initial&#8220; background_position=&#8220;top_left&#8220; background_repeat=&#8220;repeat&#8220; global_colors_info=&#8220;{}&#8220;][et_pb_column type=&#8220;1_2&#8243; module_class=&#8220;col-date-lightgray&#8220; _builder_version=&#8220;4.16&#8243; custom_padding=&#8220;|||&#8220; global_colors_info=&#8220;{}&#8220; custom_padding__hover=&#8220;|||&#8220;][et_pb_text admin_label=&#8220;Speak Date \/ Location&#8220; module_class=&#8220;tm-date&#8220; _builder_version=&#8220;4.16&#8243; text_font=&#8220;Open Sans||||||||&#8220; header_font=&#8220;||||||||&#8220; header_4_font=&#8220;Poppins||||||||&#8220; filter_opacity=&#8220;0%&#8220; global_colors_info=&#8220;{}&#8220;]<\/p>\n<p>Apr 1, 2010<\/p>\n<p>[\/et_pb_text][\/et_pb_column][et_pb_column type=&#8220;1_2&#8243; module_class=&#8220;col-details&#8220; _builder_version=&#8220;4.16&#8243; custom_padding=&#8220;|||&#8220; global_colors_info=&#8220;{}&#8220; custom_padding__hover=&#8220;|||&#8220;][et_pb_text admin_label=&#8220;Speak Title&#8220; module_class=&#8220;tm-title-gray&#8220; _builder_version=&#8220;4.16&#8243; header_font=&#8220;||||||||&#8220; header_3_font=&#8220;Poppins|500|||||||&#8220; global_colors_info=&#8220;{}&#8220;]<\/p>\n<h3>2011<\/h3>\n<p>[\/et_pb_text][et_pb_text disabled_on=&#8220;off|off|off&#8220; admin_label=&#8220;Speak Description&#8220; module_class=&#8220;tm-desc&#8220; _builder_version=&#8220;4.16&#8243; text_font=&#8220;Open Sans||||||||&#8220; global_colors_info=&#8220;{}&#8220;]<\/p>\n<p>Markteintritt <span style=\"color: #001442;\"><strong>USA <\/strong><\/span>im Pr\u00fcfstands-\/Anlagenbau<\/p>\n<p>[\/et_pb_text][\/et_pb_column][\/et_pb_row][et_pb_row column_structure=&#8220;1_2,1_2&#8243; use_custom_gutter=&#8220;on&#8220; gutter_width=&#8220;1&#8243; module_class=&#8220;timeline-item speak-soon even&#8220; _builder_version=&#8220;4.16&#8243; background_size=&#8220;initial&#8220; background_position=&#8220;top_left&#8220; background_repeat=&#8220;repeat&#8220; global_colors_info=&#8220;{}&#8220;][et_pb_column type=&#8220;1_2&#8243; module_class=&#8220;col-date&#8220; _builder_version=&#8220;4.16&#8243; custom_padding=&#8220;|||&#8220; global_colors_info=&#8220;{}&#8220; custom_padding__hover=&#8220;|||&#8220;][\/et_pb_column][et_pb_column type=&#8220;1_2&#8243; module_class=&#8220;col-details&#8220; _builder_version=&#8220;4.16&#8243; custom_padding=&#8220;|||&#8220; global_colors_info=&#8220;{}&#8220; custom_padding__hover=&#8220;|||&#8220;][et_pb_text admin_label=&#8220;Speak Title&#8220; module_class=&#8220;tm-title-lightblue&#8220; _builder_version=&#8220;4.16&#8243; header_font=&#8220;||||||||&#8220; header_3_font=&#8220;Poppins|500|||||||&#8220; border_width_left=&#8220;7px&#8220; border_color_left=&#8220;#e02b20&#8243; global_colors_info=&#8220;{}&#8220;]<\/p>\n<h3>2010<\/h3>\n<p>[\/et_pb_text][et_pb_text disabled_on=&#8220;off|off|off&#8220; admin_label=&#8220;Speak Description&#8220; module_class=&#8220;tm-desc&#8220; _builder_version=&#8220;4.16&#8243; text_font=&#8220;Open Sans||||||||&#8220; link_font=&#8220;||||||||&#8220; link_text_color=&#8220;#00a99d&#8220; global_colors_info=&#8220;{}&#8220;]<\/p>\n<p><span style=\"color: #666666;\">Entwicklung Traktionsantriebs-Pr\u00fcfstand <a href=\"https:\/\/www.curocon.de\/wp-content\/uploads\/2021\/02\/CuroContract_Datenblatt_20210225.pdf\" target=\"_blank\" rel=\"noopener\" title=\"https:\/\/www.curocon.de\/wp-content\/uploads\/2021\/02\/CuroContract_Datenblatt_20210225.pdf\"><span style=\"color: #001442;\"><strong>CuroCon<\/strong><span style=\"color: rgba(62, 112, 153, 0.34);\"><em>tract<\/em><\/span>\u00ae<\/span><\/a><\/span><\/p>\n<p>[\/et_pb_text][\/et_pb_column][\/et_pb_row][et_pb_row column_structure=&#8220;1_2,1_2&#8243; use_custom_gutter=&#8220;on&#8220; gutter_width=&#8220;1&#8243; module_class=&#8220;timeline-item speak-soon odd&#8220; _builder_version=&#8220;4.16&#8243; background_size=&#8220;initial&#8220; background_position=&#8220;top_left&#8220; background_repeat=&#8220;repeat&#8220; global_colors_info=&#8220;{}&#8220;][et_pb_column type=&#8220;1_2&#8243; module_class=&#8220;col-date-lightblue&#8220; _builder_version=&#8220;4.16&#8243; custom_padding=&#8220;|||&#8220; global_colors_info=&#8220;{}&#8220; custom_padding__hover=&#8220;|||&#8220;][\/et_pb_column][et_pb_column type=&#8220;1_2&#8243; module_class=&#8220;col-details&#8220; _builder_version=&#8220;4.16&#8243; custom_padding=&#8220;|||&#8220; global_colors_info=&#8220;{}&#8220; custom_padding__hover=&#8220;|||&#8220;][et_pb_text admin_label=&#8220;Speak Title&#8220; module_class=&#8220;tm-title-lightgray&#8220; _builder_version=&#8220;4.16&#8243; header_font=&#8220;||||||||&#8220; header_3_font=&#8220;Poppins|500|||||||&#8220; global_colors_info=&#8220;{}&#8220;]<\/p>\n<h3>2009<\/h3>\n<p>[\/et_pb_text][et_pb_text disabled_on=&#8220;off|off|off&#8220; admin_label=&#8220;Speak Description&#8220; module_class=&#8220;tm-desc&#8220; _builder_version=&#8220;4.16&#8243; text_font=&#8220;Open Sans||||||||&#8220; global_colors_info=&#8220;{}&#8220;]<\/p>\n<p><span style=\"color: #666666;\">Erwerb des <span style=\"color: #001442;\"><strong>ersten E-Fahrzeugs als Entwicklungsplattform<\/strong><\/span> f\u00fcr Elektromobilit\u00e4t<\/span><\/p>\n<p>[\/et_pb_text][\/et_pb_column][\/et_pb_row][et_pb_row column_structure=&#8220;1_2,1_2&#8243; use_custom_gutter=&#8220;on&#8220; gutter_width=&#8220;1&#8243; module_class=&#8220;timeline-item speak-soon even&#8220; _builder_version=&#8220;4.16&#8243; background_size=&#8220;initial&#8220; background_position=&#8220;top_left&#8220; background_repeat=&#8220;repeat&#8220; global_colors_info=&#8220;{}&#8220;][et_pb_column type=&#8220;1_2&#8243; module_class=&#8220;col-date-gray&#8220; _builder_version=&#8220;4.16&#8243; custom_padding=&#8220;|||&#8220; global_colors_info=&#8220;{}&#8220; custom_padding__hover=&#8220;|||&#8220;][\/et_pb_column][et_pb_column type=&#8220;1_2&#8243; module_class=&#8220;col-details&#8220; _builder_version=&#8220;4.16&#8243; custom_padding=&#8220;|||&#8220; global_colors_info=&#8220;{}&#8220; custom_padding__hover=&#8220;|||&#8220;][et_pb_text admin_label=&#8220;Speak Title&#8220; module_class=&#8220;tm-title&#8220; _builder_version=&#8220;4.16&#8243; header_font=&#8220;||||||||&#8220; header_3_font=&#8220;Poppins|500|||||||&#8220; border_width_left=&#8220;7px&#8220; border_color_left=&#8220;#e02b20&#8243; global_colors_info=&#8220;{}&#8220;]<\/p>\n<h3>2006<\/h3>\n<p>[\/et_pb_text][et_pb_text disabled_on=&#8220;off|off|off&#8220; admin_label=&#8220;Speak Description&#8220; module_class=&#8220;tm-desc&#8220; _builder_version=&#8220;4.16&#8243; text_font=&#8220;Open Sans||||||||&#8220; link_font=&#8220;||||||||&#8220; link_text_color=&#8220;#00a99d&#8220; global_colors_info=&#8220;{}&#8220;]<\/p>\n<p><span style=\"color: #666666;\">Einf\u00fchrung <span style=\"color: #001442;\"><strong>Antriebsstrang-Simulation<\/strong><\/span> f\u00fcr Pr\u00fcfstandsauslegung<\/span><\/p>\n<p>[\/et_pb_text][\/et_pb_column][\/et_pb_row][et_pb_row column_structure=&#8220;1_2,1_2&#8243; use_custom_gutter=&#8220;on&#8220; gutter_width=&#8220;1&#8243; module_class=&#8220;timeline-item speak-soon odd&#8220; _builder_version=&#8220;4.16&#8243; background_size=&#8220;initial&#8220; background_position=&#8220;top_left&#8220; background_repeat=&#8220;repeat&#8220; global_colors_info=&#8220;{}&#8220;][et_pb_column type=&#8220;1_2&#8243; module_class=&#8220;col-date-lightgray&#8220; _builder_version=&#8220;4.16&#8243; custom_padding=&#8220;|||&#8220; global_colors_info=&#8220;{}&#8220; custom_padding__hover=&#8220;|||&#8220;][\/et_pb_column][et_pb_column type=&#8220;1_2&#8243; module_class=&#8220;col-details&#8220; _builder_version=&#8220;4.16&#8243; custom_padding=&#8220;|||&#8220; global_colors_info=&#8220;{}&#8220; custom_padding__hover=&#8220;|||&#8220;][et_pb_text admin_label=&#8220;Speak Title&#8220; module_class=&#8220;tm-title-gray&#8220; _builder_version=&#8220;4.16&#8243; header_font=&#8220;||||||||&#8220; header_3_font=&#8220;Poppins|500|||||||&#8220; global_colors_info=&#8220;{}&#8220;]<\/p>\n<h3>2005<\/h3>\n<p>[\/et_pb_text][et_pb_text disabled_on=&#8220;off|off|off&#8220; admin_label=&#8220;Speak Description&#8220; module_class=&#8220;tm-desc&#8220; _builder_version=&#8220;4.16&#8243; text_font=&#8220;Open Sans||||||||&#8220; global_colors_info=&#8220;{}&#8220;]<\/p>\n<p><span style=\"color: #001442;\"><strong><\/strong><\/span>Markteintritt <span style=\"color: #001442;\"><strong>China <\/strong><\/span>im Pr\u00fcfstands-\/Anlagenbau<\/p>\n<p>[\/et_pb_text][\/et_pb_column][\/et_pb_row][et_pb_row column_structure=&#8220;1_2,1_2&#8243; use_custom_gutter=&#8220;on&#8220; gutter_width=&#8220;1&#8243; module_class=&#8220;timeline-item speak-soon even&#8220; _builder_version=&#8220;4.16&#8243; background_size=&#8220;initial&#8220; background_position=&#8220;top_left&#8220; background_repeat=&#8220;repeat&#8220; global_colors_info=&#8220;{}&#8220;][et_pb_column type=&#8220;1_2&#8243; module_class=&#8220;col-date&#8220; _builder_version=&#8220;4.16&#8243; custom_padding=&#8220;|||&#8220; global_colors_info=&#8220;{}&#8220; custom_padding__hover=&#8220;|||&#8220;][\/et_pb_column][et_pb_column type=&#8220;1_2&#8243; module_class=&#8220;col-details&#8220; _builder_version=&#8220;4.16&#8243; custom_padding=&#8220;|||&#8220; global_colors_info=&#8220;{}&#8220; custom_padding__hover=&#8220;|||&#8220;][et_pb_text admin_label=&#8220;Speak Title&#8220; module_class=&#8220;tm-title-lightblue&#8220; _builder_version=&#8220;4.16&#8243; header_font=&#8220;||||||||&#8220; header_3_font=&#8220;Poppins|500|||||||&#8220; border_width_left=&#8220;7px&#8220; border_color_left=&#8220;#e02b20&#8243; global_colors_info=&#8220;{}&#8220;]<\/p>\n<h3>2004<\/h3>\n<p>[\/et_pb_text][et_pb_text disabled_on=&#8220;off|off|off&#8220; admin_label=&#8220;Speak Description&#8220; module_class=&#8220;tm-desc&#8220; _builder_version=&#8220;4.16&#8243; text_font=&#8220;Open Sans||||||||&#8220; link_font=&#8220;||||||||&#8220; link_text_color=&#8220;#00a99d&#8220; global_colors_info=&#8220;{}&#8220;]<\/p>\n<p><span style=\"color: #666666;\">Einf\u00fchrung eigenes Automatisierungssystem <a href=\"https:\/\/www.curocon.de\/wp-content\/uploads\/2021\/02\/CuroControl-M_Datenblatt_20210128-1.pdf\" target=\"_blank\" rel=\"noopener\" title=\"https:\/\/www.curocon.de\/wp-content\/uploads\/2021\/02\/CuroControl-M_Datenblatt_20210128-1.pdf\"><span style=\"color: #001442;\"><strong>CuroCon<span style=\"color: rgba(62, 112, 153, 0.34);\"><em>trol<\/em><\/span>\u00ae<\/strong><\/span><\/a><\/span><\/p>\n<p>[\/et_pb_text][\/et_pb_column][\/et_pb_row][et_pb_row column_structure=&#8220;1_2,1_2&#8243; use_custom_gutter=&#8220;on&#8220; gutter_width=&#8220;1&#8243; module_class=&#8220;timeline-item speak-soon odd&#8220; _builder_version=&#8220;4.16&#8243; background_size=&#8220;initial&#8220; background_position=&#8220;top_left&#8220; background_repeat=&#8220;repeat&#8220; global_colors_info=&#8220;{}&#8220;][et_pb_column type=&#8220;1_2&#8243; module_class=&#8220;col-date-lightblue&#8220; _builder_version=&#8220;4.16&#8243; custom_padding=&#8220;|||&#8220; global_colors_info=&#8220;{}&#8220; custom_padding__hover=&#8220;|||&#8220;][\/et_pb_column][et_pb_column type=&#8220;1_2&#8243; module_class=&#8220;col-details&#8220; _builder_version=&#8220;4.16&#8243; custom_padding=&#8220;|||&#8220; global_colors_info=&#8220;{}&#8220; custom_padding__hover=&#8220;|||&#8220;][et_pb_text admin_label=&#8220;Speak Title&#8220; module_class=&#8220;tm-title-lightgray&#8220; _builder_version=&#8220;4.16&#8243; header_font=&#8220;||||||||&#8220; header_3_font=&#8220;Poppins|500|||||||&#8220; global_colors_info=&#8220;{}&#8220;]<\/p>\n<h3>2002<\/h3>\n<p>[\/et_pb_text][et_pb_text disabled_on=&#8220;off|off|off&#8220; admin_label=&#8220;Speak Description&#8220; module_class=&#8220;tm-desc&#8220; _builder_version=&#8220;4.16&#8243; text_font=&#8220;Open Sans||||||||&#8220; global_colors_info=&#8220;{}&#8220;]<\/p>\n<p>Entwicklung <span style=\"color: #001442;\"><strong>Verbundregelung<\/strong> <\/span>f\u00fcr Allrad-Antriebsstrangnachbildung in Pr\u00fcfst\u00e4nden<\/p>\n<p>[\/et_pb_text][\/et_pb_column][\/et_pb_row][et_pb_row column_structure=&#8220;1_2,1_2&#8243; use_custom_gutter=&#8220;on&#8220; gutter_width=&#8220;1&#8243; module_class=&#8220;timeline-item speak-soon even&#8220; _builder_version=&#8220;4.16&#8243; background_size=&#8220;initial&#8220; background_position=&#8220;top_left&#8220; background_repeat=&#8220;repeat&#8220; global_colors_info=&#8220;{}&#8220;][et_pb_column type=&#8220;1_2&#8243; module_class=&#8220;col-date-gray&#8220; _builder_version=&#8220;4.16&#8243; custom_padding=&#8220;|||&#8220; global_colors_info=&#8220;{}&#8220; custom_padding__hover=&#8220;|||&#8220;][\/et_pb_column][et_pb_column type=&#8220;1_2&#8243; module_class=&#8220;col-details&#8220; _builder_version=&#8220;4.16&#8243; custom_padding=&#8220;|||&#8220; global_colors_info=&#8220;{}&#8220; custom_padding__hover=&#8220;|||&#8220;][et_pb_text admin_label=&#8220;Speak Title&#8220; module_class=&#8220;tm-title&#8220; _builder_version=&#8220;4.16&#8243; header_font=&#8220;||||||||&#8220; header_3_font=&#8220;Poppins|500|||||||&#8220; border_width_left=&#8220;7px&#8220; border_color_left=&#8220;#e02b20&#8243; global_colors_info=&#8220;{}&#8220;]<\/p>\n<h3>2001<\/h3>\n<p>[\/et_pb_text][et_pb_text disabled_on=&#8220;off|off|off&#8220; admin_label=&#8220;Speak Description&#8220; module_class=&#8220;tm-desc&#8220; _builder_version=&#8220;4.16&#8243; text_font=&#8220;Open Sans||||||||&#8220; link_font=&#8220;||||||||&#8220; link_text_color=&#8220;#00a99d&#8220; global_colors_info=&#8220;{}&#8220;]<\/p>\n<p><span style=\"color: #666666;\"><span style=\"color: #001442;\"><strong>Gr\u00fcndung<\/strong> <\/span>der <span style=\"color: #001442;\"><strong>CuroCon GmbH<\/strong><\/span> durch Dipl.-Ing. Bernhard M\u00fcller und Dipl.-Ing. Michael Wi\u00dfbach<\/span><\/p>\n<p>[\/et_pb_text][\/et_pb_column][\/et_pb_row][et_pb_row column_structure=&#8220;1_2,1_2&#8243; use_custom_gutter=&#8220;on&#8220; gutter_width=&#8220;1&#8243; module_class=&#8220;timeline-item speak-soon odd&#8220; _builder_version=&#8220;4.16&#8243; background_size=&#8220;initial&#8220; background_position=&#8220;top_left&#8220; background_repeat=&#8220;repeat&#8220; global_colors_info=&#8220;{}&#8220;][et_pb_column type=&#8220;1_2&#8243; module_class=&#8220;col-date-lightblue&#8220; _builder_version=&#8220;4.16&#8243; custom_padding=&#8220;|||&#8220; global_colors_info=&#8220;{}&#8220; custom_padding__hover=&#8220;|||&#8220;][\/et_pb_column][et_pb_column type=&#8220;1_2&#8243; module_class=&#8220;col-details&#8220; _builder_version=&#8220;4.16&#8243; custom_padding=&#8220;|||&#8220; global_colors_info=&#8220;{}&#8220; custom_padding__hover=&#8220;|||&#8220;][et_pb_text admin_label=&#8220;Speak Title&#8220; module_class=&#8220;tm-title-lightgray&#8220; _builder_version=&#8220;4.16&#8243; header_font=&#8220;||||||||&#8220; header_3_font=&#8220;Poppins|500|||||||&#8220; global_colors_info=&#8220;{}&#8220;]<\/p>\n<h3>1998<\/h3>\n<p>[\/et_pb_text][et_pb_text disabled_on=&#8220;off|off|off&#8220; admin_label=&#8220;Speak Description&#8220; module_class=&#8220;tm-desc&#8220; _builder_version=&#8220;4.16&#8243; text_font=&#8220;Open Sans||||||||&#8220; global_colors_info=&#8220;{}&#8220;]<\/p>\n<p><span style=\"color: #001442;\"><strong><\/strong><\/span>Entwicklung <span style=\"color: #001442;\"><strong>PC-basierte Automatisierung <\/strong><\/span>f\u00fcr Komponentenpr\u00fcfst\u00e4nde und Brennstoffzellenforschung<\/p>\n<p>[\/et_pb_text][\/et_pb_column][\/et_pb_row][et_pb_row column_structure=&#8220;1_2,1_2&#8243; use_custom_gutter=&#8220;on&#8220; gutter_width=&#8220;1&#8243; module_class=&#8220;timeline-item speak-soon even&#8220; _builder_version=&#8220;4.16&#8243; background_size=&#8220;initial&#8220; background_position=&#8220;top_left&#8220; background_repeat=&#8220;repeat&#8220; global_colors_info=&#8220;{}&#8220;][et_pb_column type=&#8220;1_2&#8243; module_class=&#8220;col-date&#8220; _builder_version=&#8220;4.16&#8243; custom_padding=&#8220;|||&#8220; global_colors_info=&#8220;{}&#8220; custom_padding__hover=&#8220;|||&#8220;][\/et_pb_column][et_pb_column type=&#8220;1_2&#8243; module_class=&#8220;col-details&#8220; _builder_version=&#8220;4.16&#8243; custom_padding=&#8220;|||&#8220; global_colors_info=&#8220;{}&#8220; custom_padding__hover=&#8220;|||&#8220;][et_pb_text admin_label=&#8220;Speak Title&#8220; module_class=&#8220;tm-title-gray&#8220; _builder_version=&#8220;4.16&#8243; header_font=&#8220;||||||||&#8220; header_3_font=&#8220;Poppins|500|||||||&#8220; global_colors_info=&#8220;{}&#8220;]<\/p>\n<h3>1996<\/h3>\n<p>[\/et_pb_text][et_pb_text disabled_on=&#8220;off|off|off&#8220; admin_label=&#8220;Speak Description&#8220; module_class=&#8220;tm-desc&#8220; _builder_version=&#8220;4.16&#8243; text_font=&#8220;Open Sans||||||||&#8220; global_colors_info=&#8220;{}&#8220;]<\/p>\n<p>Nachbildung von Fahrzeug-Antriebstr\u00e4ngen in Pr\u00fcfst\u00e4nden mittels <span style=\"color: #001442;\"><strong>dynamischer Drehstromantriebe<\/strong><\/span><\/p>\n<p>[\/et_pb_text][\/et_pb_column][\/et_pb_row][et_pb_row column_structure=&#8220;1_2,1_2&#8243; use_custom_gutter=&#8220;on&#8220; gutter_width=&#8220;1&#8243; module_class=&#8220;timeline-item speak-soon odd&#8220; _builder_version=&#8220;4.16&#8243; background_size=&#8220;initial&#8220; background_position=&#8220;top_left&#8220; background_repeat=&#8220;repeat&#8220; global_colors_info=&#8220;{}&#8220;][et_pb_column type=&#8220;1_2&#8243; module_class=&#8220;col-date-lightblue&#8220; _builder_version=&#8220;4.16&#8243; custom_padding=&#8220;|||&#8220; global_colors_info=&#8220;{}&#8220; custom_padding__hover=&#8220;|||&#8220;][\/et_pb_column][et_pb_column type=&#8220;1_2&#8243; module_class=&#8220;col-details&#8220; _builder_version=&#8220;4.16&#8243; custom_padding=&#8220;|||&#8220; global_colors_info=&#8220;{}&#8220; custom_padding__hover=&#8220;|||&#8220;][et_pb_text admin_label=&#8220;Speak Title&#8220; module_class=&#8220;tm-title-lightblue&#8220; _builder_version=&#8220;4.16&#8243; header_font=&#8220;||||||||&#8220; header_3_font=&#8220;Poppins|500|||||||&#8220; border_width_left=&#8220;7px&#8220; border_color_left=&#8220;#e02b20&#8243; global_colors_info=&#8220;{}&#8220;]<\/p>\n<h3>1994<\/h3>\n<p>[\/et_pb_text][et_pb_text disabled_on=&#8220;off|off|off&#8220; admin_label=&#8220;Speak Description&#8220; module_class=&#8220;tm-desc&#8220; _builder_version=&#8220;4.16&#8243; text_font=&#8220;Open Sans||||||||&#8220; link_font=&#8220;||||||||&#8220; link_text_color=&#8220;#00a99d&#8220; global_colors_info=&#8220;{}&#8220;]<\/p>\n<p><strong><span style=\"color: #001442;\"><\/span><\/strong>Einf\u00fchrung erste <span style=\"color: #001442;\"><strong>Digitalisierung<\/strong> <\/span>in Regelungstechnik, Leistungselektronik und Antriebstechnik<\/p>\n<p>[\/et_pb_text][\/et_pb_column][\/et_pb_row][et_pb_row column_structure=&#8220;1_2,1_2&#8243; use_custom_gutter=&#8220;on&#8220; gutter_width=&#8220;1&#8243; module_class=&#8220;timeline-item speak-soon even&#8220; _builder_version=&#8220;4.16&#8243; background_size=&#8220;initial&#8220; background_position=&#8220;top_left&#8220; background_repeat=&#8220;repeat&#8220; global_colors_info=&#8220;{}&#8220;][et_pb_column type=&#8220;1_2&#8243; module_class=&#8220;col-date-gray&#8220; _builder_version=&#8220;4.16&#8243; custom_padding=&#8220;|||&#8220; global_colors_info=&#8220;{}&#8220; custom_padding__hover=&#8220;|||&#8220;][\/et_pb_column][et_pb_column type=&#8220;1_2&#8243; module_class=&#8220;col-details&#8220; _builder_version=&#8220;4.16&#8243; custom_padding=&#8220;|||&#8220; global_colors_info=&#8220;{}&#8220; custom_padding__hover=&#8220;|||&#8220;][et_pb_text admin_label=&#8220;Speak Title&#8220; module_class=&#8220;tm-title-lightgray&#8220; _builder_version=&#8220;4.16&#8243; header_font=&#8220;||||||||&#8220; header_3_font=&#8220;Poppins|500|||||||&#8220; global_colors_info=&#8220;{}&#8220;]<\/p>\n<h3>1992<\/h3>\n<p>[\/et_pb_text][et_pb_text disabled_on=&#8220;off|off|off&#8220; admin_label=&#8220;Speak Description&#8220; module_class=&#8220;tm-desc&#8220; _builder_version=&#8220;4.16&#8243; text_font=&#8220;Open Sans||||||||&#8220; link_option_url=&#8220;https:\/\/www.curocon.de\/produkte\/#stationaer&#8220; link_option_url_new_window=&#8220;on&#8220; global_colors_info=&#8220;{}&#8220;]<\/p>\n<p><span style=\"color: #001442;\"><strong><\/strong><\/span><span style=\"color: #666666;\">Einstieg in <span style=\"color: #001442;\"><strong>station\u00e4re Automatisierung f\u00fcr Pr\u00fcfstands- und Anlagenbau<\/strong><\/span><\/span><\/p>\n<p>[\/et_pb_text][\/et_pb_column][\/et_pb_row][\/et_pb_section][et_pb_section fb_built=&#8220;1&#8243; module_id=&#8220;ausblick&#8220; _builder_version=&#8220;4.16&#8243; background_color=&#8220;#ffffff&#8220; max_width=&#8220;3500px&#8220; module_alignment=&#8220;center&#8220; custom_margin=&#8220;||0px||false|false&#8220; custom_padding=&#8220;0px||0px|||&#8220; global_colors_info=&#8220;{}&#8220;][et_pb_row column_structure=&#8220;1_3,1_3,1_3&#8243; _builder_version=&#8220;4.16&#8243; custom_css_main_element=&#8220;display: none;&#8220; custom_width_px=&#8220;1440px&#8220; global_colors_info=&#8220;{}&#8220;][et_pb_column type=&#8220;1_3&#8243; _builder_version=&#8220;4.16&#8243; custom_padding=&#8220;|||&#8220; global_colors_info=&#8220;{}&#8220; custom_padding__hover=&#8220;|||&#8220;][et_pb_blurb title=&#8220;Station\u00e4re Automatisierung&#8220; url=&#8220;https:\/\/curo-con.de\/produkte&#8220; image=&#8220;https:\/\/www.curocon.de\/wp-content\/uploads\/2021\/02\/stat.png&#8220; _builder_version=&#8220;4.16&#8243; header_font=&#8220;Alegreya Sans|800|||||||&#8220; header_text_color=&#8220;#ffffff&#8220; header_font_size=&#8220;20px&#8220; header_line_height=&#8220;1.8em&#8220; body_font=&#8220;Source Sans Pro||||||||&#8220; body_text_color=&#8220;#000000&#8243; body_font_size=&#8220;16px&#8220; body_line_height=&#8220;1.8em&#8220; background_color=&#8220;#263B66&#8243; text_orientation=&#8220;center&#8220; background_layout=&#8220;dark&#8220; custom_padding=&#8220;30px|16px|30px|16px|true|false&#8220; animation_style=&#8220;fold&#8220; border_color_all=&#8220;#4328B7&#8243; box_shadow_style=&#8220;preset1&#8243; box_shadow_blur=&#8220;60px&#8220; box_shadow_color=&#8220;rgba(60,60,200,0.4)&#8220; locked=&#8220;off&#8220; global_colors_info=&#8220;{}&#8220;][\/et_pb_blurb][\/et_pb_column][et_pb_column type=&#8220;1_3&#8243; _builder_version=&#8220;4.16&#8243; custom_padding=&#8220;|||&#8220; global_colors_info=&#8220;{}&#8220; custom_padding__hover=&#8220;|||&#8220;][et_pb_blurb title=&#8220;Mobile Automatisierung&#8220; url=&#8220;https:\/\/curo-con.de\/produkte\/#mobil&#8220; image=&#8220;https:\/\/www.curocon.de\/wp-content\/uploads\/2021\/02\/moau.png&#8220; _builder_version=&#8220;4.16&#8243; header_font=&#8220;Alegreya Sans|800|||||||&#8220; header_text_color=&#8220;#ffffff&#8220; header_font_size=&#8220;20px&#8220; header_line_height=&#8220;1.8em&#8220; body_font=&#8220;Source Sans Pro||||||||&#8220; body_text_color=&#8220;#000000&#8243; body_font_size=&#8220;16px&#8220; body_line_height=&#8220;1.8em&#8220; background_color=&#8220;#A2ADC3&#8243; text_orientation=&#8220;center&#8220; background_layout=&#8220;dark&#8220; custom_padding=&#8220;30px|16px|30px|16px&#8220; animation_style=&#8220;fold&#8220; animation_delay=&#8220;300ms&#8220; border_color_all=&#8220;#4328B7&#8243; box_shadow_style=&#8220;preset1&#8243; box_shadow_blur=&#8220;60px&#8220; box_shadow_color=&#8220;rgba(60,60,200,0.4)&#8220; locked=&#8220;off&#8220; global_colors_info=&#8220;{}&#8220;][\/et_pb_blurb][\/et_pb_column][et_pb_column type=&#8220;1_3&#8243; _builder_version=&#8220;4.16&#8243; custom_padding=&#8220;|||&#8220; global_colors_info=&#8220;{}&#8220; custom_padding__hover=&#8220;|||&#8220;][et_pb_blurb title=&#8220;Energetische Automatisierung&#8220; url=&#8220;https:\/\/curo-con.de\/produkte\/#energetisch&#8220; image=&#8220;https:\/\/www.curocon.de\/wp-content\/uploads\/2021\/02\/enau.png&#8220; _builder_version=&#8220;4.16&#8243; header_font=&#8220;Alegreya Sans|800|||||||&#8220; header_text_color=&#8220;#000000&#8243; header_font_size=&#8220;20px&#8220; header_line_height=&#8220;1.8em&#8220; body_font=&#8220;Source Sans Pro||||||||&#8220; body_text_color=&#8220;#000000&#8243; body_font_size=&#8220;16px&#8220; body_line_height=&#8220;1.8em&#8220; background_color=&#8220;#F5F5F5&#8243; text_orientation=&#8220;center&#8220; background_layout=&#8220;dark&#8220; custom_padding=&#8220;30px|16px|30px|16px&#8220; animation_style=&#8220;fold&#8220; animation_delay=&#8220;200ms&#8220; border_color_all=&#8220;#4328B7&#8243; box_shadow_style=&#8220;preset1&#8243; box_shadow_blur=&#8220;60px&#8220; box_shadow_color=&#8220;rgba(60,60,200,0.4)&#8220; locked=&#8220;off&#8220; global_colors_info=&#8220;{}&#8220;][\/et_pb_blurb][\/et_pb_column][\/et_pb_row][et_pb_row column_structure=&#8220;1_3,1_3,1_3&#8243; _builder_version=&#8220;4.16&#8243; custom_css_main_element=&#8220;display: none;&#8220; custom_width_px=&#8220;1440px&#8220; global_colors_info=&#8220;{}&#8220;][et_pb_column type=&#8220;1_3&#8243; _builder_version=&#8220;4.16&#8243; custom_padding=&#8220;|||&#8220; global_colors_info=&#8220;{}&#8220; custom_padding__hover=&#8220;|||&#8220;][et_pb_blurb title=&#8220;Station\u00e4re Automatisierung&#8220; url=&#8220;https:\/\/curo-con.de\/produkte&#8220; image=&#8220;https:\/\/www.curocon.de\/wp-content\/uploads\/2021\/02\/stat.png&#8220; _builder_version=&#8220;4.16&#8243; header_font=&#8220;Alegreya Sans|800|||||||&#8220; header_text_color=&#8220;#ffffff&#8220; header_font_size=&#8220;20px&#8220; header_line_height=&#8220;1.8em&#8220; body_font=&#8220;Source Sans Pro||||||||&#8220; body_text_color=&#8220;#000000&#8243; body_font_size=&#8220;16px&#8220; body_line_height=&#8220;1.8em&#8220; background_color=&#8220;#263B66&#8243; background_image=&#8220;https:\/\/www.curocon.de\/wp-content\/uploads\/2021\/02\/bg_pro2.png&#8220; text_orientation=&#8220;center&#8220; background_layout=&#8220;dark&#8220; custom_padding=&#8220;30px|16px|30px|16px|true|false&#8220; animation_style=&#8220;fold&#8220; border_color_all=&#8220;#4328B7&#8243; box_shadow_style=&#8220;preset1&#8243; box_shadow_blur=&#8220;60px&#8220; box_shadow_color=&#8220;rgba(60,60,200,0.4)&#8220; locked=&#8220;off&#8220; global_colors_info=&#8220;{}&#8220;][\/et_pb_blurb][\/et_pb_column][et_pb_column type=&#8220;1_3&#8243; _builder_version=&#8220;4.16&#8243; custom_padding=&#8220;|||&#8220; global_colors_info=&#8220;{}&#8220; custom_padding__hover=&#8220;|||&#8220;][et_pb_blurb title=&#8220;Mobile Automatisierung&#8220; url=&#8220;https:\/\/curo-con.de\/produkte\/#mobil&#8220; image=&#8220;https:\/\/www.curocon.de\/wp-content\/uploads\/2021\/02\/moau.png&#8220; _builder_version=&#8220;4.16&#8243; header_font=&#8220;Alegreya Sans|800|||||||&#8220; header_text_color=&#8220;#ffffff&#8220; header_font_size=&#8220;20px&#8220; header_line_height=&#8220;1.8em&#8220; body_font=&#8220;Source Sans Pro||||||||&#8220; body_text_color=&#8220;#000000&#8243; body_font_size=&#8220;16px&#8220; body_line_height=&#8220;1.8em&#8220; background_color=&#8220;#A2ADC3&#8243; text_orientation=&#8220;center&#8220; background_layout=&#8220;dark&#8220; custom_padding=&#8220;30px|16px|30px|16px&#8220; animation_style=&#8220;fold&#8220; animation_delay=&#8220;300ms&#8220; border_color_all=&#8220;#4328B7&#8243; box_shadow_style=&#8220;preset1&#8243; box_shadow_blur=&#8220;60px&#8220; box_shadow_color=&#8220;rgba(60,60,200,0.4)&#8220; locked=&#8220;off&#8220; global_colors_info=&#8220;{}&#8220;][\/et_pb_blurb][\/et_pb_column][et_pb_column type=&#8220;1_3&#8243; _builder_version=&#8220;4.16&#8243; custom_padding=&#8220;|||&#8220; global_colors_info=&#8220;{}&#8220; custom_padding__hover=&#8220;|||&#8220;][et_pb_blurb title=&#8220;Energetische Automatisierung&#8220; url=&#8220;https:\/\/curo-con.de\/produkte\/#energetisch&#8220; image=&#8220;https:\/\/www.curocon.de\/wp-content\/uploads\/2021\/02\/enau.png&#8220; _builder_version=&#8220;4.16&#8243; header_font=&#8220;Alegreya Sans|800|||||||&#8220; header_text_color=&#8220;#000000&#8243; header_font_size=&#8220;20px&#8220; header_line_height=&#8220;1.8em&#8220; body_font=&#8220;Source Sans Pro||||||||&#8220; body_text_color=&#8220;#000000&#8243; body_font_size=&#8220;16px&#8220; body_line_height=&#8220;1.8em&#8220; background_color=&#8220;#F5F5F5&#8243; text_orientation=&#8220;center&#8220; background_layout=&#8220;dark&#8220; custom_padding=&#8220;30px|16px|30px|16px&#8220; animation_style=&#8220;fold&#8220; animation_delay=&#8220;200ms&#8220; border_color_all=&#8220;#4328B7&#8243; box_shadow_style=&#8220;preset1&#8243; box_shadow_blur=&#8220;60px&#8220; box_shadow_color=&#8220;rgba(60,60,200,0.4)&#8220; locked=&#8220;off&#8220; global_colors_info=&#8220;{}&#8220;][\/et_pb_blurb][\/et_pb_column][\/et_pb_row][et_pb_row column_structure=&#8220;1_3,1_3,1_3&#8243; _builder_version=&#8220;4.16&#8243; custom_css_main_element=&#8220;display: none;&#8220; custom_width_px=&#8220;1440px&#8220; global_colors_info=&#8220;{}&#8220;][et_pb_column type=&#8220;1_3&#8243; _builder_version=&#8220;4.16&#8243; custom_padding=&#8220;|||&#8220; global_colors_info=&#8220;{}&#8220; custom_padding__hover=&#8220;|||&#8220;][et_pb_blurb title=&#8220;Station\u00e4re Automatisierung&#8220; url=&#8220;https:\/\/curo-con.de\/produkte&#8220; image=&#8220;https:\/\/www.curocon.de\/wp-content\/uploads\/2021\/02\/stat.png&#8220; _builder_version=&#8220;4.16&#8243; header_font=&#8220;Alegreya Sans|800|||||||&#8220; header_text_color=&#8220;#ffffff&#8220; header_font_size=&#8220;20px&#8220; header_line_height=&#8220;1.8em&#8220; body_font=&#8220;Source Sans Pro||||||||&#8220; body_text_color=&#8220;#000000&#8243; body_font_size=&#8220;16px&#8220; body_line_height=&#8220;1.8em&#8220; background_color=&#8220;#263B66&#8243; background_image=&#8220;https:\/\/www.curocon.de\/wp-content\/uploads\/2021\/02\/esports-30.jpg&#8220; background_blend=&#8220;luminosity&#8220; text_orientation=&#8220;center&#8220; background_layout=&#8220;dark&#8220; custom_padding=&#8220;30px|16px|30px|16px|true|false&#8220; animation_style=&#8220;fold&#8220; border_color_all=&#8220;#4328B7&#8243; box_shadow_style=&#8220;preset1&#8243; box_shadow_blur=&#8220;60px&#8220; box_shadow_color=&#8220;rgba(60,60,200,0.4)&#8220; locked=&#8220;off&#8220; global_colors_info=&#8220;{}&#8220;][\/et_pb_blurb][\/et_pb_column][et_pb_column type=&#8220;1_3&#8243; _builder_version=&#8220;4.16&#8243; custom_padding=&#8220;|||&#8220; global_colors_info=&#8220;{}&#8220; custom_padding__hover=&#8220;|||&#8220;][et_pb_blurb title=&#8220;Mobile Automatisierung&#8220; url=&#8220;https:\/\/curo-con.de\/produkte\/#mobil&#8220; image=&#8220;https:\/\/www.curocon.de\/wp-content\/uploads\/2021\/02\/moau.png&#8220; _builder_version=&#8220;4.16&#8243; header_font=&#8220;Alegreya Sans|800|||||||&#8220; header_text_color=&#8220;#ffffff&#8220; header_font_size=&#8220;20px&#8220; header_line_height=&#8220;1.8em&#8220; body_font=&#8220;Source Sans Pro||||||||&#8220; body_text_color=&#8220;#000000&#8243; body_font_size=&#8220;16px&#8220; body_line_height=&#8220;1.8em&#8220; background_color=&#8220;#A2ADC3&#8243; text_orientation=&#8220;center&#8220; background_layout=&#8220;dark&#8220; custom_padding=&#8220;30px|16px|30px|16px&#8220; animation_style=&#8220;fold&#8220; animation_delay=&#8220;300ms&#8220; border_color_all=&#8220;#4328B7&#8243; box_shadow_style=&#8220;preset1&#8243; box_shadow_blur=&#8220;60px&#8220; box_shadow_color=&#8220;rgba(60,60,200,0.4)&#8220; locked=&#8220;off&#8220; global_colors_info=&#8220;{}&#8220;][\/et_pb_blurb][\/et_pb_column][et_pb_column type=&#8220;1_3&#8243; _builder_version=&#8220;4.16&#8243; custom_padding=&#8220;|||&#8220; global_colors_info=&#8220;{}&#8220; custom_padding__hover=&#8220;|||&#8220;][et_pb_blurb title=&#8220;Energetische Automatisierung&#8220; url=&#8220;https:\/\/curo-con.de\/produkte\/#energetisch&#8220; image=&#8220;https:\/\/www.curocon.de\/wp-content\/uploads\/2021\/02\/enau.png&#8220; _builder_version=&#8220;4.16&#8243; header_font=&#8220;Alegreya Sans|800|||||||&#8220; header_text_color=&#8220;#000000&#8243; header_font_size=&#8220;20px&#8220; header_line_height=&#8220;1.8em&#8220; body_font=&#8220;Source Sans Pro||||||||&#8220; body_text_color=&#8220;#000000&#8243; body_font_size=&#8220;16px&#8220; body_line_height=&#8220;1.8em&#8220; background_color=&#8220;#F5F5F5&#8243; text_orientation=&#8220;center&#8220; background_layout=&#8220;dark&#8220; custom_padding=&#8220;30px|16px|30px|16px&#8220; animation_style=&#8220;fold&#8220; animation_delay=&#8220;200ms&#8220; border_color_all=&#8220;#4328B7&#8243; box_shadow_style=&#8220;preset1&#8243; box_shadow_blur=&#8220;60px&#8220; box_shadow_color=&#8220;rgba(60,60,200,0.4)&#8220; locked=&#8220;off&#8220; global_colors_info=&#8220;{}&#8220;][\/et_pb_blurb][\/et_pb_column][\/et_pb_row][et_pb_row use_custom_gutter=&#8220;on&#8220; gutter_width=&#8220;1&#8243; make_equal=&#8220;on&#8220; module_id=&#8220;video&#8220; _builder_version=&#8220;4.16&#8243; width=&#8220;100%&#8220; max_width=&#8220;100%&#8220; min_height=&#8220;100px&#8220; custom_margin=&#8220;50px||50px||true|false&#8220; custom_padding=&#8220;0px||0px|||&#8220; global_colors_info=&#8220;{}&#8220;][et_pb_column type=&#8220;4_4&#8243; _builder_version=&#8220;4.16&#8243; custom_css_main_element=&#8220;margin:auto;&#8220; global_colors_info=&#8220;{}&#8220;][et_pb_video src=&#8220;https:\/\/www.curocon.de\/wp-content\/uploads\/2021\/05\/curocon-unternehmen_1.mp4&#8243; image_src=&#8220;https:\/\/www.curocon.de\/wp-content\/uploads\/2021\/02\/curocon-overlay-2.jpg&#8220; thumbnail_overlay_color=&#8220;rgba(255,255,255,0.2)&#8220; _builder_version=&#8220;4.16&#8243; max_width=&#8220;1000px&#8220; module_alignment=&#8220;center&#8220; border_radii=&#8220;on|5px|5px|5px|5px&#8220; box_shadow_style=&#8220;preset3&#8243; box_shadow_spread=&#8220;0px&#8220; global_colors_info=&#8220;{}&#8220;][\/et_pb_video][\/et_pb_column][\/et_pb_row][et_pb_row column_structure=&#8220;1_2,1_2&#8243; use_custom_gutter=&#8220;on&#8220; gutter_width=&#8220;1&#8243; make_equal=&#8220;on&#8220; module_id=&#8220;zukunft&#8220; _builder_version=&#8220;4.16&#8243; _module_preset=&#8220;default&#8220; width=&#8220;100%&#8220; max_width=&#8220;100%&#8220; min_height=&#8220;100px&#8220; custom_padding=&#8220;0px||0px|||&#8220; locked=&#8220;off&#8220; global_colors_info=&#8220;{}&#8220;][et_pb_column type=&#8220;1_2&#8243; _builder_version=&#8220;4.16&#8243; _module_preset=&#8220;default&#8220; background_image=&#8220;https:\/\/www.curocon.de\/wp-content\/uploads\/2021\/03\/Siemens_Planungssituation_01-scaled.jpg&#8220; global_colors_info=&#8220;{}&#8220;][et_pb_divider show_divider=&#8220;off&#8220; _builder_version=&#8220;4.16&#8243; _module_preset=&#8220;default&#8220; custom_padding=&#8220;300px||300px||true|false&#8220; global_colors_info=&#8220;{}&#8220;][\/et_pb_divider][et_pb_text _builder_version=&#8220;4.16&#8243; _module_preset=&#8220;default&#8220; text_font=&#8220;OpenSansRegular||||||||&#8220; text_text_color=&#8220;#FFFFFF&#8220; text_font_size=&#8220;9px&#8220; text_orientation=&#8220;center&#8220; global_colors_info=&#8220;{}&#8220;]Quelle: Siemens[\/et_pb_text][\/et_pb_column][et_pb_column type=&#8220;1_2&#8243; _builder_version=&#8220;4.16&#8243; _module_preset=&#8220;default&#8220; custom_css_main_element=&#8220;margin: auto;&#8220; global_colors_info=&#8220;{}&#8220;][et_pb_text _builder_version=&#8220;4.16&#8243; _module_preset=&#8220;default&#8220; header_2_font=&#8220;OpenSansLight|300||on|||||&#8220; header_2_text_align=&#8220;center&#8220; header_2_text_color=&#8220;#002949&#8243; header_2_font_size=&#8220;35px&#8220; custom_margin=&#8220;||20px||false|false&#8220; custom_margin_tablet=&#8220;&#8220; custom_margin_phone=&#8220;30px||20px||false|false&#8220; custom_margin_last_edited=&#8220;on|phone&#8220; global_colors_info=&#8220;{}&#8220;]<\/p>\n<h2>Unsere Zukunft<\/h2>\n<p>[\/et_pb_text][et_pb_text _builder_version=&#8220;4.16&#8243; _module_preset=&#8220;default&#8220; custom_margin=&#8220;|50px||50px|false|true&#8220; global_colors_info=&#8220;{}&#8220;]<\/p>\n<p>Die CuroCon GmbH verfolgt das ambitionierte Ziel ihre Vorreiterrolle f\u00fcr universell einsetzbare Automatisierungs-, Steuerungs- und Regelungssysteme sowohl f\u00fcr den industriellen station\u00e4ren und mobilen Anwendungs- und Einsatzbereich, als auch f\u00fcr den gewerblichen, bautechnischen sowie privaten energetischen Anwendungsbereich in Deutschland, Europa und Weltweit auszubauen. Das eigene Automatisierungssystem CuroCon<em>trol<\/em><sup>\u00ae<\/sup> verschafft dem Unternehmen hierf\u00fcr die notwendige und vielf\u00e4ltige Basis f\u00fcr m\u00f6gliche weitere Alleinstellungsmerkmale am Markt durch innovative und preisbewusste All-in-One-L\u00f6sungen, die flexibel und kosteng\u00fcnstig modifiziert in unterschiedlichen Produkten am Markt eingebracht und platziert werden k\u00f6nnen.<\/p>\n<p>[\/et_pb_text][\/et_pb_column][\/et_pb_row][et_pb_row column_structure=&#8220;1_3,1_3,1_3&#8243; _builder_version=&#8220;4.16&#8243; custom_css_main_element=&#8220;display: none;&#8220; custom_width_px=&#8220;1440px&#8220; global_colors_info=&#8220;{}&#8220;][et_pb_column type=&#8220;1_3&#8243; _builder_version=&#8220;4.16&#8243; custom_padding=&#8220;|||&#8220; global_colors_info=&#8220;{}&#8220; custom_padding__hover=&#8220;|||&#8220;][et_pb_blurb title=&#8220;Station\u00e4re Automatisierung&#8220; url=&#8220;https:\/\/curo-con.de\/produkte&#8220; image=&#8220;https:\/\/www.curocon.de\/wp-content\/uploads\/2021\/02\/stat.png&#8220; _builder_version=&#8220;4.16&#8243; header_font=&#8220;Alegreya Sans|800|||||||&#8220; header_text_align=&#8220;right&#8220; header_text_color=&#8220;#636363&#8243; header_font_size=&#8220;16px&#8220; body_font=&#8220;Source Sans Pro||||||||&#8220; body_text_color=&#8220;#000000&#8243; body_font_size=&#8220;16px&#8220; body_line_height=&#8220;1.8em&#8220; background_enable_color=&#8220;off&#8220; use_background_color_gradient=&#8220;on&#8220; background_color_gradient_stops=&#8220;#263B66 0%|#A2ADC3 100%&#8220; background_color_gradient_start=&#8220;#263B66&#8243; background_color_gradient_end=&#8220;#A2ADC3&#8243; background_image=&#8220;https:\/\/www.curocon.de\/wp-content\/uploads\/2021\/02\/cyber-security-04.png&#8220; background_position=&#8220;top_right&#8220; text_orientation=&#8220;center&#8220; background_layout=&#8220;dark&#8220; custom_padding=&#8220;30px|16px|30px|16px|true|false&#8220; animation_style=&#8220;fold&#8220; border_color_all=&#8220;#4328B7&#8243; box_shadow_style=&#8220;preset1&#8243; box_shadow_blur=&#8220;60px&#8220; box_shadow_color=&#8220;rgba(60,60,200,0.4)&#8220; locked=&#8220;off&#8220; global_colors_info=&#8220;{}&#8220;][\/et_pb_blurb][\/et_pb_column][et_pb_column type=&#8220;1_3&#8243; _builder_version=&#8220;4.16&#8243; custom_padding=&#8220;|||&#8220; global_colors_info=&#8220;{}&#8220; custom_padding__hover=&#8220;|||&#8220;][et_pb_blurb title=&#8220;Mobile Automatisierung&#8220; url=&#8220;https:\/\/curo-con.de\/produkte\/#mobil&#8220; image=&#8220;https:\/\/www.curocon.de\/wp-content\/uploads\/2021\/02\/moau.png&#8220; _builder_version=&#8220;4.16&#8243; header_font=&#8220;Alegreya Sans|800|||||||&#8220; header_text_color=&#8220;#ffffff&#8220; header_font_size=&#8220;20px&#8220; header_line_height=&#8220;1.8em&#8220; body_font=&#8220;Source Sans Pro||||||||&#8220; body_text_color=&#8220;#000000&#8243; body_font_size=&#8220;16px&#8220; body_line_height=&#8220;1.8em&#8220; background_color=&#8220;#A2ADC3&#8243; text_orientation=&#8220;center&#8220; background_layout=&#8220;dark&#8220; custom_padding=&#8220;30px|16px|30px|16px&#8220; animation_style=&#8220;fold&#8220; animation_delay=&#8220;300ms&#8220; border_color_all=&#8220;#4328B7&#8243; box_shadow_style=&#8220;preset1&#8243; box_shadow_blur=&#8220;60px&#8220; box_shadow_color=&#8220;rgba(60,60,200,0.4)&#8220; locked=&#8220;off&#8220; global_colors_info=&#8220;{}&#8220;][\/et_pb_blurb][\/et_pb_column][et_pb_column type=&#8220;1_3&#8243; _builder_version=&#8220;4.16&#8243; custom_padding=&#8220;|||&#8220; global_colors_info=&#8220;{}&#8220; custom_padding__hover=&#8220;|||&#8220;][et_pb_blurb title=&#8220;Energetische Automatisierung&#8220; url=&#8220;https:\/\/curo-con.de\/produkte\/#energetisch&#8220; image=&#8220;https:\/\/www.curocon.de\/wp-content\/uploads\/2021\/02\/enau.png&#8220; _builder_version=&#8220;4.16&#8243; header_font=&#8220;Alegreya Sans|800|||||||&#8220; header_text_color=&#8220;#000000&#8243; header_font_size=&#8220;20px&#8220; header_line_height=&#8220;1.8em&#8220; body_font=&#8220;Source Sans Pro||||||||&#8220; body_text_color=&#8220;#000000&#8243; body_font_size=&#8220;16px&#8220; body_line_height=&#8220;1.8em&#8220; background_color=&#8220;#F5F5F5&#8243; text_orientation=&#8220;center&#8220; background_layout=&#8220;dark&#8220; custom_padding=&#8220;30px|16px|30px|16px&#8220; animation_style=&#8220;fold&#8220; animation_delay=&#8220;200ms&#8220; border_color_all=&#8220;#4328B7&#8243; box_shadow_style=&#8220;preset1&#8243; box_shadow_blur=&#8220;60px&#8220; box_shadow_color=&#8220;rgba(60,60,200,0.4)&#8220; locked=&#8220;off&#8220; global_colors_info=&#8220;{}&#8220;][\/et_pb_blurb][\/et_pb_column][\/et_pb_row][\/et_pb_section]<\/p>\n","protected":false},"excerpt":{"rendered":"<p>UNSER UNTERNEHMENDie CuroCon GmbH wurde 2001, nach erfolgreich abgeschlossenen Hochschulstudien und langj\u00e4hriger gemeinsamer Berufserfahrung in der Industrie, von den beiden gesch\u00e4ftsf\u00fchrenden Gesellschaftern Bernhard M\u00fcller und Michael Wi\u00dfbach, mit Sitz in Bensheim\/Deutschland, gegr\u00fcndet. Die CuroCon GmbH ist auf Ingenieurdienstleistungen und Produkte in den Bereichen station\u00e4rer Automatisierung im Pr\u00fcfstands- und Anlagenbau, mobiler Automatisierung f\u00fcr E-Mobilit\u00e4t und Elektrifizierung [&hellip;]<\/p>\n","protected":false},"author":4,"featured_media":0,"parent":0,"menu_order":0,"comment_status":"closed","ping_status":"closed","template":"","meta":{"_et_pb_use_builder":"on","_et_pb_old_content":"<!-- wp:divi\/placeholder \/-->","_et_gb_content_width":"","footnotes":""},"class_list":["post-12","page","type-page","status-publish","hentry"],"_links":{"self":[{"href":"https:\/\/www.curocon.de\/en\/wp-json\/wp\/v2\/pages\/12","targetHints":{"allow":["GET"]}}],"collection":[{"href":"https:\/\/www.curocon.de\/en\/wp-json\/wp\/v2\/pages"}],"about":[{"href":"https:\/\/www.curocon.de\/en\/wp-json\/wp\/v2\/types\/page"}],"author":[{"embeddable":true,"href":"https:\/\/www.curocon.de\/en\/wp-json\/wp\/v2\/users\/4"}],"replies":[{"embeddable":true,"href":"https:\/\/www.curocon.de\/en\/wp-json\/wp\/v2\/comments?post=12"}],"version-history":[{"count":112,"href":"https:\/\/www.curocon.de\/en\/wp-json\/wp\/v2\/pages\/12\/revisions"}],"predecessor-version":[{"id":5841,"href":"https:\/\/www.curocon.de\/en\/wp-json\/wp\/v2\/pages\/12\/revisions\/5841"}],"wp:attachment":[{"href":"https:\/\/www.curocon.de\/en\/wp-json\/wp\/v2\/media?parent=12"}],"curies":[{"name":"wp","href":"https:\/\/api.w.org\/{rel}","templated":true}]}}