{"id":14,"date":"2021-02-09T09:05:15","date_gmt":"2021-02-09T08:05:15","guid":{"rendered":"https:\/\/www.curocon.de\/?page_id=14"},"modified":"2026-02-20T16:11:52","modified_gmt":"2026-02-20T15:11:52","slug":"produkte","status":"publish","type":"page","link":"https:\/\/www.curocon.de\/en\/produkte\/","title":{"rendered":"products"},"content":{"rendered":"<p>[et_pb_section fb_built=&#8220;1&#8243; fullwidth=&#8220;on&#8220; custom_padding_last_edited=&#8220;on|phone&#8220; admin_label=&#8220;Hero Section&#8220; _builder_version=&#8220;4.16&#8243; background_color=&#8220;#ffffff&#8220; background_image=&#8220;https:\/\/www.curocon.de\/wp-content\/uploads\/2021\/03\/Banner_Unterseite_Produkte_03-1.png&#8220; max_width=&#8220;2500px&#8220; module_alignment=&#8220;center&#8220; custom_margin=&#8220;|||&#8220; custom_padding=&#8220;300px||300px||true|false&#8220; custom_padding_tablet=&#8220;&#8220; custom_padding_phone=&#8220;100px||100px||true|false&#8220; top_divider_color=&#8220;#ffffff&#8220; bottom_divider_style=&#8220;none&#8220; bottom_divider_color=&#8220;#002F5D&#8220; bottom_divider_flip=&#8220;vertical&#8220; locked=&#8220;off&#8220; global_colors_info=&#8220;{}&#8220;][et_pb_fullwidth_header text_orientation=&#8220;center&#8220; button_one_url=&#8220;https:\/\/curo-con.de\/produkte&#8220; title_tablet=&#8220;&#8220; title_phone=&#8220;&#8220; title_last_edited=&#8220;on|desktop&#8220; _builder_version=&#8220;4.16&#8243; title_font=&#8220;Titillium Web||||||||&#8220; title_text_color=&#8220;#ffffff&#8220; title_font_size=&#8220;66px&#8220; title_line_height=&#8220;1.5em&#8220; content_font=&#8220;||||||||&#8220; content_font_size=&#8220;18px&#8220; content_line_height=&#8220;2em&#8220; subhead_text_color=&#8220;#000000&#8243; background_color=&#8220;rgba(0,0,0,0)&#8220; background_position=&#8220;bottom_center&#8220; custom_button_one=&#8220;on&#8220; button_one_text_size=&#8220;16px&#8220; button_one_bg_color=&#8220;#002F5D&#8220; button_one_border_width=&#8220;0px&#8220; button_one_border_color=&#8220;#0c71c3&#8243; button_one_border_radius=&#8220;15px&#8220; button_one_letter_spacing=&#8220;2px&#8220; button_one_font=&#8220;Titillium Web|700||on|||||&#8220; custom_button_two=&#8220;on&#8220; button_two_text_size=&#8220;13px&#8220; button_two_text_color=&#8220;#4328b7&#8243; button_two_bg_color=&#8220;#ffffff&#8220; button_two_border_width=&#8220;10px&#8220; button_two_border_color=&#8220;#ffffff&#8220; button_two_border_radius=&#8220;0px&#8220; button_two_letter_spacing=&#8220;2px&#8220; button_two_font=&#8220;Titillium Web|700||on|||||&#8220; custom_margin=&#8220;|||&#8220; custom_padding=&#8220;0vw||0vw||true|&#8220; animation_style=&#8220;slide&#8220; animation_direction=&#8220;bottom&#8220; animation_duration=&#8220;1500ms&#8220; animation_intensity_slide=&#8220;2%&#8220; title_font_size_tablet=&#8220;40px&#8220; title_font_size_phone=&#8220;&#8220; title_font_size_last_edited=&#8220;on|phone&#8220; content_font_size_tablet=&#8220;&#8220; content_font_size_phone=&#8220;15px&#8220; content_font_size_last_edited=&#8220;on|phone&#8220; button_one_letter_spacing_hover=&#8220;2px&#8220; button_two_letter_spacing_hover=&#8220;2px&#8220; global_colors_info=&#8220;{}&#8220; button_one_text_size__hover_enabled=&#8220;off&#8220; button_two_text_size__hover_enabled=&#8220;off&#8220; button_one_text_color__hover_enabled=&#8220;off&#8220; button_two_text_color__hover_enabled=&#8220;off&#8220; button_one_border_width__hover_enabled=&#8220;off&#8220; button_two_border_width__hover_enabled=&#8220;off&#8220; button_one_border_color__hover_enabled=&#8220;off&#8220; button_two_border_color__hover_enabled=&#8220;off&#8220; button_one_border_radius__hover_enabled=&#8220;off&#8220; button_two_border_radius__hover_enabled=&#8220;off&#8220; button_one_letter_spacing__hover_enabled=&#8220;on&#8220; button_one_letter_spacing__hover=&#8220;2px&#8220; button_two_letter_spacing__hover_enabled=&#8220;on&#8220; button_two_letter_spacing__hover=&#8220;2px&#8220; button_one_bg_color__hover_enabled=&#8220;off&#8220; button_two_bg_color__hover_enabled=&#8220;off&#8220;][\/et_pb_fullwidth_header][\/et_pb_section][et_pb_section fb_built=&#8220;1&#8243; custom_padding_last_edited=&#8220;on|desktop&#8220; _builder_version=&#8220;4.16&#8243; _module_preset=&#8220;default&#8220; min_height=&#8220;644px&#8220; custom_margin=&#8220;0px||-236px||false|false&#8220; custom_margin_tablet=&#8220;&#8220; custom_margin_phone=&#8220;0px||60px||false|false&#8220; custom_margin_last_edited=&#8220;on|phone&#8220; custom_padding=&#8220;0px||0px||true|false&#8220; custom_padding_tablet=&#8220;&#8220; custom_padding_phone=&#8220;30px||30px||true|false&#8220; locked=&#8220;off&#8220; global_colors_info=&#8220;{}&#8220;][et_pb_row _builder_version=&#8220;4.16&#8243; _module_preset=&#8220;default&#8220; width=&#8220;90%&#8220; min_height=&#8220;513px&#8220; custom_padding=&#8220;||0px|||&#8220; global_colors_info=&#8220;{}&#8220;][et_pb_column type=&#8220;4_4&#8243; _builder_version=&#8220;4.16&#8243; _module_preset=&#8220;default&#8220; global_colors_info=&#8220;{}&#8220;][et_pb_text _builder_version=&#8220;4.16&#8243; _module_preset=&#8220;default&#8220; header_2_font=&#8220;OpenSansLight|300||on|||||&#8220; header_2_text_align=&#8220;center&#8220; header_2_text_color=&#8220;#002949&#8243; header_2_font_size=&#8220;40px&#8220; custom_margin=&#8220;0px||10px||false|false&#8220; custom_padding=&#8220;||||false|false&#8220; header_2_font_size_tablet=&#8220;&#8220; header_2_font_size_phone=&#8220;30px&#8220; header_2_font_size_last_edited=&#8220;on|phone&#8220; global_colors_info=&#8220;{}&#8220;]<\/p>\n<h2>UNSERE PRODUKTE UND DIENSTLEISTUNGEN<\/h2>\n<p>[\/et_pb_text][et_pb_text _builder_version=&#8220;4.16&#8243; _module_preset=&#8220;default&#8220; text_font=&#8220;OpenSansRegular||||||||&#8220; text_font_size=&#8220;15px&#8220; header_2_font=&#8220;|300||on|||||&#8220; header_2_text_align=&#8220;center&#8220; header_2_text_color=&#8220;#002949&#8243; header_2_font_size=&#8220;40px&#8220; global_colors_info=&#8220;{}&#8220;]<\/p>\n<p>Die CuroCon ist auf Produkte und Dienstleistungen in der Automation f\u00fcr industrielle und gewerbliche Anwendungen und Anforderungen spezialisiert. Dabei werden die Bereiche <a href=\"https:\/\/www.curocon.de\/produkte\/#stationaer\">station\u00e4re Automatisierung<\/a> im Pr\u00fcfstands- und Anlagenbau, <a href=\"https:\/\/www.curocon.de\/produkte\/#mobil\">mobile Automatisierung<\/a> f\u00fcr Elektromobilit\u00e4t und Elektrifizierung von Nutz- und Kommunalfahrzeugen, <a href=\"https:\/\/www.curocon.de\/produkte\/#energetisch\">energetische Automatisierung<\/a> in Energie-\/Ladetechnik mit integriertem Last-\/Energiemanagement sowie <a href=\"https:\/\/www.curocon.de\/produkte\/#forschung\">Forschung und Entwicklung<\/a> f\u00fcr Ausbau und Erweiterung innovativer Konzepte und Technologien abgedeckt.<\/p>\n<p>Getreu dem Motto \u201eAlles-aus-einer-Hand\u201c, bietet die CuroCon hierbei ganzheitliche und nachhaltige L\u00f6sungen sowohl f\u00fcr Neukonzeptionierungen und Erstumsetzungen, als auch f\u00fcr Umbauten, Modernisierungen, Erweiterungen und Optimierungen bestehender Anlagen, Systeme, Produkte sowie Fahrzeuge einschlie\u00dflich zugeh\u00f6rigem Projektmanagement und -abwicklung.<\/p>\n<p>Als Basis und vielf\u00e4ltige Grundlage f\u00fcr die Diversifizierung in den einzelnen Bereichen dient unser universelles Automatisierungssystem <span style=\"color: #000080;\">CuroCon<\/span><span style=\"color: #33cccc;\"><em>trol<\/em><\/span><sup>\u00ae<\/sup>, das aus der Erfahrung und dem gesammelten Know-how jahrelanger T\u00e4tigkeit in der Automobilindustrie und dort entstandener Hard- und Softwareprodukte von uns entwickelt wurde.<\/p>\n<p style=\"text-align: left;\">[\/et_pb_text][\/et_pb_column][\/et_pb_row][\/et_pb_section][et_pb_section fb_built=&#8220;1&#8243; custom_padding_last_edited=&#8220;on|desktop&#8220; admin_label=&#8220;CTA Section&#8220; _builder_version=&#8220;4.16&#8243; background_color=&#8220;#002949&#8243; max_width=&#8220;3500px&#8220; module_alignment=&#8220;center&#8220; custom_margin=&#8220;0px|||||&#8220; custom_padding=&#8220;4px||4px||true|false&#8220; custom_padding_tablet=&#8220;&#8220; custom_padding_phone=&#8220;30px||30px||true|false&#8220; locked=&#8220;off&#8220; global_colors_info=&#8220;{}&#8220;][et_pb_row custom_padding_last_edited=&#8220;on|tablet&#8220; _builder_version=&#8220;4.16&#8243; use_background_color_gradient=&#8220;on&#8220; background_color_gradient_direction=&#8220;35deg&#8220; background_color_gradient_stops=&#8220;#002949 0%|#002949 100%&#8220; background_color_gradient_start=&#8220;#002949&#8243; background_color_gradient_end=&#8220;#002949&#8243; width_tablet=&#8220;&#8220; width_phone=&#8220;90%&#8220; width_last_edited=&#8220;on|phone&#8220; max_width=&#8220;3500px&#8220; module_alignment=&#8220;center&#8220; custom_margin=&#8220;-3px|auto|-4px|auto||&#8220; custom_margin_last_edited=&#8220;off|desktop&#8220; custom_padding=&#8220;31px|5%|31px|5%|true|true&#8220; custom_padding_tablet=&#8220;|40px||40px||true&#8220; custom_padding_phone=&#8220;&#8220; animation_style=&#8220;fold&#8220; animation_direction=&#8220;left&#8220; animation_duration=&#8220;1500ms&#8220; animation_intensity_fold=&#8220;10%&#8220; animation_starting_opacity=&#8220;100%&#8220; use_custom_width=&#8220;on&#8220; width_unit=&#8220;off&#8220; custom_width_percent=&#8220;100%&#8220; global_colors_info=&#8220;{}&#8220;][et_pb_column type=&#8220;4_4&#8243; _builder_version=&#8220;4.16&#8243; custom_padding=&#8220;|||&#8220; global_colors_info=&#8220;{}&#8220; custom_padding__hover=&#8220;|||&#8220;][et_pb_text _builder_version=&#8220;4.16&#8243; header_2_font=&#8220;OpenSansLight|300||on|||||&#8220; header_2_text_align=&#8220;center&#8220; header_2_text_color=&#8220;#ffffff&#8220; header_2_font_size=&#8220;35px&#8220; header_3_line_height=&#8220;1.3em&#8220; header_5_line_height=&#8220;1.3em&#8220; custom_margin=&#8220;||21px|||&#8220; header_2_font_size_tablet=&#8220;&#8220; header_2_font_size_phone=&#8220;22px&#8220; header_2_font_size_last_edited=&#8220;on|phone&#8220; global_colors_info=&#8220;{}&#8220;]<\/p>\n<h3 style=\"text-align: center;\"><span style=\"color: #ffffff;\">Wir freuen uns auf Ihre pers\u00f6nliche Kontaktaufnahme.<\/span><\/h3>\n<h5 style=\"text-align: center;\"><span style=\"color: #ffffff;\">Gerne beraten wir Sie bedarfsgerecht und auf Ihre individuellen Bed\u00fcrfnisse abgestimmt.<\/span><\/h5>\n<p>[\/et_pb_text][et_pb_button button_url=&#8220;https:\/\/curocon.de\/kontakt\/&#8220; button_text=&#8220;Kontakt&#8220; button_alignment=&#8220;center&#8220; _builder_version=&#8220;4.16&#8243; _module_preset=&#8220;default&#8220; custom_button=&#8220;on&#8220; button_text_size=&#8220;15px&#8220; button_text_color=&#8220;#ffffff&#8220; button_border_width=&#8220;1px&#8220; button_font=&#8220;|||on|||||&#8220; custom_margin=&#8220;3px|||||&#8220; global_colors_info=&#8220;{}&#8220;][\/et_pb_button][\/et_pb_column][\/et_pb_row][\/et_pb_section][et_pb_section fb_built=&#8220;1&#8243; custom_padding_last_edited=&#8220;on|desktop&#8220; module_id=&#8220;stationaer&#8220; _builder_version=&#8220;4.16&#8243; _module_preset=&#8220;default&#8220; custom_padding=&#8220;50px||50px||true|false&#8220; custom_padding_tablet=&#8220;&#8220; custom_padding_phone=&#8220;0px||30px||false|false&#8220; global_colors_info=&#8220;{}&#8220;][et_pb_row _builder_version=&#8220;4.16&#8243; _module_preset=&#8220;default&#8220; global_colors_info=&#8220;{}&#8220;][et_pb_column type=&#8220;4_4&#8243; _builder_version=&#8220;4.16&#8243; _module_preset=&#8220;default&#8220; global_colors_info=&#8220;{}&#8220;][et_pb_text _builder_version=&#8220;4.16&#8243; _module_preset=&#8220;default&#8220; header_2_font=&#8220;OpenSansLight|300||on|||||&#8220; header_2_text_align=&#8220;center&#8220; header_2_text_color=&#8220;#002949&#8243; header_2_font_size=&#8220;40px&#8220; header_2_font_size_tablet=&#8220;&#8220; header_2_font_size_phone=&#8220;30px&#8220; header_2_font_size_last_edited=&#8220;on|phone&#8220; global_colors_info=&#8220;{}&#8220;]<\/p>\n<h2>Station\u00e4re Automatisierung<\/h2>\n<p>[\/et_pb_text][et_pb_text _builder_version=&#8220;4.16&#8243; _module_preset=&#8220;default&#8220; text_font=&#8220;OpenSansRegular||||||||&#8220; text_font_size=&#8220;15px&#8220; header_2_font=&#8220;|300||on|||||&#8220; header_2_text_align=&#8220;center&#8220; header_2_text_color=&#8220;#002949&#8243; header_2_font_size=&#8220;40px&#8220; text_orientation=&#8220;center&#8220; global_colors_info=&#8220;{}&#8220;]<\/p>\n<p style=\"text-align: left;\">Im Bereich station\u00e4re Automatisierung liefert die CuroCon GmbH Ingenieurdienstleistungen und Produkte f\u00fcr Forschung, Entwicklung, Prototypenbau sowie Klein- und Gro\u00dfserienproduktion im Anlagenbau rund um Pr\u00fcf- und Prozessanlagen. Im Laufe der Jahre hat sich hier branchen\u00fcbergreifendes Know-how f\u00fcr Automotive, Pr\u00fcf-, Fahrzeug-, Luft-, Bahn-, Geb\u00e4ude-, Energie-, Mess-, Steuer-, Regelungs-, Hybrid- und Antriebstechnik angesammelt. Auch die Realisierung kundenspezifischer L\u00f6sungen und Sonderanfertigungen sowie Umbauten und Modernisierungen geh\u00f6ren zum Repertoire und bieten den Kunden dementsprechende Mehrwerte bzgl. Nachhaltigkeit und Wiederverwertbarkeit. Die vollst\u00e4ndige Projektabwicklung \u00fcber professionelles Projektmanagement, Beratung, Konzeptionierung, Planung, Projektierung, Ausf\u00fchrung, Inbetriebnahme, Abnahme, Dokumentation und Service runden das T\u00e4tigkeitsgebiet des Unternehmens ab.<\/p>\n<p style=\"text-align: left;\">Das Unternehmen entwickelt und realisiert zudem Systeml\u00f6sungen und Produkte aus den Fachbereichen Mess-, Steuerungs- und Regelungstechnik sowie Visualisierungen und Simulationen im Rahmen des Pr\u00fcfstands- und Anlagenbaus. Das hauseigene Automatisierungssystem <span style=\"color: #000080;\">CuroCon<\/span><span style=\"color: #33cccc;\"><em>trol<\/em><\/span><sup>\u00ae<\/sup> ist ein solches Produkt als kostenbewusste All-In-One-L\u00f6sung, die dem Kunden hohe Flexibilit\u00e4t durch modularen Hardware- und Softwareaufbau und frei gestaltbare Bedien- und Visualisierungsoberfl\u00e4chen f\u00fcr industrielle Anwendungen und Prozesse erm\u00f6glicht.<\/p>\n<p style=\"text-align: left;\">Ob Messen, Steuern, Regeln oder Virtualisieren \u2013 mit unseren Pr\u00fcf- und Automatisierungssystemen f\u00fcr den Einsatz im Labor und Pr\u00fcffeld liegen Sie richtig. Profitieren auch Sie von den bei uns entwickelten Modulen, Softwareapplikationen und Systemen.<\/p>\n<p style=\"text-align: left;\">Im Folgenden finden Sie eine Auswahl unseres vielf\u00e4ltigen Angebotes. Ist das Passende noch nicht dabei? Haben Sie Fragen? Wir freuen uns auf Ihre pers\u00f6nliche Kontaktaufnahme.<\/p>\n<p>[\/et_pb_text][\/et_pb_column][\/et_pb_row][\/et_pb_section][et_pb_section fb_built=&#8220;1&#8243; custom_padding_last_edited=&#8220;on|desktop&#8220; _builder_version=&#8220;4.16&#8243; _module_preset=&#8220;default&#8220; background_color=&#8220;#f7f7f7&#8243; max_width=&#8220;1700px&#8220; module_alignment=&#8220;center&#8220; custom_padding=&#8220;0px||0px||true|false&#8220; custom_padding_tablet=&#8220;&#8220; custom_padding_phone=&#8220;30px||30px||true|false&#8220; locked=&#8220;off&#8220; global_colors_info=&#8220;{}&#8220;][et_pb_row column_structure=&#8220;1_2,1_2&#8243; use_custom_gutter=&#8220;on&#8220; gutter_width=&#8220;1&#8243; make_equal=&#8220;on&#8220; disabled_on=&#8220;on|on|off&#8220; _builder_version=&#8220;4.16&#8243; _module_preset=&#8220;default&#8220; background_color=&#8220;#fbfbfb&#8220; width=&#8220;100%&#8220; max_width=&#8220;2500px&#8220; custom_padding=&#8220;0px||0px|||&#8220; global_colors_info=&#8220;{}&#8220;][et_pb_column type=&#8220;1_2&#8243; _builder_version=&#8220;4.16&#8243; _module_preset=&#8220;default&#8220; custom_padding=&#8220;0px||0px||true|false&#8220; custom_css_main_element=&#8220;margin: auto;&#8220; global_colors_info=&#8220;{}&#8220;][et_pb_text _builder_version=&#8220;4.16&#8243; _module_preset=&#8220;default&#8220; header_2_font=&#8220;OpenSansLight|300|||||||&#8220; header_2_text_align=&#8220;center&#8220; header_2_text_color=&#8220;#002949&#8243; header_2_font_size=&#8220;35px&#8220; global_colors_info=&#8220;{}&#8220;]<\/p>\n<h2 style=\"text-align: center;\">CuroCon<em>trol<\/em>\u00ae Automatisierungssystem<\/h2>\n<p>[\/et_pb_text][et_pb_text _builder_version=&#8220;4.16&#8243; text_font=&#8220;OpenSansRegular|600|||||||&#8220; text_text_color=&#8220;#4d4d4d&#8220; header_2_font=&#8220;|300||on|||||&#8220; header_2_text_align=&#8220;center&#8220; header_2_text_color=&#8220;#002949&#8243; header_2_font_size=&#8220;40px&#8220; text_orientation=&#8220;center&#8220; custom_margin=&#8220;20px||||false|false&#8220; custom_padding=&#8220;|50px||50px|false|true&#8220; global_colors_info=&#8220;{}&#8220;]<\/p>\n<p>Universelles PC-basiertes Pr\u00fcf- und Automatisierungssystem zum<br \/> Messen \u2013 Steuern \u2013 Regeln \u2013 Virtualisieren<\/p>\n<p>[\/et_pb_text][et_pb_text _builder_version=&#8220;4.16&#8243; text_font=&#8220;OpenSansRegular||||||||&#8220; text_text_color=&#8220;#4d4d4d&#8220; ul_font=&#8220;OpenSansRegular||||||||&#8220; ul_text_color=&#8220;#4D4D4D&#8220; custom_margin=&#8220;30px||||false|true&#8220; custom_padding=&#8220;|50px||50px|false|false&#8220; global_colors_info=&#8220;{}&#8220;]<\/p>\n<ul>\n<li>kostenbewusste All-In-One-L\u00f6sung<\/li>\n<li>f\u00fcr anspruchsvolle\u00a0station\u00e4re\u00a0Regelungsaufgaben<\/li>\n<li>einsetzbar f\u00fcr\u00a0vielseitige Anwendungen<strong>\u00a0<\/strong>in der Automatisierung und Pr\u00fcfung<\/li>\n<li>echtzeitf\u00e4hige\u00a0Messdatenerfassung<\/li>\n<li>F\u00e4higkeit zur Modellintegration und\u00a0Simulation<\/li>\n<li>anwenderfreundlich konfigurier- und parametrierbare Abl\u00e4ufe, auch\u00a0ohne Programmierkenntnisse<\/li>\n<li>viele\u00a0weitere Standard-Funktionen\u00a0verf\u00fcgbar oder\u00a0flexibel\u00a0erweiterbar<\/li>\n<li>grafische Darstellungen<\/li>\n<\/ul>\n<p>[\/et_pb_text][et_pb_text _builder_version=&#8220;4.16&#8243; text_font=&#8220;OpenSansRegular||||||||&#8220; text_text_color=&#8220;#4d4d4d&#8220; ul_text_color=&#8220;#4D4D4D&#8220; custom_margin=&#8220;30px||||false|true&#8220; custom_padding=&#8220;|50px||50px|false|false&#8220; global_colors_info=&#8220;{}&#8220;]<\/p>\n<p>M\u00f6chten Sie mehr \u00fcber die verschiedenen Anwendungsm\u00f6glichkeiten von CuroCon<em>trol<\/em>\u00ae erfahren?\u00a0 Entsprechende Produktinformationen finden Sie in der Kategorie<span style=\"color: #003366;\"> <strong><a href=\"https:\/\/www.curocon.de\/downloads\" style=\"color: #003366;\">Downloads &gt;&gt;<\/a><\/strong><\/span>.<\/p>\n<p>[\/et_pb_text][\/et_pb_column][et_pb_column type=&#8220;1_2&#8243; _builder_version=&#8220;4.16&#8243; _module_preset=&#8220;default&#8220; background_image=&#8220;https:\/\/www.curocon.de\/wp-content\/uploads\/2021\/02\/CuroCon_CuroControl_Automatisierung_02-scaled.jpg&#8220; custom_padding=&#8220;350px||350px||true|false&#8220; global_colors_info=&#8220;{}&#8220;][\/et_pb_column][\/et_pb_row][et_pb_row column_structure=&#8220;1_2,1_2&#8243; use_custom_gutter=&#8220;on&#8220; gutter_width=&#8220;1&#8243; make_equal=&#8220;on&#8220; disabled_on=&#8220;off|off|on&#8220; _builder_version=&#8220;4.16&#8243; _module_preset=&#8220;default&#8220; background_color=&#8220;#fbfbfb&#8220; width=&#8220;100%&#8220; max_width=&#8220;2500px&#8220; custom_padding=&#8220;0px||0px|||&#8220; global_colors_info=&#8220;{}&#8220;][et_pb_column type=&#8220;1_2&#8243; _builder_version=&#8220;4.16&#8243; _module_preset=&#8220;default&#8220; background_image=&#8220;https:\/\/www.curocon.de\/wp-content\/uploads\/2021\/02\/CuroCon_CuroControl_Automatisierung_02-scaled.jpg&#8220; custom_padding=&#8220;||||true|false&#8220; global_colors_info=&#8220;{}&#8220;][et_pb_divider show_divider=&#8220;off&#8220; _builder_version=&#8220;4.16&#8243; _module_preset=&#8220;default&#8220; custom_padding=&#8220;100px||100px||true|false&#8220; global_colors_info=&#8220;{}&#8220;][\/et_pb_divider][\/et_pb_column][et_pb_column type=&#8220;1_2&#8243; _builder_version=&#8220;4.16&#8243; _module_preset=&#8220;default&#8220; custom_padding=&#8220;20px||20px||true|false&#8220; custom_css_main_element=&#8220;margin: auto;&#8220; global_colors_info=&#8220;{}&#8220;][et_pb_text _builder_version=&#8220;4.16&#8243; _module_preset=&#8220;default&#8220; header_2_font=&#8220;OpenSansLight|300|||||||&#8220; header_2_text_align=&#8220;center&#8220; header_2_text_color=&#8220;#002949&#8243; header_2_font_size=&#8220;35px&#8220; global_colors_info=&#8220;{}&#8220;]<\/p>\n<h2 style=\"text-align: center;\">CuroCon<em>trol<\/em>\u00ae Automatisierungssystem<\/h2>\n<p>[\/et_pb_text][et_pb_text _builder_version=&#8220;4.16&#8243; text_font=&#8220;OpenSansRegular|600|||||||&#8220; text_text_color=&#8220;#4d4d4d&#8220; header_2_font=&#8220;|300||on|||||&#8220; header_2_text_align=&#8220;center&#8220; header_2_text_color=&#8220;#002949&#8243; header_2_font_size=&#8220;40px&#8220; text_orientation=&#8220;center&#8220; custom_margin=&#8220;20px||||false|false&#8220; custom_padding=&#8220;|50px||50px|false|true&#8220; global_colors_info=&#8220;{}&#8220;]<\/p>\n<p>Universelles PC-basiertes Pr\u00fcf- und Automatisierungssystem zum<br \/> Messen \u2013 Steuern \u2013 Regeln \u2013 Virtualisieren<\/p>\n<p>[\/et_pb_text][et_pb_text _builder_version=&#8220;4.16&#8243; text_font=&#8220;OpenSansRegular||||||||&#8220; text_text_color=&#8220;#4d4d4d&#8220; ul_font=&#8220;OpenSansRegular||||||||&#8220; ul_text_color=&#8220;#4D4D4D&#8220; custom_margin=&#8220;30px||||false|true&#8220; custom_padding=&#8220;|50px||50px|false|false&#8220; global_colors_info=&#8220;{}&#8220;]<\/p>\n<ul>\n<li>kostenbewusste All-In-One-L\u00f6sung<\/li>\n<li>f\u00fcr anspruchsvolle\u00a0station\u00e4re\u00a0Regelungsaufgaben<\/li>\n<li>einsetzbar f\u00fcr\u00a0vielseitige Anwendungen<strong>\u00a0<\/strong>in der Automatisierung und Pr\u00fcfung<\/li>\n<li>echtzeitf\u00e4hige\u00a0Messdatenerfassung<\/li>\n<li>F\u00e4higkeit zur Modellintegration und\u00a0Simulation<\/li>\n<li>anwenderfreundlich konfigurier- und parametrierbare Abl\u00e4ufe, auch\u00a0ohne Programmierkenntnisse<\/li>\n<li>viele\u00a0weitere Standard-Funktionen\u00a0verf\u00fcgbar oder\u00a0flexibel\u00a0erweiterbar<\/li>\n<li>grafische Darstellungen<\/li>\n<\/ul>\n<p>[\/et_pb_text][et_pb_text _builder_version=&#8220;4.16&#8243; text_font=&#8220;OpenSansRegular||||||||&#8220; text_text_color=&#8220;#4d4d4d&#8220; ul_text_color=&#8220;#4D4D4D&#8220; custom_margin=&#8220;30px||||false|true&#8220; custom_padding=&#8220;|50px||50px|false|false&#8220; global_colors_info=&#8220;{}&#8220;]<\/p>\n<p>M\u00f6chten Sie mehr \u00fcber die verschiedenen Anwendungsm\u00f6glichkeiten von CuroCon<em>trol<\/em>\u00ae erfahren?\u00a0 Entsprechende Produktinformationen finden Sie in der Kategorie<span style=\"color: #003366;\"> <strong><a href=\"https:\/\/www.curocon.de\/downloads\" style=\"color: #003366;\">Downloads &gt;&gt;<\/a><\/strong><\/span>.<\/p>\n<p>[\/et_pb_text][\/et_pb_column][\/et_pb_row][et_pb_row column_structure=&#8220;1_2,1_2&#8243; use_custom_gutter=&#8220;on&#8220; gutter_width=&#8220;1&#8243; make_equal=&#8220;on&#8220; disabled_on=&#8220;on|on|off&#8220; _builder_version=&#8220;4.16&#8243; _module_preset=&#8220;default&#8220; background_color=&#8220;rgba(77,77,77,0.5)&#8220; width=&#8220;100%&#8220; max_width=&#8220;2500px&#8220; custom_padding=&#8220;0px||6px|||&#8220; global_colors_info=&#8220;{}&#8220;][et_pb_column type=&#8220;1_2&#8243; _builder_version=&#8220;4.16&#8243; _module_preset=&#8220;default&#8220; background_image=&#8220;https:\/\/www.curocon.de\/wp-content\/uploads\/2021\/03\/CuroCon_Produkt_CuroContract_02-scaled.jpg&#8220; custom_padding=&#8220;350px||350px||true|false&#8220; global_colors_info=&#8220;{}&#8220;][\/et_pb_column][et_pb_column type=&#8220;1_2&#8243; _builder_version=&#8220;4.16&#8243; _module_preset=&#8220;default&#8220; custom_padding=&#8220;0px||0px||true|false&#8220; custom_css_main_element=&#8220;margin: auto;&#8220; global_colors_info=&#8220;{}&#8220;][et_pb_text _builder_version=&#8220;4.16&#8243; _module_preset=&#8220;default&#8220; header_2_font=&#8220;OpenSansLight|300|||||||&#8220; header_2_text_align=&#8220;center&#8220; header_2_text_color=&#8220;#ffffff&#8220; header_2_font_size=&#8220;35px&#8220; text_orientation=&#8220;center&#8220; global_colors_info=&#8220;{}&#8220;]<\/p>\n<h2>CuroCon<em>tract<\/em>\u00ae Elektromotor-Pr\u00fcfstand<\/h2>\n<p>[\/et_pb_text][et_pb_text _builder_version=&#8220;4.16&#8243; text_font=&#8220;OpenSansRegular|600|||||||&#8220; text_text_color=&#8220;#ffffff&#8220; header_2_font=&#8220;|300||on|||||&#8220; header_2_text_align=&#8220;center&#8220; header_2_text_color=&#8220;#002949&#8243; header_2_font_size=&#8220;40px&#8220; text_orientation=&#8220;center&#8220; custom_margin=&#8220;20px||||false|false&#8220; custom_padding=&#8220;|50px||50px|false|true&#8220; global_colors_info=&#8220;{}&#8220;]<\/p>\n<p><em>Der <\/em>skalierbare\u00a0Elektromotor-\/ Traktionspr\u00fcfstand\u00a0mit\u00a0CuroCon<em>trol<\/em>\u00ae \u00a0f\u00fcr Komponenten-\/Systemtests in Labor und Pr\u00fcffeld<\/p>\n<p>[\/et_pb_text][et_pb_text _builder_version=&#8220;4.16&#8243; _module_preset=&#8220;default&#8220; text_font=&#8220;OpenSansRegular||||||||&#8220; text_text_color=&#8220;#4d4d4d&#8220; ul_font=&#8220;OpenSansRegular||||||||&#8220; ul_text_color=&#8220;#ffffff&#8220; custom_margin=&#8220;30px||||false|true&#8220; custom_padding=&#8220;|50px||50px|false|false&#8220; global_colors_info=&#8220;{}&#8220;]<\/p>\n<ul>\n<li>Bedienung, Steuerung, Regelung und Programmablauf mit\u00a0CuroCon<em>trol<\/em>\u00ae<\/li>\n<li>skalierbares Produkt\u00a0f\u00fcr Forschung &amp; Entwicklung sowie Produktion<\/li>\n<li>typische Zykluszeit\u00a01-100 kHz\u00a0(Messen) und\u00a04-8 kHz\u00a0(Steuern\/Regeln)<\/li>\n<li>Echtzeitsimulation\u00a0f\u00fcr Modellintegration und Regelung<\/li>\n<li>modular\u00a0einsetzbare Entwicklungsbasis f\u00fcr kundenspezifische Anforderungen<\/li>\n<li>weitere Standardfunktionen verf\u00fcgbar und flexibel erweiterbar<\/li>\n<\/ul>\n<p>[\/et_pb_text][et_pb_text _builder_version=&#8220;4.16&#8243; text_font=&#8220;OpenSansRegular||||||||&#8220; text_text_color=&#8220;#FFFFFF&#8220; ul_text_color=&#8220;#4D4D4D&#8220; custom_margin=&#8220;30px||||false|true&#8220; custom_padding=&#8220;|50px||50px|false|false&#8220; global_colors_info=&#8220;{}&#8220;]<span style=\"color: #ffffff;\">M\u00f6chten Sie mehr \u00fcber die verschiedenen Anwendungsm\u00f6glichkeiten von CuroCon<em>tract<\/em>\u00ae erfahren? Entsprechende Produktinformationen finden Sie in der Kategorie <strong><a href=\"https:\/\/www.curocon.de\/downloads\" style=\"color: #ffffff;\">Downloads &gt;&gt;<\/a><\/strong>.<\/span>[\/et_pb_text][\/et_pb_column][\/et_pb_row][et_pb_row column_structure=&#8220;1_2,1_2&#8243; use_custom_gutter=&#8220;on&#8220; gutter_width=&#8220;1&#8243; make_equal=&#8220;on&#8220; disabled_on=&#8220;off|off|on&#8220; _builder_version=&#8220;4.16&#8243; _module_preset=&#8220;default&#8220; background_color=&#8220;rgba(77,77,77,0.5)&#8220; width=&#8220;100%&#8220; max_width=&#8220;2500px&#8220; custom_padding=&#8220;0px||6px|||&#8220; global_colors_info=&#8220;{}&#8220;][et_pb_column type=&#8220;1_2&#8243; _builder_version=&#8220;4.16&#8243; _module_preset=&#8220;default&#8220; background_image=&#8220;https:\/\/www.curocon.de\/wp-content\/uploads\/2021\/03\/CuroCon_Produkt_CuroContract_02-scaled.jpg&#8220; custom_padding=&#8220;||||true|false&#8220; global_colors_info=&#8220;{}&#8220;][et_pb_divider show_divider=&#8220;off&#8220; _builder_version=&#8220;4.16&#8243; _module_preset=&#8220;default&#8220; custom_padding=&#8220;100px||100px||true|false&#8220; global_colors_info=&#8220;{}&#8220;][\/et_pb_divider][\/et_pb_column][et_pb_column type=&#8220;1_2&#8243; disabled_on=&#8220;off|off|off&#8220; _builder_version=&#8220;4.16&#8243; _module_preset=&#8220;default&#8220; custom_padding=&#8220;20px||20px||true|false&#8220; custom_css_main_element=&#8220;margin: auto;&#8220; global_colors_info=&#8220;{}&#8220;][et_pb_text _builder_version=&#8220;4.16&#8243; _module_preset=&#8220;default&#8220; header_2_font=&#8220;OpenSansLight|300|||||||&#8220; header_2_text_align=&#8220;center&#8220; header_2_text_color=&#8220;#ffffff&#8220; header_2_font_size=&#8220;35px&#8220; text_orientation=&#8220;center&#8220; global_colors_info=&#8220;{}&#8220;]<\/p>\n<h2>CuroCon<em>tract<\/em>\u00ae Elektromotorpr\u00fcfstand<\/h2>\n<p>[\/et_pb_text][et_pb_text _builder_version=&#8220;4.16&#8243; text_font=&#8220;OpenSansRegular|600|||||||&#8220; text_text_color=&#8220;#ffffff&#8220; header_2_font=&#8220;|300||on|||||&#8220; header_2_text_align=&#8220;center&#8220; header_2_text_color=&#8220;#002949&#8243; header_2_font_size=&#8220;40px&#8220; text_orientation=&#8220;center&#8220; custom_margin=&#8220;20px||||false|false&#8220; custom_padding=&#8220;|50px||50px|false|true&#8220; global_colors_info=&#8220;{}&#8220;]<\/p>\n<p><em>Der <\/em>skalierbare\u00a0Elektromotor-\/ Traktionspr\u00fcfstand\u00a0mit\u00a0CuroCon<em>trol<\/em>\u00ae \u00a0f\u00fcr Komponenten-\/Systemtests in Labor und Pr\u00fcffeld<\/p>\n<p>[\/et_pb_text][et_pb_text _builder_version=&#8220;4.16&#8243; _module_preset=&#8220;default&#8220; text_font=&#8220;OpenSansRegular||||||||&#8220; text_text_color=&#8220;#4d4d4d&#8220; ul_font=&#8220;OpenSansRegular||||||||&#8220; ul_text_color=&#8220;#ffffff&#8220; custom_margin=&#8220;30px||||false|true&#8220; custom_padding=&#8220;|50px||50px|false|false&#8220; global_colors_info=&#8220;{}&#8220;]<\/p>\n<ul>\n<li>Bedienung, Steuerung, Regelung und Programmablauf mit\u00a0CuroCon<em>trol<\/em>\u00ae<\/li>\n<li>skalierbares Produkt\u00a0f\u00fcr Forschung &amp; Entwicklung sowie Produktion<\/li>\n<li>typische Zykluszeit\u00a01-100 kHz\u00a0(Messen) und\u00a04-8 kHz\u00a0(Steuern\/Regeln)<\/li>\n<li>Echtzeitsimulation\u00a0f\u00fcr Modellintegration und Regelung<\/li>\n<li>modular\u00a0einsetzbare Entwicklungsbasis f\u00fcr kundenspezifische Anforderungen<\/li>\n<li>weitere Standardfunktionen verf\u00fcgbar und flexibel erweiterbar<\/li>\n<\/ul>\n<p>[\/et_pb_text][et_pb_text _builder_version=&#8220;4.16&#8243; text_font=&#8220;OpenSansRegular||||||||&#8220; text_text_color=&#8220;#FFFFFF&#8220; ul_text_color=&#8220;#4D4D4D&#8220; custom_margin=&#8220;30px||||false|true&#8220; custom_padding=&#8220;|50px||50px|false|false&#8220; global_colors_info=&#8220;{}&#8220;]<span style=\"color: #ffffff;\">M\u00f6chten Sie mehr \u00fcber die verschiedenen Anwendungsm\u00f6glichkeiten von CuroCon<em>tract<\/em>\u00ae erfahren? Entsprechende Produktinformationen finden Sie in der Kategorie <strong><a href=\"https:\/\/www.curocon.de\/downloads\" style=\"color: #ffffff;\">Downloads &gt;&gt;<\/a><\/strong>.<\/span>[\/et_pb_text][\/et_pb_column][\/et_pb_row][\/et_pb_section][et_pb_section fb_built=&#8220;1&#8243; custom_padding_last_edited=&#8220;on|desktop&#8220; admin_label=&#8220;CTA Section&#8220; _builder_version=&#8220;4.16&#8243; background_color=&#8220;#002949&#8243; max_width=&#8220;3500px&#8220; module_alignment=&#8220;center&#8220; custom_margin=&#8220;0px|||||&#8220; custom_padding=&#8220;4px||4px||true|false&#8220; custom_padding_tablet=&#8220;&#8220; custom_padding_phone=&#8220;30px||30px||true|false&#8220; locked=&#8220;off&#8220; global_colors_info=&#8220;{}&#8220;][et_pb_row custom_padding_last_edited=&#8220;on|tablet&#8220; _builder_version=&#8220;4.16&#8243; use_background_color_gradient=&#8220;on&#8220; background_color_gradient_direction=&#8220;35deg&#8220; background_color_gradient_stops=&#8220;#002949 0%|#002949 100%&#8220; background_color_gradient_start=&#8220;#002949&#8243; background_color_gradient_end=&#8220;#002949&#8243; max_width=&#8220;3500px&#8220; module_alignment=&#8220;center&#8220; custom_margin=&#8220;-3px|auto|-4px|auto||&#8220; custom_margin_last_edited=&#8220;off|desktop&#8220; custom_padding=&#8220;31px|5%|31px|5%|true|true&#8220; custom_padding_tablet=&#8220;|40px||40px||true&#8220; custom_padding_phone=&#8220;&#8220; animation_style=&#8220;fold&#8220; animation_direction=&#8220;left&#8220; animation_duration=&#8220;1500ms&#8220; animation_intensity_fold=&#8220;10%&#8220; animation_starting_opacity=&#8220;100%&#8220; use_custom_width=&#8220;on&#8220; width_unit=&#8220;off&#8220; custom_width_percent=&#8220;100%&#8220; global_colors_info=&#8220;{}&#8220;][et_pb_column type=&#8220;4_4&#8243; _builder_version=&#8220;4.16&#8243; custom_padding=&#8220;|||&#8220; global_colors_info=&#8220;{}&#8220; custom_padding__hover=&#8220;|||&#8220;][et_pb_text _builder_version=&#8220;4.16&#8243; header_2_font=&#8220;OpenSansLight|300||on|||||&#8220; header_2_text_align=&#8220;center&#8220; header_2_text_color=&#8220;#ffffff&#8220; header_2_font_size=&#8220;35px&#8220; header_3_line_height=&#8220;1.3em&#8220; header_5_line_height=&#8220;1.3em&#8220; custom_margin=&#8220;||21px|||&#8220; header_2_font_size_tablet=&#8220;&#8220; header_2_font_size_phone=&#8220;22px&#8220; header_2_font_size_last_edited=&#8220;on|phone&#8220; global_colors_info=&#8220;{}&#8220;]<\/p>\n<h3 style=\"text-align: center;\"><span style=\"color: #ffffff;\">Wir freuen uns auf Ihre pers\u00f6nliche Kontaktaufnahme.<\/span><\/h3>\n<h5 style=\"text-align: center;\"><span style=\"color: #ffffff;\">Gerne beraten wir Sie bedarfsgerecht und auf Ihre individuellen Bed\u00fcrfnisse abgestimmt.<\/span><\/h5>\n<p>[\/et_pb_text][et_pb_button button_url=&#8220;https:\/\/curocon.de\/kontakt\/&#8220; button_text=&#8220;Kontakt&#8220; button_alignment=&#8220;center&#8220; _builder_version=&#8220;4.16&#8243; _module_preset=&#8220;default&#8220; custom_button=&#8220;on&#8220; button_text_size=&#8220;15px&#8220; button_text_color=&#8220;#ffffff&#8220; button_border_width=&#8220;1px&#8220; button_font=&#8220;|||on|||||&#8220; custom_margin=&#8220;3px|||||&#8220; global_colors_info=&#8220;{}&#8220;][\/et_pb_button][\/et_pb_column][\/et_pb_row][\/et_pb_section][et_pb_section fb_built=&#8220;1&#8243; custom_padding_last_edited=&#8220;on|desktop&#8220; _builder_version=&#8220;4.16&#8243; _module_preset=&#8220;default&#8220; background_color=&#8220;#f7f7f7&#8243; max_width=&#8220;1700px&#8220; module_alignment=&#8220;center&#8220; custom_margin=&#8220;||-9px|||&#8220; custom_padding=&#8220;0px||0px||true|false&#8220; custom_padding_tablet=&#8220;&#8220; custom_padding_phone=&#8220;30px||30px||true|false&#8220; locked=&#8220;off&#8220; global_colors_info=&#8220;{}&#8220;][et_pb_row module_id=&#8220;mobil&#8220; _builder_version=&#8220;4.16&#8243; _module_preset=&#8220;default&#8220; custom_padding=&#8220;50px||50px||true|false&#8220; global_colors_info=&#8220;{}&#8220;][et_pb_column type=&#8220;4_4&#8243; _builder_version=&#8220;4.16&#8243; _module_preset=&#8220;default&#8220; global_colors_info=&#8220;{}&#8220;][et_pb_text _builder_version=&#8220;4.16&#8243; _module_preset=&#8220;default&#8220; header_2_font=&#8220;OpenSansLight|300||on|||||&#8220; header_2_text_align=&#8220;center&#8220; header_2_text_color=&#8220;#002949&#8243; header_2_font_size=&#8220;40px&#8220; header_2_font_size_tablet=&#8220;&#8220; header_2_font_size_phone=&#8220;30px&#8220; header_2_font_size_last_edited=&#8220;on|phone&#8220; global_colors_info=&#8220;{}&#8220;]<\/p>\n<h2>Mobile Automatisierung<\/h2>\n<p>[\/et_pb_text][et_pb_text _builder_version=&#8220;4.16&#8243; _module_preset=&#8220;default&#8220; text_font=&#8220;OpenSansRegular||||||||&#8220; text_font_size=&#8220;15px&#8220; header_2_font=&#8220;|300||on|||||&#8220; header_2_text_align=&#8220;center&#8220; header_2_text_color=&#8220;#002949&#8243; header_2_font_size=&#8220;40px&#8220; text_orientation=&#8220;center&#8220; global_colors_info=&#8220;{}&#8220;]<\/p>\n<p style=\"text-align: left;\">Im Bereich mobile Automatisierung liefert die CuroCon GmbH Ingenieurdienstleistungen und Produkte f\u00fcr die Elektromobilit\u00e4t und zur Elektrifizierung von Nutz- und Kommunalfahrzeugen. Die \u00dcbertragung des Knowhows von elektromotorischer Antriebsstrangnachbildung aus der Anlagentechnik auf OnBoard-Steuer- und Regelger\u00e4te (ECUs) er\u00f6ffnete neue Gesch\u00e4ftsfelder und T\u00e4tigkeitsgebiete. Auch Fahrerinformations-\/Bediensysteme und Displays geh\u00f6ren zum erweiterten Portfolio f\u00fcr diesen Bereich. Integrierte Sicherheitsfunktionalit\u00e4t, Anbindung an elektronische Bremssysteme (EBS), Datenaufzeichnung relevanter Fahrzeugparameter zu Diagnosezwecken sowie eine integrierte Service-Schnittstelle zu Fernwartung\/-diagnose erg\u00e4nzen das Angebot.<\/p>\n<p style=\"text-align: left;\">Die Weiterentwicklung der Basis-Automatisierung zur Produktgruppe des <span style=\"color: #000080;\">CuroCon<\/span><span style=\"color: #33cccc;\"><em>trol<\/em><\/span><sup>\u00ae<\/sup>MSRVx umfasst auch ein mobiles Mess-\/Steuer-\/Regelungssystem zum Betrieb in Fahrzeugen und in der Elektromobilit\u00e4t. Dieses System kann sowohl zum Messen oder Erfassung von Realfahrdaten f\u00fcr Hybrid- und Elektrofahrzeuge als auch zum Steuern und Regeln von elektrischen Antriebssystemen in Elektrofahrzeugen und der Elektromobilit\u00e4t dienen. Zus\u00e4tzlich ist es m\u00f6glich mit diesem System die Realfahrdaten nach deren Erfassung und Speicherung zur \u00dcbertragung und Nachbildung von Fahrsituationen auf einen geeigneten Pr\u00fcfstand aufzubereiten. Weitere Zielsetzung ist die Weiterentwicklung und Skalierung dieses Systems in Richtung kleinstm\u00f6gliches Bauvolumen, was die Einsetzbarkeit und Marktakzeptanz in Mobilit\u00e4tsanwendungen weiter erh\u00f6ht.<\/p>\n<p style=\"text-align: left;\">Die verschiedenen Anwendungsm\u00f6glichkeiten der <span style=\"color: #000080;\">CuroCon<\/span><span style=\"color: #33cccc;\"><em>trol<\/em><\/span><sup>\u00ae<\/sup>MSRVx Gruppe zeigt die weitreichende Flexibilit\u00e4t und Modularit\u00e4t des innovativen Gesamtsystems <span style=\"color: #000080;\">CuroCon<\/span><span style=\"color: #33cccc;\"><em>trol<\/em><\/span><sup>\u00ae<\/sup>, das Basis f\u00fcr vielversprechende Produkte in unterschiedlichen Marktsegmenten ist.<\/p>\n<p style=\"text-align: left;\">Im Folgenden finden Sie eine Auswahl unseres vielf\u00e4ltigen Angebotes. Ist das Passende noch nicht dabei? Haben Sie Fragen? Wir freuen uns auf Ihre pers\u00f6nliche Kontaktaufnahme.<\/p>\n<p>&nbsp;<\/p>\n<p>[\/et_pb_text][\/et_pb_column][\/et_pb_row][et_pb_row column_structure=&#8220;1_2,1_2&#8243; use_custom_gutter=&#8220;on&#8220; gutter_width=&#8220;1&#8243; make_equal=&#8220;on&#8220; disabled_on=&#8220;on|on|off&#8220; _builder_version=&#8220;4.16&#8243; _module_preset=&#8220;default&#8220; background_color=&#8220;#fbfbfb&#8220; width=&#8220;100%&#8220; max_width=&#8220;2500px&#8220; custom_padding=&#8220;0px||0px|||&#8220; global_colors_info=&#8220;{}&#8220;][et_pb_column type=&#8220;1_2&#8243; _builder_version=&#8220;4.16&#8243; _module_preset=&#8220;default&#8220; custom_padding=&#8220;40px||40px||true|false&#8220; custom_css_main_element=&#8220;margin: auto;&#8220; global_colors_info=&#8220;{}&#8220;][et_pb_text _builder_version=&#8220;4.16&#8243; _module_preset=&#8220;default&#8220; header_2_font=&#8220;OpenSansLight|300|||||||&#8220; header_2_text_align=&#8220;center&#8220; header_2_text_color=&#8220;#002949&#8243; header_2_font_size=&#8220;35px&#8220; global_colors_info=&#8220;{}&#8220;]<\/p>\n<h2 style=\"text-align: center;\">Systemintegrator Elektromobilit\u00e4t<\/h2>\n<p>[\/et_pb_text][et_pb_text _builder_version=&#8220;4.16&#8243; text_font=&#8220;OpenSansRegular|600|||||||&#8220; text_text_color=&#8220;#4d4d4d&#8220; header_2_font=&#8220;|300||on|||||&#8220; header_2_text_align=&#8220;center&#8220; header_2_text_color=&#8220;#002949&#8243; header_2_font_size=&#8220;40px&#8220; text_orientation=&#8220;center&#8220; custom_margin=&#8220;20px||||false|false&#8220; custom_padding=&#8220;|50px||50px|false|true&#8220; global_colors_info=&#8220;{}&#8220;]<\/p>\n<p>Wir bieten individuelle L\u00f6sungen auf h\u00f6chstem Niveau.<\/p>\n<p>[\/et_pb_text][et_pb_text _builder_version=&#8220;4.16&#8243; text_font=&#8220;OpenSansRegular||||||||&#8220; text_text_color=&#8220;#4d4d4d&#8220; text_line_height=&#8220;2em&#8220; ul_text_color=&#8220;#4D4D4D&#8220; header_5_font=&#8220;OpenSansRegular||||||||&#8220; header_5_text_align=&#8220;left&#8220; header_5_text_color=&#8220;#002949&#8243; header_5_font_size=&#8220;20px&#8220; custom_margin=&#8220;30px||||false|true&#8220; custom_padding=&#8220;|50px||50px|false|false&#8220; locked=&#8220;off&#8220; global_colors_info=&#8220;{}&#8220;]<\/p>\n<p>Wir bieten individuelle L\u00f6sungen f\u00fcr die Elektrifizierung von Nutzfahrzeugen:<\/p>\n<ul>\n<li>Konzeptionierung der Hochvolt-Architektur<\/li>\n<li>Software-Entwicklung f\u00fcr Kleinserien und Prototypen<\/li>\n<li>Ansteuerung s\u00e4mtlicher Niedervolt- und Hochvolt-Elektrokomponenten<\/li>\n<li>modulare Applikationsprogrammierungen bis hin zu Plug-And-Play<\/li>\n<li>Betriebsstrategien und Energiemanagement<\/li>\n<li>funktionale Sicherheit ASIL (ISO 26262)<\/li>\n<li>Risikobeurteilung (ISO 12100 {PL und SIL})<\/li>\n<li>Risikoeinsch\u00e4tzung (ISO 13849-1 {PL} bzw. IEC 62061 {SIL})<\/li>\n<li>Aufbau und Erprobung in eigener Montagehalle<\/li>\n<li>Erprobung durch unsere Experten beim Kunden<\/li>\n<li>Ferndiagnose und Remote-Support<\/li>\n<li>Begleitung Zulassung f\u00fcr den Stra\u00dfenverkehr<\/li>\n<li>anwendungsspezifische Hochvolt\/Hochstrom-PDUs (Power Distribution Unit)<\/li>\n<\/ul>\n<p>[\/et_pb_text][et_pb_text _builder_version=&#8220;4.16&#8243; text_font=&#8220;OpenSansRegular||||||||&#8220; text_text_color=&#8220;#4d4d4d&#8220; ul_text_color=&#8220;#4D4D4D&#8220; custom_margin=&#8220;30px||||false|true&#8220; custom_padding=&#8220;|50px||50px|false|false&#8220; global_colors_info=&#8220;{}&#8220;]<\/p>\n<p>M\u00f6chten Sie mehr \u00fcber unsere Produkte erfahren? Entsprechende Produktinformationen finden Sie in der Kategorie<span style=\"color: #003366;\"> <strong><a href=\"https:\/\/www.curocon.de\/downloads\" style=\"color: #003366;\">Downloads &gt;&gt;<\/a><\/strong><\/span>.<\/p>\n<p>[\/et_pb_text][\/et_pb_column][et_pb_column type=&#8220;1_2&#8243; _builder_version=&#8220;4.16&#8243; _module_preset=&#8220;default&#8220; background_image=&#8220;https:\/\/www.curocon.de\/wp-content\/uploads\/2021\/03\/20160921_174353-scaled.jpg&#8220; global_colors_info=&#8220;{}&#8220;][\/et_pb_column][\/et_pb_row][et_pb_row column_structure=&#8220;1_2,1_2&#8243; use_custom_gutter=&#8220;on&#8220; gutter_width=&#8220;1&#8243; make_equal=&#8220;on&#8220; disabled_on=&#8220;off|off|on&#8220; _builder_version=&#8220;4.16&#8243; _module_preset=&#8220;default&#8220; background_color=&#8220;#fbfbfb&#8220; width=&#8220;100%&#8220; max_width=&#8220;2500px&#8220; custom_padding=&#8220;0px||0px|||&#8220; global_colors_info=&#8220;{}&#8220;][et_pb_column type=&#8220;1_2&#8243; _builder_version=&#8220;4.16&#8243; _module_preset=&#8220;default&#8220; background_image=&#8220;https:\/\/www.curocon.de\/wp-content\/uploads\/2021\/03\/20160921_174353-scaled.jpg&#8220; global_colors_info=&#8220;{}&#8220;][et_pb_divider show_divider=&#8220;off&#8220; _builder_version=&#8220;4.16&#8243; _module_preset=&#8220;default&#8220; custom_padding=&#8220;100px||100px||true|false&#8220; global_colors_info=&#8220;{}&#8220;][\/et_pb_divider][\/et_pb_column][et_pb_column type=&#8220;1_2&#8243; _builder_version=&#8220;4.16&#8243; _module_preset=&#8220;default&#8220; custom_padding=&#8220;20px||20px||true|false&#8220; custom_css_main_element=&#8220;margin: auto;&#8220; global_colors_info=&#8220;{}&#8220;][et_pb_text _builder_version=&#8220;4.16&#8243; _module_preset=&#8220;default&#8220; header_2_font=&#8220;OpenSansLight|300|||||||&#8220; header_2_text_align=&#8220;center&#8220; header_2_text_color=&#8220;#002949&#8243; header_2_font_size=&#8220;35px&#8220; global_colors_info=&#8220;{}&#8220;]<\/p>\n<h2 style=\"text-align: center;\">Systemintegrator Elektromobilit\u00e4t<\/h2>\n<p>[\/et_pb_text][et_pb_text _builder_version=&#8220;4.16&#8243; text_font=&#8220;OpenSansRegular|600|||||||&#8220; text_text_color=&#8220;#4d4d4d&#8220; header_2_font=&#8220;|300||on|||||&#8220; header_2_text_align=&#8220;center&#8220; header_2_text_color=&#8220;#002949&#8243; header_2_font_size=&#8220;40px&#8220; text_orientation=&#8220;center&#8220; custom_margin=&#8220;20px||||false|false&#8220; custom_padding=&#8220;|50px||50px|false|true&#8220; global_colors_info=&#8220;{}&#8220;]<\/p>\n<p>Wir bieten individuelle L\u00f6sungen auf h\u00f6chstem Niveau.<\/p>\n<p>[\/et_pb_text][et_pb_text _builder_version=&#8220;4.16&#8243; text_font=&#8220;OpenSansRegular||||||||&#8220; text_text_color=&#8220;#4d4d4d&#8220; text_line_height=&#8220;2em&#8220; ul_text_color=&#8220;#4D4D4D&#8220; header_5_font=&#8220;OpenSansRegular||||||||&#8220; header_5_text_align=&#8220;left&#8220; header_5_text_color=&#8220;#002949&#8243; header_5_font_size=&#8220;20px&#8220; custom_margin=&#8220;30px||||false|true&#8220; custom_padding=&#8220;|50px||50px|false|false&#8220; locked=&#8220;off&#8220; global_colors_info=&#8220;{}&#8220;]<\/p>\n<p>Wir bieten individuelle L\u00f6sungen f\u00fcr die Elektrifizierung von Nutzfahrzeugen:<\/p>\n<ul>\n<li>Konzeptionierung der Hochvolt-Architektur<\/li>\n<li>Software-Entwicklung f\u00fcr Kleinserien und Prototypen<\/li>\n<li>Ansteuerung s\u00e4mtlicher Niedervolt- und Hochvolt-Elektrokomponenten<\/li>\n<li>modulare Applikationsprogrammierungen bis hin zu Plug-And-Play<\/li>\n<li>Betriebsstrategien und Energiemanagement<\/li>\n<li>funktionale Sicherheit ASIL (ISO 26262)<\/li>\n<li>Risikobeurteilung (ISO 12100 {PL und SIL})<\/li>\n<li>Risikoeinsch\u00e4tzung (ISO 13849-1 {PL} bzw. IEC 62061 {SIL})<\/li>\n<li>Aufbau und Erprobung in eigener Montagehalle<\/li>\n<li>Erprobung durch unsere Experten beim Kunden<\/li>\n<li>Ferndiagnose und Remote-Support<\/li>\n<li>Begleitung Zulassung f\u00fcr den Stra\u00dfenverkehr<\/li>\n<li>anwendungsspezifische Hochvolt\/Hochstrom-PDUs (Power Distribution Unit)<\/li>\n<\/ul>\n<p>[\/et_pb_text][et_pb_text _builder_version=&#8220;4.16&#8243; text_font=&#8220;OpenSansRegular||||||||&#8220; text_text_color=&#8220;#4d4d4d&#8220; ul_text_color=&#8220;#4D4D4D&#8220; custom_margin=&#8220;30px||||false|true&#8220; custom_padding=&#8220;|50px||50px|false|false&#8220; global_colors_info=&#8220;{}&#8220;]<\/p>\n<p>M\u00f6chten Sie mehr \u00fcber unsere Produkte erfahren? Entsprechende Produktinformationen finden Sie in der Kategorie<span style=\"color: #003366;\"> <strong><a href=\"https:\/\/www.curocon.de\/downloads\" style=\"color: #003366;\">Downloads &gt;&gt;<\/a><\/strong><\/span>.<\/p>\n<p>[\/et_pb_text][\/et_pb_column][\/et_pb_row][et_pb_row column_structure=&#8220;1_2,1_2&#8243; use_custom_gutter=&#8220;on&#8220; gutter_width=&#8220;1&#8243; make_equal=&#8220;on&#8220; disabled_on=&#8220;on|on|off&#8220; _builder_version=&#8220;4.16&#8243; _module_preset=&#8220;default&#8220; background_color=&#8220;rgba(77,77,77,0.5)&#8220; width=&#8220;100%&#8220; max_width=&#8220;2500px&#8220; custom_padding=&#8220;0px||0px|||&#8220; global_colors_info=&#8220;{}&#8220;][et_pb_column type=&#8220;1_2&#8243; _builder_version=&#8220;4.16&#8243; _module_preset=&#8220;default&#8220; background_image=&#8220;https:\/\/www.curocon.de\/wp-content\/uploads\/2021\/02\/CuroCon_mobile_Automatisierung_02-scaled.jpg&#8220; custom_padding=&#8220;10%||10%||true|false&#8220; global_colors_info=&#8220;{}&#8220;][\/et_pb_column][et_pb_column type=&#8220;1_2&#8243; _builder_version=&#8220;4.16&#8243; _module_preset=&#8220;default&#8220; custom_padding=&#8220;40px||40px||true|false&#8220; custom_css_main_element=&#8220;margin: auto;&#8220; global_colors_info=&#8220;{}&#8220;][et_pb_text _builder_version=&#8220;4.16&#8243; _module_preset=&#8220;default&#8220; header_2_font=&#8220;OpenSansLight|300|||||||&#8220; header_2_text_align=&#8220;center&#8220; header_2_text_color=&#8220;#ffffff&#8220; header_2_font_size=&#8220;35px&#8220; text_orientation=&#8220;center&#8220; global_colors_info=&#8220;{}&#8220;]<\/p>\n<h2 style=\"text-align: center;\">CuroCon<em>trol<\/em>\u00ae SRx und MSx Steuerger\u00e4te<\/h2>\n<p>[\/et_pb_text][et_pb_text _builder_version=&#8220;4.16&#8243; text_font=&#8220;OpenSansRegular|600|||||||&#8220; text_text_color=&#8220;#ffffff&#8220; header_2_font=&#8220;|300||on|||||&#8220; header_2_text_align=&#8220;center&#8220; header_2_text_color=&#8220;#002949&#8243; header_2_font_size=&#8220;40px&#8220; text_orientation=&#8220;center&#8220; custom_margin=&#8220;20px||||false|false&#8220; custom_padding=&#8220;|50px||50px|false|true&#8220; global_colors_info=&#8220;{}&#8220;]<\/p>\n<p>Wir liefern die Steuerungs-L\u00f6sung f\u00fcr Ihr elektrisches Nutzfahrzeug.<\/p>\n<p>[\/et_pb_text][et_pb_text _builder_version=&#8220;4.16&#8243; _module_preset=&#8220;default&#8220; text_font=&#8220;OpenSansRegular||||||||&#8220; text_text_color=&#8220;#4d4d4d&#8220; ul_font=&#8220;OpenSansRegular||||||||&#8220; ul_text_color=&#8220;#ffffff&#8220; custom_margin=&#8220;30px||||false|true&#8220; custom_padding=&#8220;|50px||50px|false|false&#8220; global_colors_info=&#8220;{}&#8220;]<\/p>\n<p><span style=\"color: #ffffff;\">Wir bieten individuelle L\u00f6sungen f\u00fcr die Elektrifizierung von Nutzfahrzeugen:<\/span><\/p>\n<ul>\n<li>unser Zentral-Steuerger\u00e4t kontrolliert, steuert und regelt alle elektrischen Komponenten<\/li>\n<li>an Sicherheit ausgerichtete Anwendungen bis PL d (ISO 13849-1) bzw. SIL 2 (IEC 61508)<\/li>\n<li>CAN, CANopen, SAE J1939, FMS-Standard, Ethernet und weitere Schnittstellen<\/li>\n<li>Remote-Schnittstelle f\u00fcr HAF (Hoch-Automatisiertes Fahren) und Teleoperation<\/li>\n<li>Restbussimulation bei Retrofit-L\u00f6sungen<\/li>\n<li>Multifunktions-Eing\u00e4nge und Ausg\u00e4nge<\/li>\n<li>One-Padel-Driving mit Zero-Shift<\/li>\n<li>AC-Ladung Typ 2 und DC-Ladung CCS nach IEC 61851, DIN 70121 und ISO 15118<\/li>\n<li>HIL (Hardware in the Loop) Test am eigenen Pr\u00fcfstand<\/li>\n<li>System-Debugging am Fahrzeug<\/li>\n<li>Onboard-Speicherung von Events und Meldungen<\/li>\n<li>Messdatengenerierung und Aufzeichnungen<\/li>\n<li>Online-Konnektivit\u00e4t und Cloud-Zugriff<\/li>\n<li>Ferndiagnose und Over-the-Air-Update (OTA)<\/li>\n<li>Applikation konfigurierbar und parametrierbar durch den Kunden<\/li>\n<li style=\"list-style-type: none;\">\n<ul><\/ul>\n<\/li>\n<\/ul>\n<p>[\/et_pb_text][et_pb_text _builder_version=&#8220;4.16&#8243; text_font=&#8220;OpenSansRegular||||||||&#8220; text_text_color=&#8220;#FFFFFF&#8220; ul_text_color=&#8220;#4D4D4D&#8220; custom_margin=&#8220;30px||||false|true&#8220; custom_padding=&#8220;|50px||50px|false|false&#8220; global_colors_info=&#8220;{}&#8220;]<span style=\"color: #ffffff;\">M\u00f6chten Sie mehr \u00fcber die verschiedenen Anwendungsm\u00f6glichkeiten von CuroCon<em>trol\u00ae SRx und MSx<\/em> erfahren? Entsprechende Produktinformationen finden Sie in der Kategorie <strong><a href=\"https:\/\/www.curocon.de\/downloads\" style=\"color: #ffffff;\">Downloads &gt;&gt;<\/a><\/strong>.<\/span>[\/et_pb_text][\/et_pb_column][\/et_pb_row][et_pb_row column_structure=&#8220;1_2,1_2&#8243; use_custom_gutter=&#8220;on&#8220; gutter_width=&#8220;1&#8243; make_equal=&#8220;on&#8220; disabled_on=&#8220;off|off|on&#8220; _builder_version=&#8220;4.16&#8243; _module_preset=&#8220;default&#8220; background_color=&#8220;rgba(77,77,77,0.5)&#8220; width=&#8220;100%&#8220; max_width=&#8220;2500px&#8220; custom_padding=&#8220;0px||0px|||&#8220; global_colors_info=&#8220;{}&#8220;][et_pb_column type=&#8220;1_2&#8243; _builder_version=&#8220;4.16&#8243; _module_preset=&#8220;default&#8220; background_image=&#8220;https:\/\/www.curocon.de\/wp-content\/uploads\/2021\/02\/CuroCon_mobile_Automatisierung_02-scaled.jpg&#8220; custom_padding=&#8220;||||true|false&#8220; global_colors_info=&#8220;{}&#8220;][et_pb_divider show_divider=&#8220;off&#8220; _builder_version=&#8220;4.16&#8243; _module_preset=&#8220;default&#8220; custom_padding=&#8220;100px||100px||true|false&#8220; global_colors_info=&#8220;{}&#8220;][\/et_pb_divider][\/et_pb_column][et_pb_column type=&#8220;1_2&#8243; _builder_version=&#8220;4.16&#8243; _module_preset=&#8220;default&#8220; custom_padding=&#8220;20px||20px||true|false&#8220; custom_css_main_element=&#8220;margin: auto;&#8220; global_colors_info=&#8220;{}&#8220;][et_pb_text _builder_version=&#8220;4.16&#8243; _module_preset=&#8220;default&#8220; header_2_font=&#8220;OpenSansLight|300|||||||&#8220; header_2_text_align=&#8220;center&#8220; header_2_text_color=&#8220;#ffffff&#8220; header_2_font_size=&#8220;35px&#8220; text_orientation=&#8220;center&#8220; global_colors_info=&#8220;{}&#8220;]<\/p>\n<h2 style=\"text-align: center;\">CuroCon<em>trol<\/em>\u00ae SRx und MSx Steuerger\u00e4te<\/h2>\n<p>[\/et_pb_text][et_pb_text _builder_version=&#8220;4.16&#8243; text_font=&#8220;OpenSansRegular|600|||||||&#8220; text_text_color=&#8220;#ffffff&#8220; header_2_font=&#8220;|300||on|||||&#8220; header_2_text_align=&#8220;center&#8220; header_2_text_color=&#8220;#002949&#8243; header_2_font_size=&#8220;40px&#8220; text_orientation=&#8220;center&#8220; custom_margin=&#8220;20px||||false|false&#8220; custom_padding=&#8220;|50px||50px|false|true&#8220; global_colors_info=&#8220;{}&#8220;]<\/p>\n<p>Wir liefern die Steuerungs-L\u00f6sung f\u00fcr Ihr elektrisches Nutzfahrzeug.<\/p>\n<p>[\/et_pb_text][et_pb_text _builder_version=&#8220;4.16&#8243; _module_preset=&#8220;default&#8220; text_font=&#8220;OpenSansRegular||||||||&#8220; text_text_color=&#8220;#4d4d4d&#8220; ul_font=&#8220;OpenSansRegular||||||||&#8220; ul_text_color=&#8220;#ffffff&#8220; custom_margin=&#8220;30px||||false|true&#8220; custom_padding=&#8220;|50px||50px|false|false&#8220; global_colors_info=&#8220;{}&#8220;]<\/p>\n<p><span style=\"color: #ffffff;\">Wir bieten individuelle L\u00f6sungen f\u00fcr die Elektrifizierung von Nutzfahrzeugen:<\/span><\/p>\n<ul>\n<li>unser Zentral-Steuerger\u00e4t kontrolliert, steuert und regelt alle elektrischen Komponenten<\/li>\n<li>an Sicherheit ausgerichtete Anwendungen bis PL d (ISO 13849-1) bzw. SIL 2 (IEC 61508)<\/li>\n<li>CAN, CANopen, SAE J1939, FMS-Standard, Ethernet und weitere Schnittstellen<\/li>\n<li>Remote-Schnittstelle f\u00fcr HAF (Hoch-Automatisiertes Fahren) und Teleoperation<\/li>\n<li>Restbussimulation bei Retrofit-L\u00f6sungen<\/li>\n<li>Multifunktions-Eing\u00e4nge und Ausg\u00e4nge<\/li>\n<li>One-Padel-Driving mit Zero-Shift<\/li>\n<li>AC-Ladung Typ 2 und DC-Ladung CCS nach IEC 61851, DIN 70121 und ISO 15118<\/li>\n<li>HIL (Hardware in the Loop) Test am eigenen Pr\u00fcfstand<\/li>\n<li>System-Debugging am Fahrzeug<\/li>\n<li>Onboard-Speicherung von Events und Meldungen<\/li>\n<li>Messdatengenerierung und Aufzeichnungen<\/li>\n<li>Online-Konnektivit\u00e4t und Cloud-Zugriff<\/li>\n<li>Ferndiagnose und Over-the-Air-Update (OTA)<\/li>\n<li>Applikation konfigurierbar und parametrierbar durch den Kunden<\/li>\n<li style=\"list-style-type: none;\">\n<ul><\/ul>\n<\/li>\n<\/ul>\n<p>[\/et_pb_text][et_pb_text _builder_version=&#8220;4.16&#8243; text_font=&#8220;OpenSansRegular||||||||&#8220; text_text_color=&#8220;#FFFFFF&#8220; ul_text_color=&#8220;#4D4D4D&#8220; custom_margin=&#8220;30px||||false|true&#8220; custom_padding=&#8220;|50px||50px|false|false&#8220; global_colors_info=&#8220;{}&#8220;]<span style=\"color: #ffffff;\">M\u00f6chten Sie mehr \u00fcber die verschiedenen Anwendungsm\u00f6glichkeiten von CuroCon<em>trol\u00ae SRx und MSx<\/em> erfahren? Entsprechende Produktinformationen finden Sie in der Kategorie <strong><a href=\"https:\/\/www.curocon.de\/downloads\" style=\"color: #ffffff;\">Downloads &gt;&gt;<\/a><\/strong>.<\/span>[\/et_pb_text][\/et_pb_column][\/et_pb_row][\/et_pb_section][et_pb_section fb_built=&#8220;1&#8243; custom_padding_last_edited=&#8220;on|desktop&#8220; _builder_version=&#8220;4.16&#8243; _module_preset=&#8220;default&#8220; max_width=&#8220;1700px&#8220; module_alignment=&#8220;center&#8220; custom_margin=&#8220;0px||0px||false|false&#8220; custom_padding=&#8220;0px||0px||true|false&#8220; custom_padding_tablet=&#8220;&#8220; custom_padding_phone=&#8220;0px||30px||false|false&#8220; global_colors_info=&#8220;{}&#8220;][et_pb_row column_structure=&#8220;1_2,1_2&#8243; use_custom_gutter=&#8220;on&#8220; gutter_width=&#8220;1&#8243; make_equal=&#8220;on&#8220; disabled_on=&#8220;on|on|off&#8220; _builder_version=&#8220;4.16&#8243; _module_preset=&#8220;default&#8220; background_color=&#8220;#fbfbfb&#8220; width=&#8220;100%&#8220; max_width=&#8220;2500px&#8220; custom_margin=&#8220;|auto||auto|false|false&#8220; custom_padding=&#8220;0px||0px|||&#8220; custom_css_main_element=&#8220;z-index:999&#8243; global_colors_info=&#8220;{}&#8220;][et_pb_column type=&#8220;1_2&#8243; _builder_version=&#8220;4.16&#8243; _module_preset=&#8220;default&#8220; custom_padding=&#8220;40px||40px||true|false&#8220; custom_css_main_element=&#8220;margin: auto;&#8220; global_colors_info=&#8220;{}&#8220;][et_pb_text _builder_version=&#8220;4.16&#8243; _module_preset=&#8220;default&#8220; header_2_font=&#8220;OpenSansLight|300|||||||&#8220; header_2_text_align=&#8220;center&#8220; header_2_text_color=&#8220;#002949&#8243; header_2_font_size=&#8220;35px&#8220; global_colors_info=&#8220;{}&#8220;]<\/p>\n<h2>CuroCon<em>trol<\/em>\u00aeSdx und Mdx Display-L\u00f6sungen<\/h2>\n<p>[\/et_pb_text][et_pb_text _builder_version=&#8220;4.16&#8243; text_font=&#8220;OpenSansRegular|600|||||||&#8220; text_text_color=&#8220;#4d4d4d&#8220; header_2_font=&#8220;|300||on|||||&#8220; header_2_text_align=&#8220;center&#8220; header_2_text_color=&#8220;#002949&#8243; header_2_font_size=&#8220;40px&#8220; text_orientation=&#8220;center&#8220; custom_margin=&#8220;20px||||false|false&#8220; custom_padding=&#8220;|50px||50px|false|true&#8220; global_colors_info=&#8220;{}&#8220;]<\/p>\n<p>Wir bieten Visualisierungs-L\u00f6sungen f\u00fcr das Cockpit von Fahrzeugen:<\/p>\n<p>[\/et_pb_text][et_pb_text _builder_version=&#8220;4.16&#8243; text_font=&#8220;OpenSansRegular||||||||&#8220; text_text_color=&#8220;#4d4d4d&#8220; text_line_height=&#8220;2em&#8220; ul_text_color=&#8220;#4D4D4D&#8220; header_5_font=&#8220;OpenSansRegular||||||||&#8220; header_5_text_align=&#8220;left&#8220; header_5_text_color=&#8220;#002949&#8243; header_5_font_size=&#8220;20px&#8220; custom_margin=&#8220;30px||||false|true&#8220; custom_padding=&#8220;|50px||50px|false|false&#8220; locked=&#8220;off&#8220; global_colors_info=&#8220;{}&#8220;]<\/p>\n<ul>\n<li>kapazitive Multi-Touch-Displays mit intuitivem Bedienkonzept<\/li>\n<li>erweiterter Temperaturbereich von -20\u00b0C bis 70\u00b0C<\/li>\n<li>kundenindividuelle Anzeige und Bedienung<\/li>\n<li>grafische Signalverlaufs-Darstellungen<\/li>\n<li>Tag- und Nachtmodus<\/li>\n<li>Visualisierung von zulassungsrelevanten Informationen<\/li>\n<li>erprobtes Softwareframework f\u00fcr erh\u00f6hte Zuverl\u00e4ssigkeit<\/li>\n<li>CAN, CANopen, SAE J1939, FMS-Standard, Ethernet, OPC UA<\/li>\n<li>einfache Montage \u00fcber Front-Einbau oder VESA-Halterung<\/li>\n<\/ul>\n<p>[\/et_pb_text][et_pb_text _builder_version=&#8220;4.16&#8243; text_font=&#8220;OpenSansRegular||||||||&#8220; text_text_color=&#8220;#4d4d4d&#8220; ul_text_color=&#8220;#4D4D4D&#8220; custom_margin=&#8220;30px||||false|true&#8220; custom_padding=&#8220;|50px||50px|false|false&#8220; global_colors_info=&#8220;{}&#8220;]<\/p>\n<p>M\u00f6chten Sie mehr \u00fcber die verschiedenen Anwendungsm\u00f6glichkeiten von CuroCon<em>trol<\/em>\u00ae erfahren?\u00a0 Entsprechende Produktinformationen finden Sie in der Kategorie<span style=\"color: #003366;\"> <strong><a href=\"https:\/\/www.curocon.de\/downloads\" style=\"color: #003366;\">Downloads &gt;&gt;<\/a><\/strong><\/span>.<\/p>\n<p>[\/et_pb_text][\/et_pb_column][et_pb_column type=&#8220;1_2&#8243; _builder_version=&#8220;4.16&#8243; _module_preset=&#8220;default&#8220; background_image=&#8220;https:\/\/www.curocon.de\/wp-content\/uploads\/2021\/04\/210201_Curocon-149948-1-scaled.jpg&#8220; custom_padding=&#8220;300px||300px||true|false&#8220; global_colors_info=&#8220;{}&#8220;][\/et_pb_column][\/et_pb_row][et_pb_row column_structure=&#8220;1_2,1_2&#8243; use_custom_gutter=&#8220;on&#8220; gutter_width=&#8220;1&#8243; make_equal=&#8220;on&#8220; disabled_on=&#8220;off|off|on&#8220; _builder_version=&#8220;4.16&#8243; _module_preset=&#8220;default&#8220; background_color=&#8220;#fbfbfb&#8220; width=&#8220;100%&#8220; max_width=&#8220;2500px&#8220; custom_margin=&#8220;|auto||auto|false|false&#8220; custom_padding=&#8220;0px||0px|||&#8220; custom_css_main_element=&#8220;z-index:999&#8243; global_colors_info=&#8220;{}&#8220;][et_pb_column type=&#8220;1_2&#8243; _builder_version=&#8220;4.16&#8243; _module_preset=&#8220;default&#8220; background_image=&#8220;https:\/\/www.curocon.de\/wp-content\/uploads\/2021\/04\/210201_Curocon-149948-1-scaled.jpg&#8220; custom_padding=&#8220;10px||10px||true|false&#8220; global_colors_info=&#8220;{}&#8220;][et_pb_divider show_divider=&#8220;off&#8220; _builder_version=&#8220;4.16&#8243; _module_preset=&#8220;default&#8220; custom_padding=&#8220;100px||100px||true|false&#8220; global_colors_info=&#8220;{}&#8220;][\/et_pb_divider][\/et_pb_column][et_pb_column type=&#8220;1_2&#8243; _builder_version=&#8220;4.16&#8243; _module_preset=&#8220;default&#8220; custom_padding=&#8220;20px||20px||true|false&#8220; custom_css_main_element=&#8220;margin: auto;&#8220; global_colors_info=&#8220;{}&#8220;][et_pb_text _builder_version=&#8220;4.16&#8243; _module_preset=&#8220;default&#8220; header_2_font=&#8220;OpenSansLight|300|||||||&#8220; header_2_text_align=&#8220;center&#8220; header_2_text_color=&#8220;#002949&#8243; header_2_font_size=&#8220;35px&#8220; global_colors_info=&#8220;{}&#8220;]<\/p>\n<h2>CuroCon<em>trol<\/em>\u00aeSdx und Mdx Display-L\u00f6sungen<\/h2>\n<p>[\/et_pb_text][et_pb_text _builder_version=&#8220;4.16&#8243; text_font=&#8220;OpenSansRegular|600|||||||&#8220; text_text_color=&#8220;#4d4d4d&#8220; header_2_font=&#8220;|300||on|||||&#8220; header_2_text_align=&#8220;center&#8220; header_2_text_color=&#8220;#002949&#8243; header_2_font_size=&#8220;40px&#8220; text_orientation=&#8220;center&#8220; custom_margin=&#8220;20px||||false|false&#8220; custom_padding=&#8220;|50px||50px|false|true&#8220; global_colors_info=&#8220;{}&#8220;]<\/p>\n<p>Wir bieten Visualisierungs-L\u00f6sungen f\u00fcr das Cockpit von Fahrzeugen:<\/p>\n<p>[\/et_pb_text][et_pb_text _builder_version=&#8220;4.16&#8243; text_font=&#8220;OpenSansRegular||||||||&#8220; text_text_color=&#8220;#4d4d4d&#8220; text_line_height=&#8220;2em&#8220; ul_text_color=&#8220;#4D4D4D&#8220; header_5_font=&#8220;OpenSansRegular||||||||&#8220; header_5_text_align=&#8220;left&#8220; header_5_text_color=&#8220;#002949&#8243; header_5_font_size=&#8220;20px&#8220; custom_margin=&#8220;30px||||false|true&#8220; custom_padding=&#8220;|50px||50px|false|false&#8220; locked=&#8220;off&#8220; global_colors_info=&#8220;{}&#8220;]<\/p>\n<ul>\n<li>kapazitive Multi-Touch-Displays mit intuitivem Bedienkonzept<\/li>\n<li>erweiterter Temperaturbereich von -20\u00b0C bis 70\u00b0C<\/li>\n<li>kundenindividuelle Anzeige und Bedienung<\/li>\n<li>grafische Signalverlaufs-Darstellungen<\/li>\n<li>Tag- und Nachtmodus<\/li>\n<li>Visualisierung von zulassungsrelevanten Informationen<\/li>\n<li>erprobtes Softwareframework f\u00fcr erh\u00f6hte Zuverl\u00e4ssigkeit<\/li>\n<li>CAN, CANopen, SAE J1939, FMS-Standard, Ethernet, OPC UA<\/li>\n<li>einfache Montage \u00fcber Front-Einbau oder VESA-Halterung<\/li>\n<\/ul>\n<p>[\/et_pb_text][et_pb_text _builder_version=&#8220;4.16&#8243; text_font=&#8220;OpenSansRegular||||||||&#8220; text_text_color=&#8220;#4d4d4d&#8220; ul_text_color=&#8220;#4D4D4D&#8220; custom_margin=&#8220;30px||||false|true&#8220; custom_padding=&#8220;|50px||50px|false|false&#8220; global_colors_info=&#8220;{}&#8220;]<\/p>\n<p>M\u00f6chten Sie mehr \u00fcber die verschiedenen Anwendungsm\u00f6glichkeiten von CuroCon<em>trol<\/em>\u00ae erfahren?\u00a0 Entsprechende Produktinformationen finden Sie in der Kategorie<span style=\"color: #003366;\"> <strong><a href=\"https:\/\/www.curocon.de\/downloads\" style=\"color: #003366;\">Downloads &gt;&gt;<\/a><\/strong><\/span>.<\/p>\n<p>[\/et_pb_text][\/et_pb_column][\/et_pb_row][\/et_pb_section][et_pb_section fb_built=&#8220;1&#8243; custom_padding_last_edited=&#8220;on|desktop&#8220; admin_label=&#8220;CTA Section&#8220; _builder_version=&#8220;4.16&#8243; background_color=&#8220;#002949&#8243; max_width=&#8220;3500px&#8220; module_alignment=&#8220;center&#8220; custom_margin=&#8220;0px|||||&#8220; custom_padding=&#8220;4px||4px||true|false&#8220; custom_padding_tablet=&#8220;&#8220; custom_padding_phone=&#8220;30px||30px||true|false&#8220; locked=&#8220;off&#8220; global_colors_info=&#8220;{}&#8220;][et_pb_row custom_padding_last_edited=&#8220;on|tablet&#8220; _builder_version=&#8220;4.16&#8243; use_background_color_gradient=&#8220;on&#8220; background_color_gradient_direction=&#8220;35deg&#8220; background_color_gradient_stops=&#8220;#002949 0%|#002949 100%&#8220; background_color_gradient_start=&#8220;#002949&#8243; background_color_gradient_end=&#8220;#002949&#8243; max_width=&#8220;3500px&#8220; module_alignment=&#8220;center&#8220; custom_margin=&#8220;-3px|auto|-4px|auto||&#8220; custom_margin_last_edited=&#8220;off|desktop&#8220; custom_padding=&#8220;31px|5%|31px|5%|true|true&#8220; custom_padding_tablet=&#8220;|40px||40px||true&#8220; custom_padding_phone=&#8220;&#8220; animation_style=&#8220;fold&#8220; animation_direction=&#8220;left&#8220; animation_duration=&#8220;1500ms&#8220; animation_intensity_fold=&#8220;10%&#8220; animation_starting_opacity=&#8220;100%&#8220; use_custom_width=&#8220;on&#8220; width_unit=&#8220;off&#8220; custom_width_percent=&#8220;100%&#8220; global_colors_info=&#8220;{}&#8220;][et_pb_column type=&#8220;4_4&#8243; _builder_version=&#8220;4.16&#8243; custom_padding=&#8220;|||&#8220; global_colors_info=&#8220;{}&#8220; custom_padding__hover=&#8220;|||&#8220;][et_pb_text _builder_version=&#8220;4.16&#8243; header_2_font=&#8220;OpenSansLight|300||on|||||&#8220; header_2_text_align=&#8220;center&#8220; header_2_text_color=&#8220;#ffffff&#8220; header_2_font_size=&#8220;35px&#8220; header_3_line_height=&#8220;1.3em&#8220; header_5_line_height=&#8220;1.3em&#8220; custom_margin=&#8220;||21px|||&#8220; header_2_font_size_tablet=&#8220;&#8220; header_2_font_size_phone=&#8220;22px&#8220; header_2_font_size_last_edited=&#8220;on|phone&#8220; global_colors_info=&#8220;{}&#8220;]<\/p>\n<h3 style=\"text-align: center;\"><span style=\"color: #ffffff;\">Wir freuen uns auf Ihre pers\u00f6nliche Kontaktaufnahme.<\/span><\/h3>\n<h5 style=\"text-align: center;\"><span style=\"color: #ffffff;\">Gerne beraten wir Sie bedarfsgerecht und auf Ihre individuellen Bed\u00fcrfnisse abgestimmt.<\/span><\/h5>\n<p>[\/et_pb_text][et_pb_button button_url=&#8220;https:\/\/curocon.de\/kontakt\/&#8220; button_text=&#8220;Kontakt&#8220; button_alignment=&#8220;center&#8220; _builder_version=&#8220;4.16&#8243; _module_preset=&#8220;default&#8220; custom_button=&#8220;on&#8220; button_text_size=&#8220;15px&#8220; button_text_color=&#8220;#ffffff&#8220; button_border_width=&#8220;1px&#8220; button_font=&#8220;|||on|||||&#8220; custom_margin=&#8220;3px|||||&#8220; global_colors_info=&#8220;{}&#8220;][\/et_pb_button][\/et_pb_column][\/et_pb_row][\/et_pb_section][et_pb_section fb_built=&#8220;1&#8243; module_id=&#8220;energetisch&#8220; _builder_version=&#8220;4.16&#8243; _module_preset=&#8220;default&#8220; custom_margin=&#8220;50px||-1px||false|false&#8220; custom_margin_tablet=&#8220;&#8220; custom_margin_phone=&#8220;0px||0px||true|false&#8220; custom_margin_last_edited=&#8220;on|phone&#8220; custom_padding=&#8220;20px||30px||false|false&#8220; global_colors_info=&#8220;{}&#8220;][et_pb_row _builder_version=&#8220;4.16&#8243; _module_preset=&#8220;default&#8220; custom_padding=&#8220;13px|||||&#8220; global_colors_info=&#8220;{}&#8220;][et_pb_column type=&#8220;4_4&#8243; _builder_version=&#8220;4.16&#8243; _module_preset=&#8220;default&#8220; global_colors_info=&#8220;{}&#8220;][et_pb_text _builder_version=&#8220;4.16&#8243; _module_preset=&#8220;default&#8220; header_2_font=&#8220;OpenSansLight|300||on|||||&#8220; header_2_text_align=&#8220;center&#8220; header_2_text_color=&#8220;#002949&#8243; header_2_font_size=&#8220;40px&#8220; header_2_font_size_tablet=&#8220;&#8220; header_2_font_size_phone=&#8220;30px&#8220; header_2_font_size_last_edited=&#8220;on|phone&#8220; global_colors_info=&#8220;{}&#8220;]<\/p>\n<h2>Energetische Automatisierung<\/h2>\n<p>[\/et_pb_text][et_pb_text _builder_version=&#8220;4.16&#8243; _module_preset=&#8220;default&#8220; text_font=&#8220;OpenSansRegular||||||||&#8220; text_font_size=&#8220;15px&#8220; ul_text_align=&#8220;left&#8220; header_2_font=&#8220;|300||on|||||&#8220; header_2_text_align=&#8220;center&#8220; header_2_text_color=&#8220;#002949&#8243; header_2_font_size=&#8220;40px&#8220; text_orientation=&#8220;center&#8220; global_colors_info=&#8220;{}&#8220;]<\/p>\n<p>in der Forschung entwickelt \u2013 in Produkt und Dienstleistung etabliert<\/p>\n<p style=\"text-align: left;\">Im Bereich energetische Automatisierung liefert die CuroCon GmbH Ingenieurdienstleistungen und Produkte f\u00fcr Energie- und Ladetechnik sowie zugeh\u00f6rigem Last- und Energiemanagement im Zusammenspiel mit regenerativer Energieerzeugung und \u2013speicherung. Hierzu geh\u00f6rt auch Ladeinfrastruktur f\u00fcr Werks-\/Betriebsgel\u00e4nde und Ladeparks inkl. zugeh\u00f6rigem Last-\/Energiemanagement. Auch Ladetechnologie f\u00fcr E- und Hybrid-Fahrzeuge\/Nutzfahrzeuge sowie der zugeh\u00f6rige Ladecontroller f\u00fcr zuverl\u00e4ssige Kommunikation mit dem Elektrofahrzeug und zur \u00dcberwachung des gesamten Ladevorgangs zwischen Fahrzeug und Ladestation sind Bestandteil der Produktpalette.<\/p>\n<p style=\"text-align: left;\">Die CuroCon GmbH begleitet die Entwicklung der Elektromobilit\u00e4t, Lade- und Batterietechnik bereits seit einigen Jahren auch in Netzwerken und Arbeitsgruppen und forciert den Ausbau dieser Technologien in diesen Bereichen. Auch in den kommenden Jahren wird das Thema der energetischen Automation unsere Leidenschaft sein, die wir stetig weiter ausbauen und um neue Produkte erg\u00e4nzen.<\/p>\n<p style=\"text-align: left;\">Im Folgenden finden Sie eine Auswahl unseres vielf\u00e4ltigen Angebotes. Ist das Passende noch nicht dabei? Haben Sie Fragen? Wir freuen uns auf Ihre pers\u00f6nliche Kontaktaufnahme.<\/p>\n<p>[\/et_pb_text][\/et_pb_column][\/et_pb_row][\/et_pb_section][et_pb_section fb_built=&#8220;1&#8243; _builder_version=&#8220;4.16&#8243; _module_preset=&#8220;default&#8220; max_width=&#8220;1700px&#8220; module_alignment=&#8220;center&#8220; custom_padding=&#8220;0px||0px|||&#8220; locked=&#8220;off&#8220; global_colors_info=&#8220;{}&#8220;][et_pb_row column_structure=&#8220;1_2,1_2&#8243; use_custom_gutter=&#8220;on&#8220; gutter_width=&#8220;1&#8243; make_equal=&#8220;on&#8220; disabled_on=&#8220;on|on|off&#8220; _builder_version=&#8220;4.27.0&#8243; _module_preset=&#8220;default&#8220; background_color=&#8220;#fbfbfb&#8220; width=&#8220;100%&#8220; max_width=&#8220;2500px&#8220; min_height=&#8220;411.4px&#8220; custom_padding=&#8220;0px||0px|||&#8220; locked=&#8220;off&#8220; global_colors_info=&#8220;{}&#8220;][et_pb_column type=&#8220;1_2&#8243; _builder_version=&#8220;4.16&#8243; _module_preset=&#8220;default&#8220; custom_padding=&#8220;0px||0px||true|false&#8220; custom_css_main_element=&#8220;margin: auto;&#8220; global_colors_info=&#8220;{}&#8220;][et_pb_text _builder_version=&#8220;4.16&#8243; _module_preset=&#8220;default&#8220; header_2_font=&#8220;OpenSansLight|300|||||||&#8220; header_2_text_align=&#8220;center&#8220; header_2_text_color=&#8220;#ffffff&#8220; header_2_font_size=&#8220;35px&#8220; custom_margin=&#8220;||60px|||&#8220; custom_padding=&#8220;35px|||||&#8220; global_colors_info=&#8220;{}&#8220;]<\/p>\n<h2><span style=\"color: #000000;\">DC-Link-UP\u00ae Phantom-Pr\u00fcfsystem<\/span><\/h2>\n<p>[\/et_pb_text][et_pb_text _builder_version=&#8220;4.27.4&#8243; text_font=&#8220;OpenSansRegular|600|||||||&#8220; text_text_color=&#8220;#000000&#8243; header_2_font=&#8220;|300||on|||||&#8220; header_2_text_align=&#8220;center&#8220; header_2_text_color=&#8220;#002949&#8243; header_2_font_size=&#8220;40px&#8220; text_orientation=&#8220;center&#8220; min_height=&#8220;11.5px&#8220; custom_margin=&#8220;-49px||||false|false&#8220; custom_padding=&#8220;|50px||50px|false|true&#8220; global_colors_info=&#8220;{}&#8220;]<\/p>\n<p><span data-teams=\"true\"><strong>Mobiles bidirektionales Pr\u00fcfsystem zur eichrechtskonformen Pr\u00fcfung von Ladestationen und Energiez\u00e4hlern<\/strong><\/span><\/p>\n<p>[\/et_pb_text][et_pb_text _builder_version=&#8220;4.27.4&#8243; _module_preset=&#8220;default&#8220; text_font=&#8220;OpenSansRegular||||||||&#8220; text_text_color=&#8220;#4d4d4d&#8220; ul_font=&#8220;OpenSansRegular||||||||&#8220; ul_text_color=&#8220;#4D4D4D&#8220; custom_margin=&#8220;30px||-30px||false|true&#8220; custom_padding=&#8220;|50px||50px|false|false&#8220; global_colors_info=&#8220;{}&#8220;]<\/p>\n<p><span data-teams=\"true\">Wir bieten individuelle Pr\u00fcfsysteme zum Nacheichen von Ladestationen und Energiez\u00e4hlern<\/span>:<\/p>\n<ul>\n<li style=\"list-style-type: none;\">\n<ul>\n<li><span data-teams=\"true\">f\u00fcr AC-Ladung Typ 2 und DC-Ladung CCS\/MCS nach IEC 61851, DIN 70121, ISO 15118 sowie DIN VDE V 0122-2-100<\/span><\/li>\n<li><span data-teams=\"true\">f\u00fcr Ladeleistungen AC bis 22 kW und DC bis 2.250 kW HPC\/MCS (High Power Charging\/Megawatt Charging)<\/span><\/li>\n<li><span data-teams=\"true\">die technischen Eck-\/Betriebspunkte der Energieerfassung werden unter realen Bedingungen eingepr\u00e4gt<\/span><\/li>\n<li><span data-teams=\"true\">automatisch generierte Mess-\/Pr\u00fcfprotokolle mit enthaltenen OCMF-Datens\u00e4tzen<\/span><\/li>\n<li><span data-teams=\"true\">AC-Spannungsbereich 0 bis 400V und -32 bis +32A<\/span><\/li>\n<li><span data-teams=\"true\">DC-Spannungsbereich 0 bis 1.500V und -1.500A bis +1.500A<\/span><\/li>\n<li>Phantom-Pr\u00fcfkonzept (Synthetisches Pr\u00fcfen), Energie flie\u00dft im Kreis, geringer Leistungsbedarf\u00a0<\/li>\n<li>kundenindividuell skalierbar <span data-teams=\"true\">(auch CHAdeMO)<\/span><\/li>\n<li><span data-teams=\"true\">Mobiles Mess-\/Pr\u00fcfsystem im Gestell mit Schwingungsentkoppelung<\/span><\/li>\n<li>auch f\u00fcr station\u00e4ren Einsatz geeignet<\/li>\n<li><span data-teams=\"true\">eigenes Automatisierungssystem CuroControl\u00ae mit anpassbaren Pr\u00fcfabl\u00e4ufen<\/span><\/li>\n<li>abgenommenes Pr\u00fcfkonzept<\/li>\n<li><span data-teams=\"true\">integrierte Powerbank 9kWh \/ 11kW<\/span><\/li>\n<\/ul>\n<\/li>\n<\/ul>\n<p>&nbsp;<\/p>\n<p>[\/et_pb_text][et_pb_text _builder_version=&#8220;4.16&#8243; text_font=&#8220;OpenSansRegular||||||||&#8220; text_text_color=&#8220;#4d4d4d&#8220; ul_text_color=&#8220;#4D4D4D&#8220; custom_margin=&#8220;30px||||false|true&#8220; custom_padding=&#8220;|50px||50px|false|false&#8220; global_colors_info=&#8220;{}&#8220;]<\/p>\n<p>M\u00f6chten Sie mehr \u00fcber unsere Produkte erfahren? Entsprechende Produktinformationen finden Sie in der Kategorie<span style=\"color: #003366;\"> <strong><a href=\"https:\/\/www.curocon.de\/downloads\" style=\"color: #003366;\">Downloads &gt;&gt;<\/a><\/strong><\/span>.<\/p>\n<p>[\/et_pb_text][\/et_pb_column][et_pb_column type=&#8220;1_2&#8243; _builder_version=&#8220;4.27.0&#8243; _module_preset=&#8220;default&#8220; background_image=&#8220;https:\/\/www.curocon.de\/wp-content\/uploads\/2024\/07\/20240418_SynthPruefen_006.jpg&#8220; custom_padding=&#8220;350px||350px||true|false&#8220; global_colors_info=&#8220;{}&#8220;][\/et_pb_column][\/et_pb_row][\/et_pb_section][et_pb_section fb_built=&#8220;1&#8243; _builder_version=&#8220;4.16&#8243; _module_preset=&#8220;default&#8220; max_width=&#8220;1700px&#8220; module_alignment=&#8220;center&#8220; custom_padding=&#8220;0px||0px|||&#8220; locked=&#8220;off&#8220; global_colors_info=&#8220;{}&#8220;][et_pb_row column_structure=&#8220;1_2,1_2&#8243; use_custom_gutter=&#8220;on&#8220; gutter_width=&#8220;1&#8243; make_equal=&#8220;on&#8220; disabled_on=&#8220;off|off|on&#8220; _builder_version=&#8220;4.27.0&#8243; _module_preset=&#8220;default&#8220; background_color=&#8220;rgba(77,77,77,0.5)&#8220; width=&#8220;100%&#8220; max_width=&#8220;2500px&#8220; custom_padding=&#8220;0px||0px|||&#8220; global_colors_info=&#8220;{}&#8220;][et_pb_column type=&#8220;1_2&#8243; _builder_version=&#8220;4.27.0&#8243; _module_preset=&#8220;default&#8220; background_image=&#8220;https:\/\/www.curocon.de\/wp-content\/uploads\/2024\/07\/20240418_SynthPruefen_006.jpg&#8220; custom_padding=&#8220;||||true|false&#8220; global_colors_info=&#8220;{}&#8220;][et_pb_divider show_divider=&#8220;off&#8220; _builder_version=&#8220;4.16&#8243; _module_preset=&#8220;default&#8220; custom_padding=&#8220;100px||100px||true|false&#8220; global_colors_info=&#8220;{}&#8220;][\/et_pb_divider][\/et_pb_column][et_pb_column type=&#8220;1_2&#8243; _builder_version=&#8220;4.16&#8243; _module_preset=&#8220;default&#8220; custom_padding=&#8220;20px||20px||true|false&#8220; custom_css_main_element=&#8220;margin: auto;&#8220; global_colors_info=&#8220;{}&#8220;][et_pb_text _builder_version=&#8220;4.16&#8243; _module_preset=&#8220;default&#8220; header_2_font=&#8220;OpenSansLight|300|||||||&#8220; header_2_text_align=&#8220;center&#8220; header_2_text_color=&#8220;#ffffff&#8220; header_2_font_size=&#8220;35px&#8220; text_orientation=&#8220;center&#8220; global_colors_info=&#8220;{}&#8220;]<\/p>\n<h2 style=\"text-align: center;\">DC-Link-UP\u00ae Phantom-Pr\u00fcfsystem<\/h2>\n<p>[\/et_pb_text][et_pb_text _builder_version=&#8220;4.27.0&#8243; text_font=&#8220;OpenSansRegular|600|||||||&#8220; text_text_color=&#8220;#ffffff&#8220; header_2_font=&#8220;|300||on|||||&#8220; header_2_text_align=&#8220;center&#8220; header_2_text_color=&#8220;#002949&#8243; header_2_font_size=&#8220;40px&#8220; text_orientation=&#8220;center&#8220; custom_margin=&#8220;20px||||false|false&#8220; custom_padding=&#8220;|50px||50px|false|true&#8220; global_colors_info=&#8220;{}&#8220;]<\/p>\n<p>Mobiles Pr\u00fcfsystem zur eichrechtskonformen Pr\u00fcfung von Energiez\u00e4hlern<\/p>\n<p>[\/et_pb_text][et_pb_text _builder_version=&#8220;4.27.0&#8243; _module_preset=&#8220;default&#8220; text_font=&#8220;OpenSansRegular||||||||&#8220; text_text_color=&#8220;#4d4d4d&#8220; ul_font=&#8220;OpenSansRegular||||||||&#8220; ul_text_color=&#8220;#ffffff&#8220; custom_margin=&#8220;30px||||false|true&#8220; custom_padding=&#8220;|50px||50px|false|false&#8220; global_colors_info=&#8220;{}&#8220;]<\/p>\n<p><span style=\"color: #ffffff; font-size: 14px;\">\u00a0Wir bieten individuelle Pr\u00fcfsysteme zum Nacheichen von Energiez\u00e4hlern:<\/span><\/p>\n<ul>\n<li>f\u00fcr AC-Ladung Typ 2 und DC-Ladung CCS-Combo 2 nach IEC 61851, DIN 70121 und ISO 15118<\/li>\n<li>f\u00fcr Ladeleistungen AC bis 20kW und DC bis 600kW HPC (High Power Charging)<\/li>\n<li>die technischen Eckpunkte der Energieerfassung werden unter realen Bedingungen eingepr\u00e4gt<\/li>\n<li>automatisch generierte Messprotokolle mit enthaltenen OCMF Datens\u00e4tzen<\/li>\n<li>DC Spannungsbereich 0&#8230;1000V und +\/-600A<\/li>\n<li>Phantom-Pr\u00fcfkonzept (Synthetisches Pr\u00fcfen), Energie flie\u00dft im Kreis, geringer Leistungsbedarf von typ. 4kW<\/li>\n<li>kundenindividuell skalierbar (auch CHAdeMO)<\/li>\n<li>Mobiles Mess-System im Gestellt mit Schwingungsentkoppelung<\/li>\n<li>auch f\u00fcr station\u00e4ren Einsatz geeignet<\/li>\n<li>eigenes Automatisierungssystem CuroControl\u00ae mit anpassbaren Pr\u00fcfabl\u00e4ufen<\/li>\n<li>abgenommenes Pr\u00fcfkonzept<\/li>\n<li>integrierte Powerbank 9kWh\/ 11kW<\/li>\n<\/ul>\n<p>[\/et_pb_text][et_pb_text _builder_version=&#8220;4.16&#8243; text_font=&#8220;OpenSansRegular||||||||&#8220; text_text_color=&#8220;#FFFFFF&#8220; ul_text_color=&#8220;#4D4D4D&#8220; custom_margin=&#8220;30px||||false|true&#8220; custom_padding=&#8220;|50px||50px|false|false&#8220; global_colors_info=&#8220;{}&#8220;]<\/p>\n<p><span style=\"color: #ffffff;\">M\u00f6chten Sie mehr \u00fcber unsere Produkte erfahren? Entsprechende Produktinformationen finden Sie in der Kategorie <strong><a href=\"https:\/\/www.curocon.de\/downloads\" style=\"color: #ffffff;\">Downloads &gt;&gt;<\/a><\/strong>.<\/span><\/p>\n<p>[\/et_pb_text][\/et_pb_column][\/et_pb_row][et_pb_row column_structure=&#8220;1_2,1_2&#8243; use_custom_gutter=&#8220;on&#8220; gutter_width=&#8220;1&#8243; make_equal=&#8220;on&#8220; disabled_on=&#8220;on|on|off&#8220; _builder_version=&#8220;4.21.0&#8243; _module_preset=&#8220;default&#8220; background_color=&#8220;rgba(77,77,77,0.5)&#8220; width=&#8220;100%&#8220; max_width=&#8220;2500px&#8220; custom_margin=&#8220;-2px|auto||auto||&#8220; custom_padding=&#8220;0px||0px|||&#8220; locked=&#8220;off&#8220; global_colors_info=&#8220;{}&#8220;][et_pb_column type=&#8220;1_2&#8243; _builder_version=&#8220;4.21.0&#8243; _module_preset=&#8220;default&#8220; background_image=&#8220;https:\/\/www.curocon.de\/wp-content\/uploads\/2023\/05\/auto.jpg&#8220; custom_padding=&#8220;350px||350px||true|false&#8220; global_colors_info=&#8220;{}&#8220;][\/et_pb_column][et_pb_column type=&#8220;1_2&#8243; _builder_version=&#8220;4.16&#8243; _module_preset=&#8220;default&#8220; custom_padding=&#8220;0px||0px||true|false&#8220; custom_css_main_element=&#8220;margin: auto;&#8220; global_colors_info=&#8220;{}&#8220;][et_pb_text _builder_version=&#8220;4.16&#8243; _module_preset=&#8220;default&#8220; header_2_font=&#8220;OpenSansLight|300|||||||&#8220; header_2_text_align=&#8220;center&#8220; header_2_text_color=&#8220;#002949&#8243; header_2_font_size=&#8220;35px&#8220; custom_margin=&#8220;||-5px|||&#8220; global_colors_info=&#8220;{}&#8220;]<\/p>\n<h2><span style=\"color: #ffffff;\">DC-Link-UP<\/span><span style=\"color: #ffffff;\">\u00ae HPC Lade-<\/span><span style=\"color: #ffffff;\">Boxen<\/span><\/h2>\n<p>[\/et_pb_text][et_pb_text _builder_version=&#8220;4.27.0&#8243; text_font=&#8220;|600|||||||&#8220; text_text_color=&#8220;#4d4d4d&#8220; header_2_font=&#8220;|300||on|||||&#8220; header_2_text_align=&#8220;center&#8220; header_2_text_color=&#8220;#002949&#8243; header_2_font_size=&#8220;40px&#8220; text_orientation=&#8220;center&#8220; custom_margin=&#8220;20px||||false|false&#8220; custom_padding=&#8220;|50px||50px|false|true&#8220; global_colors_info=&#8220;{}&#8220;]<span style=\"color: #ffffff;\">Unsere Boxen bieten HPC-Laden auf kleinstem Raum<\/span>[\/et_pb_text][et_pb_text _builder_version=&#8220;4.27.4&#8243; _module_preset=&#8220;default&#8220; text_font=&#8220;OpenSansRegular||||||||&#8220; text_text_color=&#8220;#4d4d4d&#8220; ul_font=&#8220;OpenSansRegular||||||||&#8220; ul_text_color=&#8220;#ffffff&#8220; custom_margin=&#8220;30px||10px||false|true&#8220; custom_margin_tablet=&#8220;&#8220; custom_margin_phone=&#8220;||0px||false|true&#8220; custom_margin_last_edited=&#8220;on|phone&#8220; custom_padding=&#8220;|50px||50px|false|false&#8220; global_colors_info=&#8220;{}&#8220;]<\/p>\n<p><span style=\"color: #ffffff;\">Wir bieten individuelle DC-Lade-L\u00f6sungen f\u00fcr Pr\u00fcfst\u00e4nde f\u00fcr die Elektromobilit\u00e4t<\/span><\/p>\n<ul>\n<li style=\"list-style-type: none;\">\n<ul>\n<li>DC-Ladebox zur normkonformen DC-Ladung CCS2 bis 800 kW HPC (High Power Charging), ChaoJi, CHAdeMO und GB\/T<\/li>\n<li>steckbare, kodierte Ladekabel mit automatischer Erkennung des Ladestandards<\/li>\n<li>patentierte Funktionalit\u00e4t f\u00fcr Pr\u00fcfst\u00e4nde: Stecker kann im Fahrzeug gesteckt bleiben und das Fahrzeug erkennt trotzdem &#8222;Stecker gezogen&#8220;<\/li>\n<li>integrierte Vor- und Entladefunktion<\/li>\n<li>integrierte Isolations\u00fcberwachung (IEC 61851-23)<\/li>\n<li>Temperatur\u00fcberwachung des Ladekabels und Derating Funktion<\/li>\n<li>\u00fcberwachtes und sicheres Laden der Fahrzeuge<\/li>\n<li>Einbindung in die vorhandene Automatisierungsumgebung zur vollautomatischen Ladung und Messdatenerfassung<\/li>\n<li>DC Leistungsanbindung an ein vorhandenes DC-Grid<\/li>\n<li>kundenindividuelle Schnittstellen zum Leistungsteil und Automatisierungssystem<\/li>\n<li>Auswahl und Dimensionierung der DC-Leistungsteile und DC-Filter<\/li>\n<li>Display f\u00fcr Lade\u00fcbersicht, Fehler- und Warnmeldungen, Hand\/Bediener-Funktionen<\/li>\n<li>Messbuchsen-Anschl\u00fcsse f\u00fcr CP-Pin, HV+ und HV-<\/li>\n<li>Klimatisierung der DC-Link-UP\u00ae Boxen bzw. Schr\u00e4nke passend zu den Umgebungsbedingungen<\/li>\n<li>Inbetriebnahme durch unsere Experten beim Kunden<\/li>\n<\/ul>\n<\/li>\n<\/ul>\n<p>[\/et_pb_text][et_pb_text _builder_version=&#8220;4.16&#8243; text_font=&#8220;OpenSansRegular||||||||&#8220; text_text_color=&#8220;#FFFFFF&#8220; ul_text_color=&#8220;#4D4D4D&#8220; custom_margin=&#8220;-15px||||false|true&#8220; custom_padding=&#8220;|50px||50px|false|false&#8220; global_colors_info=&#8220;{}&#8220;]<\/p>\n<p><span style=\"color: #ffffff;\">M\u00f6chten Sie mehr \u00fcber die verschiedenen Anwendungsm\u00f6glichkeiten der DC-Link-UP\u00ae Boxen erfahren? Entsprechende Produktinformationen finden Sie in der Kategorie <strong><a href=\"https:\/\/www.curocon.de\/downloads\" style=\"color: #ffffff;\">Downloads &gt;&gt;<\/a><\/strong>.<\/span><\/p>\n<p>[\/et_pb_text][\/et_pb_column][\/et_pb_row][et_pb_row column_structure=&#8220;1_2,1_2&#8243; use_custom_gutter=&#8220;on&#8220; gutter_width=&#8220;1&#8243; make_equal=&#8220;on&#8220; disabled_on=&#8220;off|off|on&#8220; _builder_version=&#8220;4.27.0&#8243; _module_preset=&#8220;default&#8220; background_color=&#8220;rgba(77,77,77,0.5)&#8220; width=&#8220;100%&#8220; max_width=&#8220;2500px&#8220; custom_padding=&#8220;0px||0px|||&#8220; global_colors_info=&#8220;{}&#8220;][et_pb_column type=&#8220;1_2&#8243; _builder_version=&#8220;4.27.0&#8243; _module_preset=&#8220;default&#8220; background_image=&#8220;https:\/\/www.curocon.de\/wp-content\/uploads\/2023\/05\/auto.jpg&#8220; custom_padding=&#8220;||||true|false&#8220; global_colors_info=&#8220;{}&#8220;][et_pb_divider show_divider=&#8220;off&#8220; _builder_version=&#8220;4.16&#8243; _module_preset=&#8220;default&#8220; custom_padding=&#8220;100px||100px||true|false&#8220; global_colors_info=&#8220;{}&#8220;][\/et_pb_divider][\/et_pb_column][et_pb_column type=&#8220;1_2&#8243; _builder_version=&#8220;4.16&#8243; _module_preset=&#8220;default&#8220; custom_padding=&#8220;20px||20px||true|false&#8220; custom_css_main_element=&#8220;margin: auto;&#8220; global_colors_info=&#8220;{}&#8220;][et_pb_text _builder_version=&#8220;4.16&#8243; _module_preset=&#8220;default&#8220; header_2_font=&#8220;OpenSansLight|300|||||||&#8220; header_2_text_align=&#8220;center&#8220; header_2_text_color=&#8220;#ffffff&#8220; header_2_font_size=&#8220;35px&#8220; text_orientation=&#8220;center&#8220; global_colors_info=&#8220;{}&#8220;]<\/p>\n<h2 style=\"text-align: center;\">DC-Link-UP\u00ae HPC Lade-Boxen<\/h2>\n<p>[\/et_pb_text][et_pb_text _builder_version=&#8220;4.27.0&#8243; text_font=&#8220;OpenSansRegular|600|||||||&#8220; text_text_color=&#8220;#ffffff&#8220; header_2_font=&#8220;|300||on|||||&#8220; header_2_text_align=&#8220;center&#8220; header_2_text_color=&#8220;#002949&#8243; header_2_font_size=&#8220;40px&#8220; text_orientation=&#8220;center&#8220; custom_margin=&#8220;20px||||false|false&#8220; custom_padding=&#8220;|50px||50px|false|true&#8220; global_colors_info=&#8220;{}&#8220;]<\/p>\n<p>Unsere Boxen bieten HPC-Laden auf kleinstem Raum<\/p>\n<p>[\/et_pb_text][et_pb_text _builder_version=&#8220;4.27.0&#8243; _module_preset=&#8220;default&#8220; text_font=&#8220;OpenSansRegular||||||||&#8220; text_text_color=&#8220;#4d4d4d&#8220; ul_font=&#8220;OpenSansRegular||||||||&#8220; ul_text_color=&#8220;#ffffff&#8220; custom_margin=&#8220;30px||||false|true&#8220; custom_padding=&#8220;|50px||50px|false|false&#8220; global_colors_info=&#8220;{}&#8220;]<\/p>\n<p><span style=\"color: #ffffff;\">Wir bieten individuelle DC-Lade-L\u00f6sungen f\u00fcr Pr\u00fcfst\u00e4nde f\u00fcr die Elektromobilit\u00e4t<\/span><\/p>\n<ul>\n<li>DC-Ladebox zur normkonformen DC-Ladung CCS Combo 2 bis 350 kW HPC (High Power Charging), ChaoJi, CHAdeMO und GB\/T<\/li>\n<li>umsteckbare Ladekabel mit automatischer Erkennung des Ladestandards<\/li>\n<li>Patentierte Funktionalit\u00e4t f\u00fcr Pr\u00fcfst\u00e4nde: Stecker kann im Fahrzeug gesteckt bleiben und das Fahrzeug erkennt trotzdem &#8222;Stecker gezogen&#8220;<\/li>\n<li>integrierte Vor- und Entladefunktion<\/li>\n<li>integrierte Isolations\u00fcberwachung (IEC 61851-23)<\/li>\n<li>Temperatur\u00fcberwachung des Ladekabels und Derating Funktion<\/li>\n<li>\u00fcberwachtes und sicheres Laden der Fahrzeuge<\/li>\n<li>Einbindung in die vorhandene Automatisierungsumgebung zur vollautomatischen Ladung und Messdatenerfassung<\/li>\n<li>DC Leistungsanbindung an ein vorhandenes DC-Grid<\/li>\n<li>kundenindividuelle Schnittstellen zum Leistungsteil und Automatisierungssystem<\/li>\n<li>Auswahl und Dimensionierung der DC-Leistungsteile und DC-Filter<\/li>\n<li>Display f\u00fcr Lade\u00fcbersicht, Fehler- und Warnmeldungen, Hand\/Bediener-Funktionen<\/li>\n<li>Messbuchsen-Anschl\u00fcsse f\u00fcr CP-Pin, HV+ und HV-<\/li>\n<li>Klimatisierung der DC-Link-UP\u00ae Boxen bzw. Schr\u00e4nke passend zu den Umgebungsbedingungen<\/li>\n<li>Inbetriebnahme durch unsere Experten beim Kunden<\/li>\n<li style=\"list-style-type: none;\">\n<ul><\/ul>\n<\/li>\n<\/ul>\n<p>[\/et_pb_text][et_pb_text _builder_version=&#8220;4.16&#8243; text_font=&#8220;OpenSansRegular||||||||&#8220; text_text_color=&#8220;#FFFFFF&#8220; ul_text_color=&#8220;#4D4D4D&#8220; custom_margin=&#8220;30px||||false|true&#8220; custom_padding=&#8220;|50px||50px|false|false&#8220; global_colors_info=&#8220;{}&#8220;]<\/p>\n<p><span style=\"color: #ffffff;\">M\u00f6chten Sie mehr \u00fcber die verschiedenen Anwendungsm\u00f6glichkeiten der DC-Link-UP\u00ae Boxen erfahren? Entsprechende Produktinformationen finden Sie in der Kategorie <strong><a href=\"https:\/\/www.curocon.de\/downloads\" style=\"color: #ffffff;\">Downloads &gt;&gt;<\/a><\/strong>.<\/span><\/p>\n<p>[\/et_pb_text][\/et_pb_column][\/et_pb_row][et_pb_row column_structure=&#8220;1_2,1_2&#8243; use_custom_gutter=&#8220;on&#8220; gutter_width=&#8220;1&#8243; make_equal=&#8220;on&#8220; disabled_on=&#8220;on|on|off&#8220; _builder_version=&#8220;4.16&#8243; _module_preset=&#8220;default&#8220; background_color=&#8220;#fbfbfb&#8220; width=&#8220;100%&#8220; max_width=&#8220;2500px&#8220; min_height=&#8220;411.4px&#8220; custom_padding=&#8220;0px||0px|||&#8220; locked=&#8220;off&#8220; global_colors_info=&#8220;{}&#8220;][et_pb_column type=&#8220;1_2&#8243; _builder_version=&#8220;4.16&#8243; _module_preset=&#8220;default&#8220; custom_padding=&#8220;0px||0px||true|false&#8220; custom_css_main_element=&#8220;margin: auto;&#8220; global_colors_info=&#8220;{}&#8220;][et_pb_text _builder_version=&#8220;4.16&#8243; _module_preset=&#8220;default&#8220; header_2_font=&#8220;OpenSansLight|300|||||||&#8220; header_2_text_align=&#8220;center&#8220; header_2_text_color=&#8220;#ffffff&#8220; header_2_font_size=&#8220;35px&#8220; custom_margin=&#8220;||60px|||&#8220; custom_padding=&#8220;35px|||||&#8220; global_colors_info=&#8220;{}&#8220;]<\/p>\n<h2><span style=\"color: #000000;\">CuroCon<em>trol<\/em>\u00aeMsdc Lades\u00e4ulentechnik<\/span><\/h2>\n<p>[\/et_pb_text][et_pb_text _builder_version=&#8220;4.27.0&#8243; text_font=&#8220;OpenSansRegular|600|||||||&#8220; text_text_color=&#8220;#ffffff&#8220; header_2_font=&#8220;|300||on|||||&#8220; header_2_text_align=&#8220;center&#8220; header_2_text_color=&#8220;#002949&#8243; header_2_font_size=&#8220;40px&#8220; text_orientation=&#8220;center&#8220; min_height=&#8220;11.5px&#8220; custom_margin=&#8220;-49px||||false|false&#8220; custom_padding=&#8220;|50px||50px|false|true&#8220; global_colors_info=&#8220;{}&#8220;]<\/p>\n<p><span style=\"color: #000000;\"><em>der<\/em> Ladecontroller f\u00fcr den Ladepark<\/span><\/p>\n<p>[\/et_pb_text][et_pb_text _builder_version=&#8220;4.16&#8243; _module_preset=&#8220;default&#8220; text_font=&#8220;OpenSansRegular||||||||&#8220; text_text_color=&#8220;#4d4d4d&#8220; ul_font=&#8220;OpenSansRegular||||||||&#8220; ul_text_color=&#8220;#4D4D4D&#8220; custom_margin=&#8220;30px||-30px||false|true&#8220; custom_padding=&#8220;|50px||50px|false|false&#8220; global_colors_info=&#8220;{}&#8220;]<\/p>\n<p>Wir bieten individuelle DC und AC Ladepark-L\u00f6sungen:<\/p>\n<ul>\n<li style=\"list-style-type: none;\">\n<ul>\n<li>AC-Ladung Typ 2 und DC-Ladung CCS-Combo 2 nach IEC 61851, DIN 70121 und ISO 15118<\/li>\n<li>Ladeleistungen AC bis 43 kW und DC bis 350 kW HPC (High Power Charging) und mehr<\/li>\n<li>modulare Applikationsprogrammierung und individuelle Kundenschnittstellen<\/li>\n<li>dynamisches Last- und Energiemanagement mit Authentifizierungssystem<\/li>\n<li>zuverl\u00e4ssige und stabile Kommunikation zu den Elektrofahrzeugen<\/li>\n<li>stets \u00fcberwachtes und sicheres Laden der Fahrzeuge<\/li>\n<li>kundenindividuell skalierbare und kombinierbare AC- und DC-Ladepunkte<\/li>\n<li>Visualisierung durch Multi-Touch-Display und CuroControl\u00ae<\/li>\n<li>Messdatengenerierung und Aufzeichnungen<\/li>\n<li>Online-Konnektivit\u00e4t und Cloud-Zugriff<\/li>\n<li>Ferndiagnose und Remote-Support<\/li>\n<li>Backend-Anbindung \u00fcber OCPP (Open Charge Point Protocol)<\/li>\n<li>Inbetriebnahme durch unsere Experten beim Kunden<\/li>\n<li>betriebseigener Ladepark und stetige Weiterentwicklung<\/li>\n<li>langj\u00e4hrige Erfahrung in der Ladetechnik mit zahlreichen Projekten<\/li>\n<\/ul>\n<\/li>\n<\/ul>\n<p>&nbsp;<\/p>\n<p>[\/et_pb_text][et_pb_text _builder_version=&#8220;4.16&#8243; text_font=&#8220;OpenSansRegular||||||||&#8220; text_text_color=&#8220;#4d4d4d&#8220; ul_text_color=&#8220;#4D4D4D&#8220; custom_margin=&#8220;30px||||false|true&#8220; custom_padding=&#8220;|50px||50px|false|false&#8220; global_colors_info=&#8220;{}&#8220;]<\/p>\n<p>M\u00f6chten Sie mehr \u00fcber unsere Produkte erfahren? Entsprechende Produktinformationen finden Sie in der Kategorie<span style=\"color: #003366;\"> <strong><a href=\"https:\/\/www.curocon.de\/downloads\" style=\"color: #003366;\">Downloads &gt;&gt;<\/a><\/strong><\/span>.<\/p>\n<p>[\/et_pb_text][\/et_pb_column][et_pb_column type=&#8220;1_2&#8243; _builder_version=&#8220;4.16&#8243; _module_preset=&#8220;default&#8220; background_image=&#8220;https:\/\/www.curocon.de\/wp-content\/uploads\/2021\/03\/Siemens_Ladesaeule_Kontakt.png&#8220; custom_padding=&#8220;350px||350px||true|false&#8220; global_colors_info=&#8220;{}&#8220;][\/et_pb_column][\/et_pb_row][et_pb_row column_structure=&#8220;1_2,1_2&#8243; use_custom_gutter=&#8220;on&#8220; gutter_width=&#8220;1&#8243; make_equal=&#8220;on&#8220; disabled_on=&#8220;off|off|on&#8220; _builder_version=&#8220;4.27.0&#8243; _module_preset=&#8220;default&#8220; background_color=&#8220;rgba(77,77,77,0.5)&#8220; width=&#8220;100%&#8220; max_width=&#8220;2500px&#8220; custom_padding=&#8220;0px||0px|||&#8220; global_colors_info=&#8220;{}&#8220;][et_pb_column type=&#8220;1_2&#8243; _builder_version=&#8220;4.27.0&#8243; _module_preset=&#8220;default&#8220; background_image=&#8220;https:\/\/www.curocon.de\/wp-content\/uploads\/2021\/03\/Siemens_Ladesaeule_Kontakt.png&#8220; custom_padding=&#8220;||||true|false&#8220; global_colors_info=&#8220;{}&#8220;][et_pb_divider show_divider=&#8220;off&#8220; _builder_version=&#8220;4.16&#8243; _module_preset=&#8220;default&#8220; custom_padding=&#8220;100px||100px||true|false&#8220; global_colors_info=&#8220;{}&#8220;][\/et_pb_divider][\/et_pb_column][et_pb_column type=&#8220;1_2&#8243; _builder_version=&#8220;4.16&#8243; _module_preset=&#8220;default&#8220; custom_padding=&#8220;20px||20px||true|false&#8220; custom_css_main_element=&#8220;margin: auto;&#8220; global_colors_info=&#8220;{}&#8220;][et_pb_text _builder_version=&#8220;4.16&#8243; _module_preset=&#8220;default&#8220; header_2_font=&#8220;OpenSansLight|300|||||||&#8220; header_2_text_align=&#8220;center&#8220; header_2_text_color=&#8220;#ffffff&#8220; header_2_font_size=&#8220;35px&#8220; text_orientation=&#8220;center&#8220; global_colors_info=&#8220;{}&#8220;]<\/p>\n<h2 style=\"text-align: center;\">CuroCon<em>trol<\/em>\u00ae Msdc Lades\u00e4ulentechnik<\/h2>\n<p>[\/et_pb_text][et_pb_text _builder_version=&#8220;4.27.0&#8243; text_font=&#8220;OpenSansRegular|600|||||||&#8220; text_text_color=&#8220;#ffffff&#8220; header_2_font=&#8220;|300||on|||||&#8220; header_2_text_align=&#8220;center&#8220; header_2_text_color=&#8220;#002949&#8243; header_2_font_size=&#8220;40px&#8220; text_orientation=&#8220;center&#8220; custom_margin=&#8220;20px||||false|false&#8220; custom_padding=&#8220;|50px||50px|false|true&#8220; global_colors_info=&#8220;{}&#8220;]<\/p>\n<p><em>der<\/em> Ladecontroller f\u00fcr den Ladepark<\/p>\n<p>[\/et_pb_text][et_pb_text _builder_version=&#8220;4.27.0&#8243; _module_preset=&#8220;default&#8220; text_font=&#8220;OpenSansRegular||||||||&#8220; text_text_color=&#8220;#4d4d4d&#8220; ul_font=&#8220;OpenSansRegular||||||||&#8220; ul_text_color=&#8220;#ffffff&#8220; custom_margin=&#8220;30px||||false|true&#8220; custom_padding=&#8220;|50px||50px|false|false&#8220; global_colors_info=&#8220;{}&#8220;]<\/p>\n<p><span style=\"color: #ffffff;\">Wir bieten individuelle DC und AC Ladepark-L\u00f6sungen:<\/span><\/p>\n<ul>\n<li>AC-Ladung Typ 2 und DC-Ladung CCS-Combo 2 nach IEC 61851, DIN 70121 und ISO 15118<\/li>\n<li>Ladeleistungen AC bis 43kW und DC bis 350kW HPC (High Power Charging) und mehr<\/li>\n<li>modulare Applikationsprogrammierung und individuelle Kundenschnittstellen<\/li>\n<li>zuverl\u00e4ssige und stabile Kommunikation zu den Elektrofahrzeugen<\/li>\n<li>stets \u00fcberwachtes und sicheres Laden der Fahrzeuge<\/li>\n<li>kundenindividuell skalierbar und kombinierbare AC- und DC-Ladepunkte<\/li>\n<li>Visualisierung durch Multi-Touch-Display und CuroControl\u00ae<\/li>\n<li>Messdatengenerierung und Aufzeichnung<\/li>\n<li>Online-Konnektivit\u00e4t und Cloud-Zugriff<\/li>\n<li>Ferndiagnose und Remote-Support<\/li>\n<li>Backend-Anbindung \u00fcber OCPP (Open Charge Point Protocol)<\/li>\n<li>Inbetriebnahme durch unsere Experten beim Kunden<\/li>\n<li>betriebseigener Ladepark und stetige Weiterentwicklung<\/li>\n<li>langj\u00e4hrige Erfahrung in der Ladetechnik mit zahlreichen Projekten<\/li>\n<li style=\"list-style-type: none;\">\n<ul><\/ul>\n<\/li>\n<\/ul>\n<p>[\/et_pb_text][et_pb_text _builder_version=&#8220;4.16&#8243; text_font=&#8220;OpenSansRegular||||||||&#8220; text_text_color=&#8220;#FFFFFF&#8220; ul_text_color=&#8220;#4D4D4D&#8220; custom_margin=&#8220;30px||||false|true&#8220; custom_padding=&#8220;|50px||50px|false|false&#8220; global_colors_info=&#8220;{}&#8220;]<\/p>\n<p><span style=\"color: #ffffff;\">M\u00f6chten Sie mehr \u00fcber unsere Produkte erfahren?\u00a0Entsprechende Produktinformationen finden Sie in der Kategorie <strong><a href=\"https:\/\/www.curocon.de\/downloads\" style=\"color: #ffffff;\">Downloads &gt;&gt;<\/a><\/strong>.<\/span><\/p>\n<p>[\/et_pb_text][\/et_pb_column][\/et_pb_row][\/et_pb_section][et_pb_section fb_built=&#8220;1&#8243; custom_padding_last_edited=&#8220;on|desktop&#8220; admin_label=&#8220;CTA Section&#8220; _builder_version=&#8220;4.16&#8243; background_color=&#8220;#002949&#8243; max_width=&#8220;3500px&#8220; module_alignment=&#8220;center&#8220; custom_margin=&#8220;0px|||||&#8220; custom_padding=&#8220;4px||4px||true|false&#8220; custom_padding_tablet=&#8220;&#8220; custom_padding_phone=&#8220;30px||30px||true|false&#8220; locked=&#8220;off&#8220; global_colors_info=&#8220;{}&#8220;][et_pb_row custom_padding_last_edited=&#8220;on|tablet&#8220; _builder_version=&#8220;4.16&#8243; use_background_color_gradient=&#8220;on&#8220; background_color_gradient_direction=&#8220;35deg&#8220; background_color_gradient_stops=&#8220;#002949 0%|#002949 100%&#8220; background_color_gradient_start=&#8220;#002949&#8243; background_color_gradient_end=&#8220;#002949&#8243; max_width=&#8220;3500px&#8220; module_alignment=&#8220;center&#8220; min_height=&#8220;153.4px&#8220; custom_margin=&#8220;13px|auto|-4px|auto||&#8220; custom_margin_last_edited=&#8220;off|desktop&#8220; custom_padding=&#8220;31px|5%|31px|5%|true|true&#8220; custom_padding_tablet=&#8220;|40px||40px||true&#8220; custom_padding_phone=&#8220;&#8220; animation_style=&#8220;fold&#8220; animation_direction=&#8220;left&#8220; animation_duration=&#8220;1500ms&#8220; animation_intensity_fold=&#8220;10%&#8220; animation_starting_opacity=&#8220;100%&#8220; use_custom_width=&#8220;on&#8220; width_unit=&#8220;off&#8220; custom_width_percent=&#8220;100%&#8220; global_colors_info=&#8220;{}&#8220;][et_pb_column type=&#8220;4_4&#8243; _builder_version=&#8220;4.16&#8243; custom_padding=&#8220;|||&#8220; global_colors_info=&#8220;{}&#8220; custom_padding__hover=&#8220;|||&#8220;][et_pb_text _builder_version=&#8220;4.16&#8243; header_2_font=&#8220;OpenSansLight|300||on|||||&#8220; header_2_text_align=&#8220;center&#8220; header_2_text_color=&#8220;#ffffff&#8220; header_2_font_size=&#8220;35px&#8220; header_3_line_height=&#8220;1.3em&#8220; header_5_line_height=&#8220;1.3em&#8220; custom_margin=&#8220;||21px|||&#8220; header_2_font_size_tablet=&#8220;&#8220; header_2_font_size_phone=&#8220;22px&#8220; header_2_font_size_last_edited=&#8220;on|phone&#8220; global_colors_info=&#8220;{}&#8220;]<\/p>\n<h3 style=\"text-align: center;\"><span style=\"color: #ffffff;\">Wir freuen uns auf Ihre pers\u00f6nliche Kontaktaufnahme.<\/span><\/h3>\n<h5 style=\"text-align: center;\"><span style=\"color: #ffffff;\">Gerne beraten wir Sie bedarfsgerecht und auf Ihre individuellen Bed\u00fcrfnisse abgestimmt.<\/span><\/h5>\n<p>[\/et_pb_text][et_pb_button button_url=&#8220;https:\/\/curocon.de\/kontakt\/&#8220; button_text=&#8220;Kontakt&#8220; button_alignment=&#8220;center&#8220; _builder_version=&#8220;4.16&#8243; _module_preset=&#8220;default&#8220; custom_button=&#8220;on&#8220; button_text_size=&#8220;15px&#8220; button_text_color=&#8220;#ffffff&#8220; button_border_width=&#8220;1px&#8220; button_font=&#8220;|||on|||||&#8220; custom_margin=&#8220;3px|||||&#8220; global_colors_info=&#8220;{}&#8220;][\/et_pb_button][\/et_pb_column][\/et_pb_row][\/et_pb_section][et_pb_section fb_built=&#8220;1&#8243; custom_padding_last_edited=&#8220;on|phone&#8220; module_id=&#8220;forschung&#8220; _builder_version=&#8220;4.16&#8243; _module_preset=&#8220;default&#8220; custom_padding=&#8220;50px||50px||true|false&#8220; custom_padding_tablet=&#8220;&#8220; custom_padding_phone=&#8220;0px||0px||true|false&#8220; global_colors_info=&#8220;{}&#8220;][et_pb_row _builder_version=&#8220;4.16&#8243; _module_preset=&#8220;default&#8220; custom_padding=&#8220;13px||5px|||&#8220; global_colors_info=&#8220;{}&#8220;][et_pb_column type=&#8220;4_4&#8243; _builder_version=&#8220;4.16&#8243; _module_preset=&#8220;default&#8220; global_colors_info=&#8220;{}&#8220;][et_pb_text _builder_version=&#8220;4.16&#8243; _module_preset=&#8220;default&#8220; header_2_font=&#8220;OpenSansLight|300||on|||||&#8220; header_2_text_align=&#8220;center&#8220; header_2_text_color=&#8220;#002949&#8243; header_2_font_size=&#8220;40px&#8220; header_2_font_size_tablet=&#8220;&#8220; header_2_font_size_phone=&#8220;30px&#8220; header_2_font_size_last_edited=&#8220;on|phone&#8220; global_colors_info=&#8220;{}&#8220;]<\/p>\n<div class=\"et_pb_module et_pb_text et_pb_text_8  et_pb_text_align_center et_pb_bg_layout_light\">\n<h2 class=\"et_pb_text_inner\"><span>\u00a0<\/span>Forschung &amp; Entwicklung<\/h2>\n<\/div>\n<div class=\"et_pb_module et_pb_text et_pb_text_9  et_pb_text_align_center et_pb_bg_layout_light\"><\/div>\n<p>[\/et_pb_text][\/et_pb_column][\/et_pb_row][et_pb_row column_structure=&#8220;1_2,1_2&#8243; use_custom_gutter=&#8220;on&#8220; make_equal=&#8220;on&#8220; _builder_version=&#8220;4.16&#8243; _module_preset=&#8220;default&#8220; max_width=&#8220;1500px&#8220; global_colors_info=&#8220;{}&#8220;][et_pb_column type=&#8220;1_2&#8243; _builder_version=&#8220;4.16&#8243; _module_preset=&#8220;default&#8220; custom_css_main_element=&#8220;margin:auto;&#8220; global_colors_info=&#8220;{}&#8220;][et_pb_text _builder_version=&#8220;4.16&#8243; _module_preset=&#8220;default&#8220; text_font=&#8220;OpenSansRegular||||||||&#8220; text_font_size=&#8220;15px&#8220; text_line_height=&#8220;1.5em&#8220; ul_text_align=&#8220;left&#8220; header_2_font=&#8220;|300||on|||||&#8220; header_2_text_align=&#8220;center&#8220; header_2_text_color=&#8220;#002949&#8243; header_2_font_size=&#8220;40px&#8220; global_colors_info=&#8220;{}&#8220;]<\/p>\n<p><span>Die CuroCon GmbH engagiert sich seit Jahren in Forschung und Entwicklung.\u00a0 Hier werden Neuheiten erprobt, die anschlie\u00dfend Eingang in unsere Produkte und Dienstleistungen finden. Die Bereiche Energieeffizienz, Nutzung von Energien sowie deren Management liegen uns neben der mobilen, station\u00e4ren sowie energetischen Automatisierung am Herzen. Dabei arbeiten wir mit unseren Partnern aus Hochschulen und Industrie vertrauensvoll und gewinnbringend zusammen. Selbstverst\u00e4ndlich sind unsere Projekte von namhaften Forschungszentren anerkannt und durch das Bundesministerium f\u00fcr Wirtschaft und Energie gef\u00f6rdert.<\/span><\/p>\n<p><span>Ein erstes Forschungs- und Entwicklungsprodukt hierbei war der evTrailer, als autark und elektrisch angetriebener LKW-Trailer und Fahrzeuganh\u00e4nger. Ziel dieses Projektes war die Konzeption und Entwicklung eines autarken Antriebskooperationssystems f\u00fcr Trailer mit integriertem Energie- und Betriebsstrategiemanagement.<\/span><\/p>\n<p><span>Ein weiteres Forschungs- und Entwicklungsprodukt ist MuFuBisS als regelbares Wand-\/D\u00e4mmelement zur Speicherung regenerativer Energien mit cloudbasiertem Geb\u00e4ude-\/Energiemanagement, das auf dem Bedarf der Energie- und Bauwirtschaft an intelligenten L\u00f6sungen zum Energie- und Klimamanagement in den Versorgungsnetzen im Verbund mit fernsteuerbaren Verbrauchern und Heiz-\/K\u00fchlsystemen aufbaut. <\/span><\/p>\n<p>[\/et_pb_text][\/et_pb_column][et_pb_column type=&#8220;1_2&#8243; _builder_version=&#8220;4.16&#8243; _module_preset=&#8220;default&#8220; global_colors_info=&#8220;{}&#8220;][et_pb_image src=&#8220;https:\/\/www.curocon.de\/wp-content\/uploads\/2022\/04\/Forschung_und_Entwicklung_2022_web.png&#8220; title_text=&#8220;Forschung_und_Entwicklung_2022_web&#8220; align=&#8220;center&#8220; _builder_version=&#8220;4.27.0&#8243; _module_preset=&#8220;default&#8220; transform_rotate=&#8220;0deg|0deg|-1deg&#8220; max_width=&#8220;300px&#8220; custom_margin_tablet=&#8220;&#8220; custom_margin_phone=&#8220;30px||||false|false&#8220; custom_margin_last_edited=&#8220;on|phone&#8220; global_colors_info=&#8220;{}&#8220;][\/et_pb_image][et_pb_image src=&#8220;https:\/\/www.curocon.de\/wp-content\/uploads\/2021\/02\/Forschung_und_Entwicklung_2020_print-1.png&#8220; title_text=&#8220;Forschung_und_Entwicklung_2020_print&#8220; align=&#8220;center&#8220; _builder_version=&#8220;4.27.0&#8243; _module_preset=&#8220;default&#8220; transform_rotate=&#8220;0deg|0deg|-1deg&#8220; max_width=&#8220;300px&#8220; custom_margin_tablet=&#8220;&#8220; custom_margin_phone=&#8220;30px||||false|false&#8220; custom_margin_last_edited=&#8220;on|phone&#8220; global_colors_info=&#8220;{}&#8220;][\/et_pb_image][\/et_pb_column][\/et_pb_row][\/et_pb_section][et_pb_section fb_built=&#8220;1&#8243; _builder_version=&#8220;4.16&#8243; _module_preset=&#8220;default&#8220; max_width=&#8220;1700px&#8220; module_alignment=&#8220;center&#8220; custom_padding=&#8220;0px||0px|||&#8220; locked=&#8220;off&#8220; global_colors_info=&#8220;{}&#8220;][et_pb_row column_structure=&#8220;1_2,1_2&#8243; use_custom_gutter=&#8220;on&#8220; gutter_width=&#8220;1&#8243; make_equal=&#8220;on&#8220; custom_padding_last_edited=&#8220;on|phone&#8220; disabled_on=&#8220;on|on|off&#8220; _builder_version=&#8220;4.16&#8243; _module_preset=&#8220;default&#8220; background_color=&#8220;#fbfbfb&#8220; width=&#8220;100%&#8220; max_width=&#8220;2500px&#8220; custom_padding=&#8220;0px||0px|||&#8220; custom_padding_tablet=&#8220;&#8220; custom_padding_phone=&#8220;30px||0px||false|false&#8220; global_colors_info=&#8220;{}&#8220;][et_pb_column type=&#8220;1_2&#8243; _builder_version=&#8220;4.16&#8243; _module_preset=&#8220;default&#8220; custom_padding=&#8220;||||true|false&#8220; custom_css_main_element=&#8220;margin: auto;&#8220; global_colors_info=&#8220;{}&#8220;][et_pb_text _builder_version=&#8220;4.16&#8243; _module_preset=&#8220;default&#8220; header_2_font=&#8220;OpenSansRegular|300||on|||||&#8220; header_2_text_align=&#8220;center&#8220; header_2_text_color=&#8220;#002949&#8243; header_2_font_size=&#8220;35px&#8220; global_colors_info=&#8220;{}&#8220;]<\/p>\n<h1 style=\"text-align: center;\">evTrailer<\/h1>\n<p>[\/et_pb_text][et_pb_text _builder_version=&#8220;4.16&#8243; text_font=&#8220;OpenSansRegular|600|||||||&#8220; text_text_color=&#8220;#4d4d4d&#8220; header_2_font=&#8220;|300||on|||||&#8220; header_2_text_align=&#8220;center&#8220; header_2_text_color=&#8220;#002949&#8243; header_2_font_size=&#8220;40px&#8220; text_orientation=&#8220;center&#8220; custom_margin=&#8220;20px||||false|false&#8220; custom_padding=&#8220;|50px||50px|false|true&#8220; global_colors_info=&#8220;{}&#8220;]<\/p>\n<p>autarkes, batterieelektrisches Antriebsmodul f\u00fcr LKW-Trailer sowie Fahrzeuganh\u00e4nger<\/p>\n<p>[\/et_pb_text][et_pb_text _builder_version=&#8220;4.16&#8243; text_font=&#8220;OpenSansRegular||||||||&#8220; text_text_color=&#8220;#4d4d4d&#8220; ul_font=&#8220;OpenSansRegular||||||||&#8220; ul_text_color=&#8220;#4D4D4D&#8220; custom_margin=&#8220;30px||||false|true&#8220; custom_padding=&#8220;|50px||50px|false|false&#8220; global_colors_info=&#8220;{}&#8220;]<\/p>\n<ul>\n<li>System basiert auf CuroCon<em>trol<\/em>\u00aeSRx Fahrzeug-Controller<\/li>\n<li>Erh\u00f6hung der Fahrsicherheit sowie Fahrdynamikregelung<\/li>\n<li>Senkung des Verbrauchs<\/li>\n<li>Konsortium aus f\u00fcnf Forschungsinstituten und Industrieunternehmen mit CuroCon als Konsortialf\u00fchrer<\/li>\n<li>Projektlaufzeit bis Mitte 2025<\/li>\n<\/ul>\n<p>[\/et_pb_text][et_pb_text _builder_version=&#8220;4.16&#8243; _module_preset=&#8220;default&#8220; text_font=&#8220;OpenSansRegular|600|||||||&#8220; text_text_color=&#8220;#4d4d4d&#8220; header_2_font=&#8220;|300||on|||||&#8220; header_2_text_align=&#8220;center&#8220; header_2_text_color=&#8220;#002949&#8243; header_2_font_size=&#8220;40px&#8220; text_orientation=&#8220;center&#8220; custom_margin=&#8220;20px||||false|false&#8220; custom_padding=&#8220;|50px||50px|false|true&#8220; link_option_url=&#8220;https:\/\/curo-con.de\/plan%ce%b2\/&#8220; global_colors_info=&#8220;{}&#8220;]<\/p>\n<p><span style=\"color: #003366;\"><a href=\"https:\/\/www.curocon.de\/?p=2791\" style=\"color: #003366;\">Mehr zum Projekt evTrailer in den <strong>News <\/strong>&gt;&gt;<\/a><\/span><\/p>\n<p><span><\/span><\/p>\n<p>[\/et_pb_text][\/et_pb_column][et_pb_column type=&#8220;1_2&#8243; _builder_version=&#8220;4.16&#8243; _module_preset=&#8220;default&#8220; background_image=&#8220;https:\/\/www.curocon.de\/wp-content\/uploads\/2021\/03\/evTRailer_mit_Quellenangabe-1.png&#8220; custom_padding=&#8220;10%||10%||true|false&#8220; global_colors_info=&#8220;{}&#8220;][et_pb_divider show_divider=&#8220;off&#8220; _builder_version=&#8220;4.16&#8243; _module_preset=&#8220;default&#8220; custom_padding=&#8220;10vh||10vh||true|false&#8220; global_colors_info=&#8220;{}&#8220;][\/et_pb_divider][\/et_pb_column][\/et_pb_row][et_pb_row column_structure=&#8220;1_2,1_2&#8243; use_custom_gutter=&#8220;on&#8220; gutter_width=&#8220;1&#8243; make_equal=&#8220;on&#8220; custom_padding_last_edited=&#8220;on|phone&#8220; disabled_on=&#8220;off|off|on&#8220; _builder_version=&#8220;4.16&#8243; _module_preset=&#8220;default&#8220; background_color=&#8220;#fbfbfb&#8220; width=&#8220;100%&#8220; max_width=&#8220;2500px&#8220; custom_padding=&#8220;0px||0px|||&#8220; custom_padding_tablet=&#8220;&#8220; custom_padding_phone=&#8220;30px||0px||false|false&#8220; global_colors_info=&#8220;{}&#8220;][et_pb_column type=&#8220;1_2&#8243; _builder_version=&#8220;4.16&#8243; _module_preset=&#8220;default&#8220; background_image=&#8220;https:\/\/www.curocon.de\/wp-content\/uploads\/2021\/03\/evTRailer_mit_Quellenangabe-1.png&#8220; custom_padding=&#8220;100px||100px||true|false&#8220; global_colors_info=&#8220;{}&#8220;][et_pb_divider show_divider=&#8220;off&#8220; _builder_version=&#8220;4.16&#8243; _module_preset=&#8220;default&#8220; custom_padding=&#8220;10vh||10vh||true|false&#8220; global_colors_info=&#8220;{}&#8220;][\/et_pb_divider][\/et_pb_column][et_pb_column type=&#8220;1_2&#8243; _builder_version=&#8220;4.16&#8243; _module_preset=&#8220;default&#8220; custom_padding=&#8220;20px||20px||true|false&#8220; custom_css_main_element=&#8220;margin: auto;&#8220; global_colors_info=&#8220;{}&#8220;][et_pb_text _builder_version=&#8220;4.16&#8243; _module_preset=&#8220;default&#8220; header_2_font=&#8220;OpenSansRegular|300||on|||||&#8220; header_2_text_align=&#8220;center&#8220; header_2_text_color=&#8220;#002949&#8243; header_2_font_size=&#8220;35px&#8220; global_colors_info=&#8220;{}&#8220;]<\/p>\n<h1 style=\"text-align: center;\">evTrailer<\/h1>\n<p>[\/et_pb_text][et_pb_text _builder_version=&#8220;4.16&#8243; text_font=&#8220;OpenSansRegular|600|||||||&#8220; text_text_color=&#8220;#4d4d4d&#8220; header_2_font=&#8220;|300||on|||||&#8220; header_2_text_align=&#8220;center&#8220; header_2_text_color=&#8220;#002949&#8243; header_2_font_size=&#8220;40px&#8220; text_orientation=&#8220;center&#8220; custom_margin=&#8220;20px||||false|false&#8220; custom_padding=&#8220;|50px||50px|false|true&#8220; global_colors_info=&#8220;{}&#8220;]<\/p>\n<p>autarkes, batterieelektrisches Antriebsmodul f\u00fcr LKW-Trailer sowie Fahrzeuganh\u00e4nger<\/p>\n<p>[\/et_pb_text][et_pb_text _builder_version=&#8220;4.27.0&#8243; text_font=&#8220;OpenSansRegular||||||||&#8220; text_text_color=&#8220;#4d4d4d&#8220; ul_font=&#8220;OpenSansRegular||||||||&#8220; ul_text_color=&#8220;#4D4D4D&#8220; custom_margin=&#8220;30px||||false|true&#8220; custom_padding=&#8220;|50px||50px|false|false&#8220; global_colors_info=&#8220;{}&#8220;]<\/p>\n<ul>\n<li>System basiert auf\u00a0CuroCon<em>trol<\/em>\u00aeSRx Fahrzeug-Controller<\/li>\n<li>Erh\u00f6hung der Fahrsicherheit sowie Fahrdynamikregelung<\/li>\n<li>Senkung des Verbrauchs<\/li>\n<li>Konsortium aus f\u00fcnf Forschungsinstituten und Industrieunternehmen mit CuroCon als Konsortialf\u00fchrer<\/li>\n<li>Projektlaufzeit bis Mitte 2025<\/li>\n<\/ul>\n<p>[\/et_pb_text][et_pb_text _builder_version=&#8220;4.16&#8243; _module_preset=&#8220;default&#8220; text_font=&#8220;OpenSansRegular|600|||||||&#8220; text_text_color=&#8220;#4d4d4d&#8220; header_2_font=&#8220;|300||on|||||&#8220; header_2_text_align=&#8220;center&#8220; header_2_text_color=&#8220;#002949&#8243; header_2_font_size=&#8220;40px&#8220; text_orientation=&#8220;center&#8220; custom_margin=&#8220;20px||||false|false&#8220; custom_padding=&#8220;|50px||50px|false|true&#8220; link_option_url=&#8220;https:\/\/curo-con.de\/plan%ce%b2\/&#8220; global_colors_info=&#8220;{}&#8220;]<\/p>\n<p><span style=\"color: #003366;\"><a href=\"https:\/\/www.curocon.de\/?p=2791\" style=\"color: #003366;\">Mehr zum Projekt evTrailer in den <strong>News <\/strong>&gt;&gt;<\/a><\/span><\/p>\n<p><span><\/span><\/p>\n<p>[\/et_pb_text][\/et_pb_column][\/et_pb_row][et_pb_row column_structure=&#8220;1_2,1_2&#8243; use_custom_gutter=&#8220;on&#8220; gutter_width=&#8220;1&#8243; make_equal=&#8220;on&#8220; disabled_on=&#8220;on|on|off&#8220; _builder_version=&#8220;4.16&#8243; _module_preset=&#8220;default&#8220; background_color=&#8220;rgba(77,77,77,0.5)&#8220; width=&#8220;100%&#8220; max_width=&#8220;2500px&#8220; min_height=&#8220;622px&#8220; custom_padding=&#8220;0px||0px|||&#8220; global_colors_info=&#8220;{}&#8220;][et_pb_column type=&#8220;1_2&#8243; _builder_version=&#8220;4.16&#8243; _module_preset=&#8220;default&#8220; background_image=&#8220;https:\/\/www.curocon.de\/wp-content\/uploads\/2021\/03\/CuroCon_Mufubiss_01-scaled.jpg&#8220; custom_padding=&#8220;10%||10%||true|false&#8220; global_colors_info=&#8220;{}&#8220;][\/et_pb_column][et_pb_column type=&#8220;1_2&#8243; _builder_version=&#8220;4.16&#8243; _module_preset=&#8220;default&#8220; custom_padding=&#8220;40px||40px||true|false&#8220; custom_css_main_element=&#8220;margin: auto;&#8220; global_colors_info=&#8220;{}&#8220;][et_pb_text _builder_version=&#8220;4.16&#8243; _module_preset=&#8220;default&#8220; header_2_font=&#8220;OpenSansLight|300|||||||&#8220; header_2_text_align=&#8220;center&#8220; header_2_text_color=&#8220;#ffffff&#8220; header_2_font_size=&#8220;35px&#8220; global_colors_info=&#8220;{}&#8220;]<\/p>\n<h2>MuFuBisS<\/h2>\n<p>[\/et_pb_text][et_pb_text _builder_version=&#8220;4.16&#8243; text_font=&#8220;OpenSansRegular||||||||&#8220; text_text_color=&#8220;#ffffff&#8220; header_2_font=&#8220;|300||on|||||&#8220; header_2_text_align=&#8220;center&#8220; header_2_text_color=&#8220;#002949&#8243; header_2_font_size=&#8220;40px&#8220; text_orientation=&#8220;center&#8220; custom_margin=&#8220;20px||||false|false&#8220; custom_padding=&#8220;|50px||50px|false|true&#8220; global_colors_info=&#8220;{}&#8220;]<\/p>\n<p><strong>Mu<\/strong>lti<strong>fu<\/strong>nktionale <strong>B<\/strong>auelemente m<strong>i<\/strong>t <strong>s<\/strong>chaltbarer Wandisolation und <strong>S<\/strong>peicher<\/p>\n<p>[\/et_pb_text][et_pb_text _builder_version=&#8220;4.16&#8243; _module_preset=&#8220;default&#8220; text_font=&#8220;OpenSansRegular||||||||&#8220; text_text_color=&#8220;#4d4d4d&#8220; ul_font=&#8220;OpenSansRegular||||||||&#8220; ul_text_color=&#8220;#ffffff&#8220; custom_margin=&#8220;30px||||false|true&#8220; custom_padding=&#8220;|50px||50px|false|false&#8220; global_colors_info=&#8220;{}&#8220;]<\/p>\n<ul>\n<li>multifunktionales Geb\u00e4ude-Bauelement mit regelbarer W\u00e4rmed\u00e4mmung (GVI\u00ae)<\/li>\n<li>intelligentes Energiemanagement mittels multifunktionaler Bauelemente<\/li>\n<li>ganzheitliche Cloud-basierte Geb\u00e4ude-\/Energieautomation<\/li>\n<li>Einbindung des Bauelementes in eine Smart-Home\/Smart-Grid-Umgebung<\/li>\n<li>Last- und Energiemanagement quartier\u00fcbergreifend<\/li>\n<li>dadurch Verbesserung der Energieeffizienz eines Geb\u00e4udes<\/li>\n<li>Konsortium mit K\u00f6nig Metall als Konsortialf\u00fchrer in Kooperation mit der TU Kaiserslautern<\/li>\n<li>Projekt erfolgreich abgeschlossen<\/li>\n<\/ul>\n<p>[\/et_pb_text][et_pb_text _builder_version=&#8220;4.16&#8243; _module_preset=&#8220;default&#8220; text_font=&#8220;OpenSansRegular|600|||||||&#8220; text_text_color=&#8220;#4d4d4d&#8220; header_2_font=&#8220;|300||on|||||&#8220; header_2_text_align=&#8220;center&#8220; header_2_text_color=&#8220;#002949&#8243; header_2_font_size=&#8220;40px&#8220; text_orientation=&#8220;center&#8220; custom_margin=&#8220;20px||||false|false&#8220; custom_padding=&#8220;|50px||50px|false|true&#8220; link_option_url=&#8220;https:\/\/curo-con.de\/mufubiss\/&#8220; locked=&#8220;off&#8220; global_colors_info=&#8220;{}&#8220;]<\/p>\n<p><span style=\"color: #ffffff;\"><a href=\"https:\/\/www.curocon.de\/?p=2676\" style=\"color: #ffffff;\">Mehr zum Projekt MuFuBisS in den <strong>News <\/strong>&gt;&gt;<\/a><\/span><\/p>\n<p>[\/et_pb_text][\/et_pb_column][\/et_pb_row][et_pb_row column_structure=&#8220;1_2,1_2&#8243; use_custom_gutter=&#8220;on&#8220; gutter_width=&#8220;1&#8243; make_equal=&#8220;on&#8220; disabled_on=&#8220;off|off|on&#8220; _builder_version=&#8220;4.16&#8243; _module_preset=&#8220;default&#8220; background_color=&#8220;rgba(77,77,77,0.5)&#8220; width=&#8220;100%&#8220; max_width=&#8220;2500px&#8220; min_height=&#8220;622px&#8220; custom_padding=&#8220;0px||0px|||&#8220; global_colors_info=&#8220;{}&#8220;][et_pb_column type=&#8220;1_2&#8243; _builder_version=&#8220;4.16&#8243; _module_preset=&#8220;default&#8220; background_image=&#8220;https:\/\/www.curocon.de\/wp-content\/uploads\/2021\/03\/CuroCon_Mufubiss_01-scaled.jpg&#8220; custom_padding=&#8220;100px||100px||true|false&#8220; global_colors_info=&#8220;{}&#8220;][\/et_pb_column][et_pb_column type=&#8220;1_2&#8243; _builder_version=&#8220;4.16&#8243; _module_preset=&#8220;default&#8220; custom_padding=&#8220;20px||20px||true|false&#8220; custom_css_main_element=&#8220;margin: auto;&#8220; global_colors_info=&#8220;{}&#8220;][et_pb_text _builder_version=&#8220;4.16&#8243; _module_preset=&#8220;default&#8220; header_2_font=&#8220;OpenSansLight|300|||||||&#8220; header_2_text_align=&#8220;center&#8220; header_2_text_color=&#8220;#ffffff&#8220; header_2_font_size=&#8220;35px&#8220; global_colors_info=&#8220;{}&#8220;]<\/p>\n<h2>MuFuBisS<\/h2>\n<p>[\/et_pb_text][et_pb_text _builder_version=&#8220;4.16&#8243; text_font=&#8220;OpenSansRegular||||||||&#8220; text_text_color=&#8220;#ffffff&#8220; header_2_font=&#8220;|300||on|||||&#8220; header_2_text_align=&#8220;center&#8220; header_2_text_color=&#8220;#002949&#8243; header_2_font_size=&#8220;40px&#8220; text_orientation=&#8220;center&#8220; custom_margin=&#8220;20px||||false|false&#8220; custom_padding=&#8220;|50px||50px|false|true&#8220; global_colors_info=&#8220;{}&#8220;]<\/p>\n<p><strong>Mu<\/strong>lti<strong>fu<\/strong>nktionale <strong>B<\/strong>auelemente m<strong>i<\/strong>t <strong>s<\/strong>chaltbarer Wandisolation und <strong>S<\/strong>peicher<\/p>\n<p>[\/et_pb_text][et_pb_text _builder_version=&#8220;4.16&#8243; _module_preset=&#8220;default&#8220; text_font=&#8220;OpenSansRegular||||||||&#8220; text_text_color=&#8220;#4d4d4d&#8220; ul_font=&#8220;OpenSansRegular||||||||&#8220; ul_text_color=&#8220;#ffffff&#8220; custom_margin=&#8220;30px||||false|true&#8220; custom_padding=&#8220;|50px||50px|false|false&#8220; global_colors_info=&#8220;{}&#8220;]<\/p>\n<ul>\n<li>multifunktionales Geb\u00e4ude-Bauelement mit regelbarer W\u00e4rmed\u00e4mmung (GVI\u00ae)<\/li>\n<li>intelligentes Energiemanagement mittels multifunktionaler Bauelemente<\/li>\n<li>ganzheitliche Cloud-basierte Geb\u00e4ude-\/Energieautomation<\/li>\n<li>Einbindung des Bauelementes in eine Smart-Home\/Smart-Grid-Umgebung<\/li>\n<li>Last- und Energiemanagement quartier\u00fcbergreifend<\/li>\n<li>dadurch Verbesserung der Energieeffizienz eines Geb\u00e4udes<\/li>\n<li>Konsortium mit K\u00f6nig Metall als Konsortialf\u00fchrer in Kooperation mit der TU Kaiserslautern<\/li>\n<li>Projekt erfolgreich abgeschlossen<\/li>\n<\/ul>\n<p>[\/et_pb_text][et_pb_text _builder_version=&#8220;4.16&#8243; _module_preset=&#8220;default&#8220; text_font=&#8220;OpenSansRegular|600|||||||&#8220; text_text_color=&#8220;#4d4d4d&#8220; header_2_font=&#8220;|300||on|||||&#8220; header_2_text_align=&#8220;center&#8220; header_2_text_color=&#8220;#002949&#8243; header_2_font_size=&#8220;40px&#8220; text_orientation=&#8220;center&#8220; custom_margin=&#8220;20px||||false|false&#8220; custom_padding=&#8220;|50px||50px|false|true&#8220; link_option_url=&#8220;https:\/\/curo-con.de\/mufubiss\/&#8220; locked=&#8220;off&#8220; global_colors_info=&#8220;{}&#8220;]<\/p>\n<p><span style=\"color: #ffffff;\"><a href=\"https:\/\/www.curocon.de\/?p=2676\" style=\"color: #ffffff;\">Mehr zum Projekt MuFuBisS in den <strong>News <\/strong>&gt;&gt;<\/a><\/span><\/p>\n<p>[\/et_pb_text][\/et_pb_column][\/et_pb_row][et_pb_row column_structure=&#8220;1_2,1_2&#8243; use_custom_gutter=&#8220;on&#8220; gutter_width=&#8220;1&#8243; make_equal=&#8220;on&#8220; disabled_on=&#8220;on|on|off&#8220; _builder_version=&#8220;4.16&#8243; _module_preset=&#8220;default&#8220; background_color=&#8220;#fbfbfb&#8220; width=&#8220;100%&#8220; max_width=&#8220;2500px&#8220; min_height=&#8220;640px&#8220; custom_padding=&#8220;0px||0px|||&#8220; global_colors_info=&#8220;{}&#8220;][et_pb_column type=&#8220;1_2&#8243; _builder_version=&#8220;4.16&#8243; _module_preset=&#8220;default&#8220; custom_padding=&#8220;40px||40px||true|false&#8220; custom_css_main_element=&#8220;margin: auto;&#8220; global_colors_info=&#8220;{}&#8220;][et_pb_text _builder_version=&#8220;4.16&#8243; _module_preset=&#8220;default&#8220; header_2_font=&#8220;OpenSansLight|300|||||||&#8220; header_2_text_align=&#8220;center&#8220; header_2_text_color=&#8220;#002949&#8243; header_2_font_size=&#8220;35px&#8220; global_colors_info=&#8220;{}&#8220;]<\/p>\n<h2>Plan\u03b2 (PlanBeta)<\/h2>\n<p>[\/et_pb_text][et_pb_text _builder_version=&#8220;4.27.0&#8243; text_font=&#8220;OpenSansRegular|600|||||||&#8220; text_text_color=&#8220;#4d4d4d&#8220; header_2_font=&#8220;|300||on|||||&#8220; header_2_text_align=&#8220;center&#8220; header_2_text_color=&#8220;#002949&#8243; header_2_font_size=&#8220;40px&#8220; text_orientation=&#8220;center&#8220; custom_margin=&#8220;20px||||false|false&#8220; custom_padding=&#8220;|50px||50px|false|true&#8220; global_colors_info=&#8220;{}&#8220;]<\/p>\n<p>Batterie-Management-System f\u00fcr Station\u00e4re, autarke Batterie-\/Energiespeicher<\/p>\n<p>[\/et_pb_text][et_pb_text _builder_version=&#8220;4.16&#8243; text_font=&#8220;OpenSansRegular||||||||&#8220; text_text_color=&#8220;#4d4d4d&#8220; ul_font=&#8220;OpenSansRegular||||||||&#8220; ul_text_color=&#8220;#4D4D4D&#8220; custom_margin=&#8220;30px||||false|true&#8220; custom_padding=&#8220;|50px||50px|false|false&#8220; global_colors_info=&#8220;{}&#8220;]<\/p>\n<ul>\n<li>Aufbau eines autarken, station\u00e4ren Batterie- bzw. Energiespeichers mit hoher Leistungs- und Energiedichte<\/li>\n<li>f\u00fcr Ladestationen oder gro\u00dfe Ladesysteme<\/li>\n<li>Grundlage sind Hochenergie Na\/NiCl<sub>2<\/sub>-Batterien<\/li>\n<li>sicherer station\u00e4rer Betrieb u.a. durch Verhinderung der Entgasung oder O<sub>2<\/sub>-Bildung<\/li>\n<li><strong>Batterie-Management-System BMS<\/strong> basierend auf CuroCon<em>trol<\/em>\u00aeSRx<\/li>\n<li>Konsortium aus vier Forschungsinstituten mit K\u00f6nig Metall als Konsortialf\u00fchrer<\/li>\n<li>Projekt erfolgreich abgeschlossen<\/li>\n<\/ul>\n<p>[\/et_pb_text][et_pb_text _builder_version=&#8220;4.16&#8243; _module_preset=&#8220;default&#8220; text_font=&#8220;OpenSansRegular|600|||||||&#8220; text_text_color=&#8220;#4d4d4d&#8220; header_2_font=&#8220;|300||on|||||&#8220; header_2_text_align=&#8220;center&#8220; header_2_text_color=&#8220;#002949&#8243; header_2_font_size=&#8220;40px&#8220; text_orientation=&#8220;center&#8220; custom_margin=&#8220;20px||||false|false&#8220; custom_padding=&#8220;|50px||50px|false|true&#8220; link_option_url=&#8220;https:\/\/curo-con.de\/plan%ce%b2\/&#8220; global_colors_info=&#8220;{}&#8220;]<\/p>\n<p><span style=\"color: #003366;\"><a href=\"https:\/\/www.curocon.de\/?p=2659\" style=\"color: #003366;\">Mehr zum Projekt Plan\u03b2 in den <strong>News <\/strong>&gt;&gt;<\/a><\/span><\/p>\n<p><span><\/span><\/p>\n<p>[\/et_pb_text][\/et_pb_column][et_pb_column type=&#8220;1_2&#8243; _builder_version=&#8220;4.16&#8243; _module_preset=&#8220;default&#8220; background_image=&#8220;https:\/\/www.curocon.de\/wp-content\/uploads\/2021\/03\/CuroCon_PlanBeta_01-scaled.jpg&#8220; custom_padding=&#8220;10%||10%||true|false&#8220; global_colors_info=&#8220;{}&#8220;][\/et_pb_column][\/et_pb_row][et_pb_row column_structure=&#8220;1_2,1_2&#8243; use_custom_gutter=&#8220;on&#8220; gutter_width=&#8220;1&#8243; make_equal=&#8220;on&#8220; disabled_on=&#8220;off|off|on&#8220; _builder_version=&#8220;4.16&#8243; _module_preset=&#8220;default&#8220; background_color=&#8220;#fbfbfb&#8220; width=&#8220;100%&#8220; max_width=&#8220;2500px&#8220; min_height=&#8220;640px&#8220; custom_padding=&#8220;0px||0px|||&#8220; global_colors_info=&#8220;{}&#8220;][et_pb_column type=&#8220;1_2&#8243; _builder_version=&#8220;4.16&#8243; _module_preset=&#8220;default&#8220; background_image=&#8220;https:\/\/www.curocon.de\/wp-content\/uploads\/2021\/03\/CuroCon_PlanBeta_01-scaled.jpg&#8220; custom_padding=&#8220;100px||100px||true|false&#8220; global_colors_info=&#8220;{}&#8220;][\/et_pb_column][et_pb_column type=&#8220;1_2&#8243; _builder_version=&#8220;4.16&#8243; _module_preset=&#8220;default&#8220; custom_padding=&#8220;20px||20px||true|false&#8220; custom_css_main_element=&#8220;margin: auto;&#8220; global_colors_info=&#8220;{}&#8220;][et_pb_text _builder_version=&#8220;4.16&#8243; _module_preset=&#8220;default&#8220; header_2_font=&#8220;OpenSansLight|300|||||||&#8220; header_2_text_align=&#8220;center&#8220; header_2_text_color=&#8220;#002949&#8243; header_2_font_size=&#8220;35px&#8220; global_colors_info=&#8220;{}&#8220;]<\/p>\n<h2>Plan\u03b2 (PlanBeta)<\/h2>\n<p>[\/et_pb_text][et_pb_text _builder_version=&#8220;4.27.0&#8243; text_font=&#8220;OpenSansRegular|600|||||||&#8220; text_text_color=&#8220;#4d4d4d&#8220; header_2_font=&#8220;|300||on|||||&#8220; header_2_text_align=&#8220;center&#8220; header_2_text_color=&#8220;#002949&#8243; header_2_font_size=&#8220;40px&#8220; text_orientation=&#8220;center&#8220; custom_margin=&#8220;20px||||false|false&#8220; custom_padding=&#8220;|50px||50px|false|true&#8220; global_colors_info=&#8220;{}&#8220;]<\/p>\n<p>Batterie-Management-System f\u00fcr Station\u00e4re, autarke Batterie-\/Energiespeicher<\/p>\n<p>[\/et_pb_text][et_pb_text _builder_version=&#8220;4.16&#8243; text_font=&#8220;OpenSansRegular||||||||&#8220; text_text_color=&#8220;#4d4d4d&#8220; ul_font=&#8220;OpenSansRegular||||||||&#8220; ul_text_color=&#8220;#4D4D4D&#8220; custom_margin=&#8220;30px||||false|true&#8220; custom_padding=&#8220;|50px||50px|false|false&#8220; global_colors_info=&#8220;{}&#8220;]<\/p>\n<ul>\n<li>Aufbau eines autarken, station\u00e4ren Batterie- bzw. Energiespeichers mit hoher Leistungs- und Energiedichte<\/li>\n<li>f\u00fcr Ladestationen oder gro\u00dfe Ladesysteme<\/li>\n<li>Grundlage sind Hochenergie Na\/NiCl<sub>2<\/sub>-Batterien<\/li>\n<li>sicherer station\u00e4rer Betrieb u.a. durch Verhinderung der Entgasung oder O<sub>2<\/sub>-Bildung<\/li>\n<li><strong>Batterie-Management-System BMS<\/strong> basierend auf CuroCon<em>trol<\/em>\u00aeSRx<\/li>\n<li>Konsortium aus vier Forschungsinstituten mit K\u00f6nig Metall als Konsortialf\u00fchrer<\/li>\n<li>Projekt erfolgreich abgeschlossen<\/li>\n<\/ul>\n<p>[\/et_pb_text][et_pb_text _builder_version=&#8220;4.16&#8243; _module_preset=&#8220;default&#8220; text_font=&#8220;OpenSansRegular|600|||||||&#8220; text_text_color=&#8220;#4d4d4d&#8220; header_2_font=&#8220;|300||on|||||&#8220; header_2_text_align=&#8220;center&#8220; header_2_text_color=&#8220;#002949&#8243; header_2_font_size=&#8220;40px&#8220; text_orientation=&#8220;center&#8220; custom_margin=&#8220;20px||||false|false&#8220; custom_padding=&#8220;|50px||50px|false|true&#8220; link_option_url=&#8220;https:\/\/curo-con.de\/plan%ce%b2\/&#8220; global_colors_info=&#8220;{}&#8220;]<\/p>\n<p><span style=\"color: #003366;\"><a href=\"https:\/\/www.curocon.de\/?p=2659\" style=\"color: #003366;\">Mehr zum Projekt Plan\u03b2 in den <strong>News <\/strong>&gt;&gt;<\/a><\/span><\/p>\n<p><span><\/span><\/p>\n<p>[\/et_pb_text][\/et_pb_column][\/et_pb_row][\/et_pb_section][et_pb_section fb_built=&#8220;1&#8243; custom_padding_last_edited=&#8220;on|desktop&#8220; admin_label=&#8220;CTA Section&#8220; _builder_version=&#8220;4.16&#8243; background_color=&#8220;#002949&#8243; max_width=&#8220;3500px&#8220; module_alignment=&#8220;center&#8220; custom_margin=&#8220;0px|||||&#8220; custom_padding=&#8220;4px||4px||true|false&#8220; custom_padding_tablet=&#8220;&#8220; custom_padding_phone=&#8220;30px||30px||true|false&#8220; locked=&#8220;off&#8220; global_colors_info=&#8220;{}&#8220;][et_pb_row custom_padding_last_edited=&#8220;on|tablet&#8220; _builder_version=&#8220;4.16&#8243; use_background_color_gradient=&#8220;on&#8220; background_color_gradient_direction=&#8220;35deg&#8220; background_color_gradient_stops=&#8220;#002949 0%|#002949 100%&#8220; background_color_gradient_start=&#8220;#002949&#8243; background_color_gradient_end=&#8220;#002949&#8243; max_width=&#8220;3500px&#8220; module_alignment=&#8220;center&#8220; custom_margin=&#8220;-3px|auto|-4px|auto||&#8220; custom_margin_last_edited=&#8220;off|desktop&#8220; custom_padding=&#8220;31px|5%|31px|5%|true|true&#8220; custom_padding_tablet=&#8220;|40px||40px||true&#8220; custom_padding_phone=&#8220;&#8220; animation_style=&#8220;fold&#8220; animation_direction=&#8220;left&#8220; animation_duration=&#8220;1500ms&#8220; animation_intensity_fold=&#8220;10%&#8220; animation_starting_opacity=&#8220;100%&#8220; use_custom_width=&#8220;on&#8220; width_unit=&#8220;off&#8220; custom_width_percent=&#8220;100%&#8220; global_colors_info=&#8220;{}&#8220;][et_pb_column type=&#8220;4_4&#8243; _builder_version=&#8220;4.16&#8243; custom_padding=&#8220;|||&#8220; global_colors_info=&#8220;{}&#8220; custom_padding__hover=&#8220;|||&#8220;][et_pb_text _builder_version=&#8220;4.16&#8243; header_2_font=&#8220;OpenSansLight|300||on|||||&#8220; header_2_text_align=&#8220;center&#8220; header_2_text_color=&#8220;#ffffff&#8220; header_2_font_size=&#8220;35px&#8220; header_3_line_height=&#8220;1.3em&#8220; header_5_line_height=&#8220;1.3em&#8220; custom_margin=&#8220;||21px|||&#8220; header_2_font_size_tablet=&#8220;&#8220; header_2_font_size_phone=&#8220;22px&#8220; header_2_font_size_last_edited=&#8220;on|phone&#8220; global_colors_info=&#8220;{}&#8220;]<\/p>\n<h3 style=\"text-align: center;\"><span style=\"color: #ffffff;\">Wir freuen uns auf Ihre pers\u00f6nliche Kontaktaufnahme.<\/span><\/h3>\n<h5 style=\"text-align: center;\"><span style=\"color: #ffffff;\">Gerne beraten wir Sie bedarfsgerecht und auf Ihre individuellen Bed\u00fcrfnisse abgestimmt.<\/span><\/h5>\n<p>[\/et_pb_text][et_pb_button button_url=&#8220;https:\/\/curocon.de\/kontakt\/&#8220; button_text=&#8220;Kontakt&#8220; button_alignment=&#8220;center&#8220; _builder_version=&#8220;4.16&#8243; _module_preset=&#8220;default&#8220; custom_button=&#8220;on&#8220; button_text_size=&#8220;15px&#8220; button_text_color=&#8220;#ffffff&#8220; button_border_width=&#8220;1px&#8220; button_font=&#8220;|||on|||||&#8220; custom_margin=&#8220;3px|||||&#8220; global_colors_info=&#8220;{}&#8220;][\/et_pb_button][\/et_pb_column][\/et_pb_row][\/et_pb_section][et_pb_section fb_built=&#8220;1&#8243; _builder_version=&#8220;4.16&#8243; _module_preset=&#8220;default&#8220; custom_padding=&#8220;0px||0px|||&#8220; global_colors_info=&#8220;{}&#8220;][et_pb_row _builder_version=&#8220;4.16&#8243; width_tablet=&#8220;&#8220; width_phone=&#8220;100%&#8220; width_last_edited=&#8220;on|phone&#8220; custom_margin=&#8220;40px|auto|40px|auto|true|false&#8220; global_colors_info=&#8220;{}&#8220;][et_pb_column type=&#8220;4_4&#8243; _builder_version=&#8220;4.16&#8243; global_colors_info=&#8220;{}&#8220;][et_pb_text _builder_version=&#8220;4.16&#8243; text_font=&#8220;OpenSansRegular||||||||&#8220; text_text_color=&#8220;#4d4d4d&#8220; text_font_size=&#8220;20px&#8220; text_orientation=&#8220;center&#8220; global_colors_info=&#8220;{}&#8220;]<\/p>\n<p>Sie m\u00f6chten mehr \u00fcber unsere Produkte erfahren? Im Bereich <strong><span style=\"color: #003366;\"><a href=\"https:\/\/www.curocon.de\/downloads\" style=\"color: #003366;\">Unsere Downloads &gt;&gt;<\/a><\/span> <\/strong>werden Sie f\u00fcndig.<\/p>\n<p>[\/et_pb_text][\/et_pb_column][\/et_pb_row][\/et_pb_section]<\/p>\n","protected":false},"excerpt":{"rendered":"<p>UNSERE PRODUKTE UND DIENSTLEISTUNGENDie CuroCon ist auf Produkte und Dienstleistungen in der Automation f\u00fcr industrielle und gewerbliche Anwendungen und Anforderungen spezialisiert. Dabei werden die Bereiche station\u00e4re Automatisierung im Pr\u00fcfstands- und Anlagenbau, mobile Automatisierung f\u00fcr Elektromobilit\u00e4t und Elektrifizierung von Nutz- und Kommunalfahrzeugen, energetische Automatisierung in Energie-\/Ladetechnik mit integriertem Last-\/Energiemanagement sowie Forschung und Entwicklung f\u00fcr Ausbau und [&hellip;]<\/p>\n","protected":false},"author":4,"featured_media":0,"parent":0,"menu_order":0,"comment_status":"closed","ping_status":"closed","template":"","meta":{"_et_pb_use_builder":"on","_et_pb_old_content":"<!-- wp:divi\/placeholder \/-->","_et_gb_content_width":"","footnotes":""},"class_list":["post-14","page","type-page","status-publish","hentry"],"_links":{"self":[{"href":"https:\/\/www.curocon.de\/en\/wp-json\/wp\/v2\/pages\/14","targetHints":{"allow":["GET"]}}],"collection":[{"href":"https:\/\/www.curocon.de\/en\/wp-json\/wp\/v2\/pages"}],"about":[{"href":"https:\/\/www.curocon.de\/en\/wp-json\/wp\/v2\/types\/page"}],"author":[{"embeddable":true,"href":"https:\/\/www.curocon.de\/en\/wp-json\/wp\/v2\/users\/4"}],"replies":[{"embeddable":true,"href":"https:\/\/www.curocon.de\/en\/wp-json\/wp\/v2\/comments?post=14"}],"version-history":[{"count":220,"href":"https:\/\/www.curocon.de\/en\/wp-json\/wp\/v2\/pages\/14\/revisions"}],"predecessor-version":[{"id":6146,"href":"https:\/\/www.curocon.de\/en\/wp-json\/wp\/v2\/pages\/14\/revisions\/6146"}],"wp:attachment":[{"href":"https:\/\/www.curocon.de\/en\/wp-json\/wp\/v2\/media?parent=14"}],"curies":[{"name":"wp","href":"https:\/\/api.w.org\/{rel}","templated":true}]}}